{"id":1799,"date":"2025-12-12T09:44:22","date_gmt":"2025-12-12T07:44:22","guid":{"rendered":"https:\/\/xnet.cromamedia.com\/simona-levi\/"},"modified":"2026-02-02T15:51:05","modified_gmt":"2026-02-02T13:51:05","slug":"simona-levi","status":"publish","type":"page","link":"https:\/\/xnet-x.net\/en\/simona-levi\/","title":{"rendered":"Simona Levi"},"content":{"rendered":"<p><div class=\"fusion-fullwidth fullwidth-box fusion-builder-row-1 fusion-flex-container has-pattern-background has-mask-background nonhundred-percent-fullwidth non-hundred-percent-height-scrolling\" style=\"--awb-border-radius-top-left:0px;--awb-border-radius-top-right:0px;--awb-border-radius-bottom-right:0px;--awb-border-radius-bottom-left:0px;--awb-padding-top:20px;--awb-padding-bottom:20px;--awb-background-color:var(--awb-custom_color_1);--awb-flex-wrap:wrap;\" ><div class=\"fusion-builder-row fusion-row fusion-flex-align-items-flex-start fusion-flex-justify-content-center fusion-flex-content-wrap\" style=\"max-width:1248px;margin-left: calc(-4% \/ 2 );margin-right: calc(-4% \/ 2 );\"><div class=\"fusion-layout-column fusion_builder_column fusion-builder-column-0 fusion_builder_column_3_4 3_4 fusion-flex-column\" style=\"--awb-bg-size:cover;--awb-width-large:75%;--awb-margin-top-large:0px;--awb-spacing-right-large:2.56%;--awb-margin-bottom-large:20px;--awb-spacing-left-large:2.56%;--awb-width-medium:75%;--awb-order-medium:0;--awb-spacing-right-medium:2.56%;--awb-spacing-left-medium:2.56%;--awb-width-small:100%;--awb-order-small:0;--awb-spacing-right-small:1.92%;--awb-spacing-left-small:1.92%;\"><div class=\"fusion-column-wrapper fusion-column-has-shadow fusion-flex-justify-content-flex-start fusion-content-layout-column\"><div class=\"fusion-separator fusion-full-width-sep\" style=\"align-self: center;margin-left: auto;margin-right: auto;width:100%;\"><div class=\"fusion-separator-border sep-single sep-solid\" style=\"--awb-height:20px;--awb-amount:20px;--awb-sep-color:var(--awb-color4);border-color:var(--awb-color4);border-top-width:15px;\"><\/div><\/div><div class=\"fusion-image-element \" style=\"text-align:center;--awb-caption-title-font-family:var(--h2_typography-font-family);--awb-caption-title-font-weight:var(--h2_typography-font-weight);--awb-caption-title-font-style:var(--h2_typography-font-style);--awb-caption-title-size:var(--h2_typography-font-size);--awb-caption-title-transform:var(--h2_typography-text-transform);--awb-caption-title-line-height:var(--h2_typography-line-height);--awb-caption-title-letter-spacing:var(--h2_typography-letter-spacing);\"><span class=\" fusion-imageframe imageframe-none imageframe-1 hover-type-none\"><img decoding=\"async\" width=\"1600\" height=\"800\" title=\"simona-levi-activista\" src=\"https:\/\/xnet-x.net\/wp-content\/uploads\/2025\/12\/simona-levi-activista.jpg\" alt class=\"img-responsive wp-image-1461\" srcset=\"https:\/\/xnet-x.net\/wp-content\/uploads\/2025\/12\/simona-levi-activista-200x100.jpg 200w, https:\/\/xnet-x.net\/wp-content\/uploads\/2025\/12\/simona-levi-activista-400x200.jpg 400w, https:\/\/xnet-x.net\/wp-content\/uploads\/2025\/12\/simona-levi-activista-600x300.jpg 600w, https:\/\/xnet-x.net\/wp-content\/uploads\/2025\/12\/simona-levi-activista-800x400.jpg 800w, https:\/\/xnet-x.net\/wp-content\/uploads\/2025\/12\/simona-levi-activista-1200x600.jpg 1200w, https:\/\/xnet-x.net\/wp-content\/uploads\/2025\/12\/simona-levi-activista.jpg 1600w\" sizes=\"(max-width: 640px) 100vw, 1200px\" \/><\/span><\/div><div class=\"fusion-text fusion-text-1 fusion-text-no-margin\" style=\"--awb-text-transform:uppercase;--awb-text-color:var(--awb-color4);--awb-margin-top:20px;--awb-margin-bottom:0px;\"><p>Simona Levi (Founder) | Advocacy<\/p>\n<\/div><div class=\"fusion-text fusion-text-2 fusion-text-no-margin\" style=\"--awb-font-size:32px;--awb-line-height:1.3em;--awb-margin-top:0px;--awb-margin-bottom:0px;--awb-text-font-family:&quot;Inter&quot;;--awb-text-font-style:normal;--awb-text-font-weight:700;\"><p>Theatre director, playwright, technopolitical strategist, independent consultant, and activist<\/p>\n<\/div><\/div><\/div><\/div><\/div><div id=\"presentacion\" class=\"fusion-container-anchor\"><div class=\"fusion-fullwidth fullwidth-box fusion-builder-row-2 fusion-flex-container has-pattern-background has-mask-background nonhundred-percent-fullwidth non-hundred-percent-height-scrolling\" style=\"--awb-border-radius-top-left:0px;--awb-border-radius-top-right:0px;--awb-border-radius-bottom-right:0px;--awb-border-radius-bottom-left:0px;--awb-padding-top:30px;--awb-padding-bottom:0px;--awb-flex-wrap:wrap;\" ><div class=\"fusion-builder-row fusion-row fusion-flex-align-items-flex-start fusion-flex-justify-content-center fusion-flex-content-wrap\" style=\"max-width:1248px;margin-left: calc(-4% \/ 2 );margin-right: calc(-4% \/ 2 );\"><div class=\"fusion-layout-column fusion_builder_column fusion-builder-column-1 fusion_builder_column_3_4 3_4 fusion-flex-column\" style=\"--awb-bg-size:cover;--awb-width-large:75%;--awb-margin-top-large:0px;--awb-spacing-right-large:2.56%;--awb-margin-bottom-large:0px;--awb-spacing-left-large:2.56%;--awb-width-medium:75%;--awb-order-medium:0;--awb-spacing-right-medium:2.56%;--awb-spacing-left-medium:2.56%;--awb-width-small:100%;--awb-order-small:0;--awb-spacing-right-small:1.92%;--awb-spacing-left-small:1.92%;\" data-scroll-devices=\"small-visibility,medium-visibility,large-visibility\"><div class=\"fusion-column-wrapper fusion-column-has-shadow fusion-flex-justify-content-flex-start fusion-content-layout-column\"><div class=\"fusion-text fusion-text-3 fusion-text-no-margin\" style=\"--awb-line-height:1.3em;--awb-margin-top:20px;--awb-margin-bottom:0px;\"><p>Theatre director, playwright, technopolitical strategist, independent consultant, and activist, in 2017 Rolling Stone magazine selected Simona Levi as one of the 25 people in the world shaping the future.<\/p>\n<p>In 2021, David Fern\u00e1ndez de Castro and Bettina Walter produced the documentary L\u2019excletxa about her work in the field of democratic and digital rights, broadcast by Catalan public television as part of the Sense Ficci\u00f3 series.<\/p>\n<p>Since 2018, she has designed and co-directed the Postgraduate Course in Technopolitics and Rights in the Digital Age, first at Universitat Pompeu Fabra and later at the University of Barcelona.<\/p>\n<p>As an activist, in recent years she has focused on renewing democracy in the digital age and on free culture, as well as on the strategic use of digital tools for organisation, communication, democratic action, and the fight against state corruption.<\/p>\n<p>She is and has been a media commentator and advisor to countless civic organisations and institutions, such as the Working Group on European Digital Sovereignty and Common Digital Tools and Infrastructures of the Directorate-General for Strategic Planning of the Ministry for Digital Transformation of the Government of Spain; the <a href=\"https:\/\/www.lamoncloa.gob.es\/presidente\/actividades\/Documents\/2021\/140721-Carta_Derechos_Digitales_RedEs.pdf\" target=\"_blank\" rel=\"noopener\">Spanish Government\u2019s Secretariat of State for Digitalisation and Artificial Intelligence<\/a>; the <a href=\"http:\/\/web.archive.org\/web\/20220807221910\/https:\/\/politiquesdigitals.gencat.cat\/ca\/ciutadania\/drets-responsabilitats\/participacio\/#grup-coordinador\" target=\"_blank\" rel=\"noopener\">Directorate for Digital Society and the Directorate-General for Digital Administration of the Government of Catalonia<\/a> (in both institutions she was a member of the advisory group for drafting the Charter of Digital Rights); the Department of Justice of the Government of Catalonia on the Whistleblower Protection Law; the <a href=\"https:\/\/planderechosculturales.cultura.gob.es\/dam\/jcr:6724d89c-cb41-49d8-bb15-15dbb7c268f9\/dgdc-esp.pdf\" target=\"_blank\" rel=\"noopener\">Cultural Rights Plan of the Ministry of Culture<\/a>; Bithabitat \u2013 <a href=\"http:\/\/web.archive.org\/web\/20230116121500\/https:\/\/ajuntament.barcelona.cat\/digital\/sites\/default\/files\/compromis_per_limpuls_de_la_innovacio_a_barcelona.pdf\" target=\"_blank\" rel=\"noopener\">Urban Innovation Platform of Barcelona City Council<\/a>; the <a href=\"https:\/\/i2cat.net\/\" target=\"_blank\" rel=\"noopener\">i2CAT Foundation\u2019s Internet and Digital Innovation Research Centre<\/a>; the Human Rights Advisory Council of the Government of Catalonia; and the <a href=\"https:\/\/eapc.gencat.cat\/ca\/publicacions\/epum\/editorial-board\/\" target=\"_blank\" rel=\"noopener\">European Public Mosaic \u2013 Open Journal on Public Service<\/a> of the School of Public Administration of Catalonia, on issues within her fields of action such as digital rights and the renewal of democracy in the current era; free culture; freedom of expression; the fight against systemic disinformation; and the strategic use of digital tools for organisation, communication, democratic action, and the fight against abuses of state power.<\/p>\n<p>She has also made numerous parliamentary appearances at national and international level, including the Ministerial Forum for Creative Europe during the Czech Presidency of the European Union in 2009; an appearance before the Culture Committee of the Spanish Congress of Deputies in 2010; and before the Anti-Corruption Committee (2016) and the Transparency Committee (2019) of the Parliament of Catalonia.<\/p>\n<\/div><\/div><\/div><\/div><\/div><\/div><div id=\"presentacion\" class=\"fusion-container-anchor\"><div class=\"fusion-fullwidth fullwidth-box fusion-builder-row-3 fusion-flex-container has-pattern-background has-mask-background nonhundred-percent-fullwidth non-hundred-percent-height-scrolling\" style=\"--awb-border-radius-top-left:0px;--awb-border-radius-top-right:0px;--awb-border-radius-bottom-right:0px;--awb-border-radius-bottom-left:0px;--awb-padding-top:30px;--awb-padding-bottom:0px;--awb-flex-wrap:wrap;\" ><div class=\"fusion-builder-row fusion-row fusion-flex-align-items-flex-start fusion-flex-justify-content-center fusion-flex-content-wrap\" style=\"max-width:1248px;margin-left: calc(-4% \/ 2 );margin-right: calc(-4% \/ 2 );\"><div class=\"fusion-layout-column fusion_builder_column fusion-builder-column-2 fusion_builder_column_3_4 3_4 fusion-flex-column\" style=\"--awb-bg-size:cover;--awb-width-large:75%;--awb-margin-top-large:0px;--awb-spacing-right-large:2.56%;--awb-margin-bottom-large:0px;--awb-spacing-left-large:2.56%;--awb-width-medium:75%;--awb-order-medium:0;--awb-spacing-right-medium:2.56%;--awb-spacing-left-medium:2.56%;--awb-width-small:100%;--awb-order-small:0;--awb-spacing-right-small:1.92%;--awb-spacing-left-small:1.92%;\" data-scroll-devices=\"small-visibility,medium-visibility,large-visibility\"><div class=\"fusion-column-wrapper fusion-column-has-shadow fusion-flex-justify-content-flex-start fusion-content-layout-column\"><div class=\"fusion-text fusion-text-4 fusion-text-no-margin\" style=\"--awb-font-size:20px;--awb-line-height:1.3em;--awb-margin-top:20px;--awb-margin-bottom:0px;--awb-text-font-family:&quot;Inter&quot;;--awb-text-font-style:normal;--awb-text-font-weight:700;\"><p>Activist<\/p>\n<\/div><div class=\"fusion-text fusion-text-5 fusion-text-no-margin\" style=\"--awb-line-height:1.3em;--awb-margin-top:20px;--awb-margin-bottom:30px;\"><p>As an activist, in recent years she has focused on free culture, digital democracy, and the strategic use of digital tools for organisation, technopolitical communication, collective action, the fight against state corruption, and the renewal of democracy. An initiator of projects such as <a href=\"https:\/\/xnet-x.net\/\" target=\"_blank\" rel=\"noopener noreferrer\">Xnet<\/a> and <a href=\"https:\/\/15mparato.wordpress.com\/\" target=\"_blank\" rel=\"noopener noreferrer\">15MPARATO<\/a>, she designs citizen-led tools to expose corruption and the political accountability behind systemic abuses.<\/p>\n<p>She was an active figure in the <a href=\"https:\/\/es.wikipedia.org\/wiki\/Movimiento_15-M#Auton.C3.B3micos\" target=\"_blank\" rel=\"noopener noreferrer\">15M movement from Barcelona<\/a> and in movements for the right to housing (<a href=\"https:\/\/es.wikipedia.org\/wiki\/Movimiento_por_una_vivienda_digna_en_Espa%C3%B1a\" target=\"_blank\" rel=\"noopener noreferrer\">VdeVivienda<\/a>), among others.<\/p>\n<\/div><div class=\"awb-gallery-wrapper awb-gallery-wrapper-1 button-span-no\" style=\"--more-btn-alignment:center;\"><div style=\"margin:-5px;--awb-bordersize:0px;--awb-caption-title-size:12px;--awb-caption-margin-top:10px;--awb-caption-margin-bottom:10px;--awb-caption-title-font-family:&quot;Inter&quot;;--awb-caption-title-font-style:normal;--awb-caption-title-font-weight:300;\" class=\"fusion-gallery fusion-gallery-container fusion-grid-2 fusion-columns-total-4 fusion-gallery-layout-grid fusion-gallery-1\"><div style=\"padding:5px;\" class=\"fusion-grid-column fusion-gallery-column fusion-gallery-column-2 hover-type-none awb-imageframe-style awb-imageframe-style-below awb-imageframe-style-1\"><div class=\"fusion-gallery-image\"><a href=\"https:\/\/xnet-x.net\/wp-content\/uploads\/2025\/12\/simona-levi-vdevivienda.jpg\" rel=\"noreferrer\" data-rel=\"iLightbox[gallery_image_1]\" class=\"fusion-lightbox\" target=\"_self\"><img decoding=\"async\" src=\"https:\/\/xnet-x.net\/wp-content\/uploads\/2025\/12\/simona-levi-vdevivienda-460x295.jpg\" width=\"460\" height=\"295\" alt=\"\" title=\"V de Vivienda\" aria-label=\"V de Vivienda\" class=\"img-responsive wp-image-1463 fusion-gallery-image-size-fixed\"  \/><\/a><\/div><div class=\"awb-imageframe-caption-container\" style=\"text-align:left;\"><div class=\"awb-imageframe-caption\"><h2 class=\"awb-imageframe-caption-title\">V de Vivienda<\/h2><\/div><\/div><\/div><div style=\"padding:5px;\" class=\"fusion-grid-column fusion-gallery-column fusion-gallery-column-2 hover-type-none awb-imageframe-style awb-imageframe-style-below awb-imageframe-style-1\"><div class=\"fusion-gallery-image\"><a href=\"https:\/\/xnet-x.net\/wp-content\/uploads\/2025\/12\/simona-levi-activista-v-vivienda.jpg\" rel=\"noreferrer\" data-rel=\"iLightbox[gallery_image_1]\" class=\"fusion-lightbox\" target=\"_self\"><img decoding=\"async\" src=\"https:\/\/xnet-x.net\/wp-content\/uploads\/2025\/12\/simona-levi-activista-v-vivienda-460x295.jpg\" width=\"460\" height=\"295\" alt=\"\" title=\"simona-levi-activista-v-vivienda\" aria-label=\"simona-levi-activista-v-vivienda\" class=\"img-responsive wp-image-1469 fusion-gallery-image-size-fixed\"  \/><\/a><\/div><div class=\"awb-imageframe-caption-container\" style=\"text-align:left;\"><div class=\"awb-imageframe-caption\"><h2 class=\"awb-imageframe-caption-title\">simona-levi-activista-v-vivienda<\/h2><\/div><\/div><\/div><div class=\"clearfix\"><\/div><div style=\"padding:5px;\" class=\"fusion-grid-column fusion-gallery-column fusion-gallery-column-2 hover-type-none awb-imageframe-style awb-imageframe-style-below awb-imageframe-style-1\"><div class=\"fusion-gallery-image\"><a href=\"https:\/\/xnet-x.net\/wp-content\/uploads\/2025\/12\/simona-levi-15m-BCN.jpg\" rel=\"noreferrer\" data-rel=\"iLightbox[gallery_image_1]\" class=\"fusion-lightbox\" target=\"_self\"><img decoding=\"async\" src=\"https:\/\/xnet-x.net\/wp-content\/uploads\/2025\/12\/simona-levi-15m-BCN-460x295.jpg\" width=\"460\" height=\"295\" alt=\"\" title=\"15M Barcelona\" aria-label=\"15M Barcelona\" class=\"img-responsive wp-image-1465 fusion-gallery-image-size-fixed\"  \/><\/a><\/div><div class=\"awb-imageframe-caption-container\" style=\"text-align:left;\"><div class=\"awb-imageframe-caption\"><h2 class=\"awb-imageframe-caption-title\">15M Barcelona<\/h2><\/div><\/div><\/div><div style=\"padding:5px;\" class=\"fusion-grid-column fusion-gallery-column fusion-gallery-column-2 hover-type-none awb-imageframe-style awb-imageframe-style-below awb-imageframe-style-1\"><div class=\"fusion-gallery-image\"><a href=\"https:\/\/xnet-x.net\/wp-content\/uploads\/2025\/12\/simona-levi-speech.jpg\" rel=\"noreferrer\" data-rel=\"iLightbox[gallery_image_1]\" class=\"fusion-lightbox\" target=\"_self\"><img decoding=\"async\" src=\"https:\/\/xnet-x.net\/wp-content\/uploads\/2025\/12\/simona-levi-speech-460x295.jpg\" width=\"460\" height=\"295\" alt=\"\" title=\"15M Barcelona. Fotograf\u00eda de Edu Bayer\" aria-label=\"15M Barcelona. Fotograf\u00eda de Edu Bayer\" class=\"img-responsive wp-image-1467 fusion-gallery-image-size-fixed\"  \/><\/a><\/div><div class=\"awb-imageframe-caption-container\" style=\"text-align:left;\"><div class=\"awb-imageframe-caption\"><h2 class=\"awb-imageframe-caption-title\">15M Barcelona. Fotograf\u00eda de Edu Bayer<\/h2><\/div><\/div><\/div><div class=\"clearfix\"><\/div><\/div><\/div><\/div><\/div><\/div><\/div><\/div><div id=\"presentacion\" class=\"fusion-container-anchor\"><div class=\"fusion-fullwidth fullwidth-box fusion-builder-row-4 fusion-flex-container has-pattern-background has-mask-background nonhundred-percent-fullwidth non-hundred-percent-height-scrolling\" style=\"--awb-border-radius-top-left:0px;--awb-border-radius-top-right:0px;--awb-border-radius-bottom-right:0px;--awb-border-radius-bottom-left:0px;--awb-padding-top:30px;--awb-padding-bottom:0px;--awb-flex-wrap:wrap;\" ><div class=\"fusion-builder-row fusion-row fusion-flex-align-items-flex-start fusion-flex-justify-content-center fusion-flex-content-wrap\" style=\"max-width:1248px;margin-left: calc(-4% \/ 2 );margin-right: calc(-4% \/ 2 );\"><div class=\"fusion-layout-column fusion_builder_column fusion-builder-column-3 fusion_builder_column_3_4 3_4 fusion-flex-column\" style=\"--awb-bg-size:cover;--awb-width-large:75%;--awb-margin-top-large:0px;--awb-spacing-right-large:2.56%;--awb-margin-bottom-large:0px;--awb-spacing-left-large:2.56%;--awb-width-medium:75%;--awb-order-medium:0;--awb-spacing-right-medium:2.56%;--awb-spacing-left-medium:2.56%;--awb-width-small:100%;--awb-order-small:0;--awb-spacing-right-small:1.92%;--awb-spacing-left-small:1.92%;\" data-scroll-devices=\"small-visibility,medium-visibility,large-visibility\"><div class=\"fusion-column-wrapper fusion-column-has-shadow fusion-flex-justify-content-flex-start fusion-content-layout-column\"><div class=\"fusion-text fusion-text-6 fusion-text-no-margin\" style=\"--awb-font-size:20px;--awb-line-height:1.3em;--awb-margin-top:20px;--awb-margin-bottom:0px;--awb-text-font-family:&quot;Inter&quot;;--awb-text-font-style:normal;--awb-text-font-weight:700;\"><p>Activist. Creation of action-oriented tools<\/p>\n<\/div><div class=\"fusion-text fusion-text-7 fusion-text-no-margin\" style=\"--awb-line-height:1.3em;--awb-margin-top:20px;--awb-margin-bottom:30px;\"><p><a href=\"https:\/\/xnet-x.net\/\" target=\"_blank\" rel=\"noopener noreferrer\"><strong>Xnet<\/strong><\/a> (<strong>formerly EXGAE<\/strong>): in 2008 she promoted the founding of the EXGAE project, involving other activists, academics, geeks, and people affected by the abuses of the Spanish Society of Authors and other copyright management organisations.<\/p>\n<p>EXGAE proposed alternative models for cultural dissemination, copyright management, the defence of the Internet, and democracy in the digital age. In 2010, EXGAE changed its name to Xnet due to the lack of a sense of humour on the part of the SGAE, which threatened to sue for trademark and patent infringement. Since then, Xnet has focused on digital rights, data, and networked democracy (mechanisms for citizen participation and oversight of power and institutions); the defence of a free and neutral Internet; the free circulation of culture, knowledge, and information; the defence of citizen journalism and the right to know, inform, and be informed; legal, technical, and communicative action against corruption; and technopolitics understood as practice and action on the network for empowerment, justice, and social transformation.<\/p>\n<p>Since its founding, Simona Levi has coordinated the project.<\/p>\n<\/div><\/div><\/div><\/div><\/div><\/div><div id=\"presentacion\" class=\"fusion-container-anchor\"><div class=\"fusion-fullwidth fullwidth-box fusion-builder-row-5 fusion-flex-container has-pattern-background has-mask-background nonhundred-percent-fullwidth non-hundred-percent-height-scrolling\" style=\"--awb-border-radius-top-left:0px;--awb-border-radius-top-right:0px;--awb-border-radius-bottom-right:0px;--awb-border-radius-bottom-left:0px;--awb-padding-top:30px;--awb-padding-bottom:50px;--awb-background-color:var(--awb-color2);--awb-flex-wrap:wrap;\" ><div class=\"fusion-builder-row fusion-row fusion-flex-align-items-flex-start fusion-flex-justify-content-center fusion-flex-content-wrap\" style=\"max-width:1248px;margin-left: calc(-4% \/ 2 );margin-right: calc(-4% \/ 2 );\"><div class=\"fusion-layout-column fusion_builder_column fusion-builder-column-4 fusion_builder_column_3_4 3_4 fusion-flex-column\" style=\"--awb-bg-size:cover;--awb-width-large:75%;--awb-margin-top-large:0px;--awb-spacing-right-large:2.56%;--awb-margin-bottom-large:0px;--awb-spacing-left-large:2.56%;--awb-width-medium:75%;--awb-order-medium:0;--awb-spacing-right-medium:2.56%;--awb-spacing-left-medium:2.56%;--awb-width-small:100%;--awb-order-small:0;--awb-spacing-right-small:1.92%;--awb-spacing-left-small:1.92%;\" data-scroll-devices=\"small-visibility,medium-visibility,large-visibility\"><div class=\"fusion-column-wrapper fusion-column-has-shadow fusion-flex-justify-content-flex-start fusion-content-layout-column\"><div class=\"fusion-text fusion-text-8 fusion-text-no-margin\" style=\"--awb-font-size:20px;--awb-line-height:1.3em;--awb-margin-top:20px;--awb-margin-bottom:0px;--awb-text-font-family:&quot;Inter&quot;;--awb-text-font-style:normal;--awb-text-font-weight:700;\"><p>Featured (updated in 2022):<\/p>\n<\/div><div class=\"fusion-text fusion-text-9 fusion-text-no-margin\" style=\"--awb-line-height:1.3em;--awb-margin-top:20px;--awb-margin-bottom:30px;\"><p><strong>Digital rights and digitalisation that respects human rights<\/strong><\/p>\n<p>In 2021, at the request of the President of the <a href=\"https:\/\/xnet-x.net\/es\/parlamento-europeo-internet-derecho-humano-simona-levi-sassoli-vonderleyen-prodi-bernerslee\/\" target=\"_blank\" rel=\"noopener\">European Parliament, David Sassoli<\/a>, Levi directed a \u201cReflection paper\u201d published by the European Parliament Research Service at the Publications Office of the European Union, entitled \u00ab<a href=\"https:\/\/op.europa.eu\/en\/publication-detail\/-\/publication\/dae77969-7812-11ec-9136-01aa75ed71a1\" target=\"_blank\" rel=\"noopener\">Proposal for Sovereign and Democratic Digitalisation of Europe<\/a>\u00bb. This work was produced as a result of a dialogue session between David Sassoli, President of the European Parliament, Simona Levi, U. von der Leyen, President of the European Commission, former President R. Prodi, and T. Berners-Lee, inventor of the Web. The session, entitled \u201cAccess to the Internet: a new human right\u201d, was broadcast live by the European Parliament.<br \/>\nThe project includes concrete actions on which Levi is currently working.<\/p>\n<p>Since 2019, Levi has designed and directed the Democratic Digitalisation of Education Plan together with families, free software companies, and promoting educational centres.<br \/>\nThe Plan involves the creation of a comprehensive, auditable, agile, and interoperable digital tool called DD to replace proprietary Big Tech tools in all educational centre activities, as well as a programme to reform the education system for digital training. So far, the Plan has resulted in:<\/p>\n<ul>\n<li>The development of the DD tool and its implementation in 11 schools in the city of Barcelona (since 2021), in collaboration with the City Council\u2019s Directorate for Democratic Innovation and the City\u2019s Education Consortium, and<\/li>\n<li>The organisation of the 1st International Course on Democratic Digital Education and Open Edtech (2022), directed by Levi and recognised as 20 hours of teacher training by the Department of Education of the Government of Catalonia. This international conference has produced policy recommendations and a permanent international working group.<\/li>\n<\/ul>\n<p>From 2019 to 2023, she contributed to the Gavius project within the European Union\u2019s Urban Innovative Actions (UIA) programme, in the field of digital rights and the ethical use of technology by local institutions in the area of social services (cities of Gav\u00e0 and Matar\u00f3, together with the Open Administration of Catalonia and the Polytechnic University of Catalonia).<\/p>\n<p>Specifically, she works on identification, freedom of choice, and participation in the digital sphere, as well as digital rights in the field of artificial intelligence applied by Public Administration.<\/p>\n<p>Since 2018, Levi has worked intensively on many aspects of the correct implementation of the European Union\u2019s General Data Protection Regulation, which protects online privacy.<\/p>\n<p>She coordinates the related actions and the drafting of Xnet\u2019s report and legislative proposals on <a href=\"https:\/\/xnet-x.net\/datos-por-liebre-xnet-abusos-reforma-ley-proteccion-datos\/\" target=\"_blank\" rel=\"noopener\">Privacy, Data Protection vs Institutionalised Abuses<\/a>. This project has led to various actions before European and national bodies in the areas of elections and abuses involving electoral rolls; preservation of memory; the clash between administrative law and transparency law with the spirit of data protection regulation; and the violation of rights resulting from privatisation affecting self-employed workers.<\/p>\n<p><strong>On online freedom of expression and its relationship with disinformation in the digital age<\/strong><\/p>\n<p>In 2018, she coordinated the report \u00ab#<a href=\"https:\/\/xnet-x.net\/informe-fake-news-desinformacion\/\" target=\"_blank\" rel=\"noopener\">FakeYou: Governments, political parties, media, corporations, great fortunes<\/a>: monopolies of information manipulation and threats to freedom of expression\u00bb, which was turned into a book in 2020\u2014with two editions\u2014and adapted for a children\u2019s audience in 2021 (translated into Portuguese).<\/p>\n<p>In 2020, she designed the <a href=\"https:\/\/xnet-x.net\/ley-fakeyou\/\" target=\"_blank\" rel=\"noopener\">policy recommendations<\/a> based on the report \u00ab#FakeYou: governments, political parties, media, corporations, great fortunes: monopolies of information manipulation and threats to freedom of expression\u00bb. This work led to numerous interventions in the fields of freedom of expression, disinformation, and hate speech.<\/p>\n<p><strong>On access to culture, information, and knowledge in the digital age<\/strong><\/p>\n<p>Since 2008, she has promoted free licences to improve access to culture, information, and knowledge in the digital age, as well as various proposals for legislative reform in the fields of Open Data, open source, and open access\/open science. In 2011, she appeared on Spanish Television in the documentary \u00ab<a href=\"https:\/\/player.vimeo.com\/video\/17315246\" target=\"_blank\" rel=\"noopener\">Copiad, malditos<\/a>\u00bb, directed by St\u00e9phane M. Grueso. In 2012, she coordinated the European project \u00ab<a href=\"https:\/\/in-progress.fcforum.net\/creativity\/report\/\" target=\"_blank\" rel=\"noopener\">Creativity: innovative models of production and access<\/a>\u00bb. In 2013, she facilitated the application of the first Creative Commons licence for a documentary on Catalan public television (*No-Res*).<\/p>\n<p>She has generated several large-scale initiatives in this field:<\/p>\n<ul>\n<li>In 2010, she promoted the creation of Red-Sostenible (mentioned in the Cablegate releases published by <a href=\"https:\/\/wikileaks.org\/plusd\/cables\/10MADRID42_a.html\" target=\"_blank\" rel=\"noopener\">Wikileaks<\/a>).<\/li>\n<li>From 2009 to 2015, she <a href=\"https:\/\/fcforum.net\/\" target=\"_blank\" rel=\"noopener\">led and designed the FCForum<\/a>, an international observatory of democratic rights in the digital age: a public policy-design event with an international network of 150 specialists over seven editions, with corresponding legislative recommendations.<\/li>\n<li>From 2008 to 2013, she created <a href=\"https:\/\/xnet-x.net\/contactanos-para\/the-oxcars\/\" target=\"_blank\" rel=\"noopener\">the OXcars<\/a> (six editions), the largest free culture event in Europe. Capacity: 2,000 people.<\/li>\n<li>In 2008, she led the <a href=\"https:\/\/xnet-x.net\/es\/contactanos-para\/portal-de-cultura-libre\/\" target=\"_blank\" rel=\"noopener\">repository<\/a> of tools and advice for the public.<\/li>\n<\/ul>\n<p><strong>Democratic innovation and the fight against (corruption and) systemic abuses, and for institutional integrity<\/strong><\/p>\n<p>An area in which she has been working since 2012, when she founded the <a href=\"https:\/\/15mparato.wordpress.com\/\" target=\"_blank\" rel=\"noopener\">citizen initiative that drove the Bankia case<\/a> and exposed the <a href=\"http:\/\/correosdeblesa.com\/auth\/login\/?_path=%2F\" target=\"_blank\" rel=\"noopener\">black cards<\/a>, leading to the conviction (2018) of 65 politicians and bankers, including the former Minister of Economy and former President of the International Monetary Fund, and enabling the return to those affected of shares and preferred stock worth nearly \u20ac9 billion.<\/p>\n<p>A pioneer in whistleblower protection and secure anonymous reporting channels, in 2019 she submitted to the <a href=\"https:\/\/xnet-x.net\/es\/rueda-prensa-xnet-primera-ley-alertadores-ue\/\" target=\"_blank\" rel=\"noopener\">Spanish Congress<\/a> and the Parliament of Catalonia the first transposition of the European Directive for the protection of whistleblowers and informants, and <a href=\"https:\/\/xnet-x.net\/es\/proposicion-ley-proteccion-integral-alertadores\/\" target=\"_blank\" rel=\"noopener\">created a template<\/a> for transposition that could be used by other countries.<\/p>\n<p>In 2018, she proposed a DIY system for the <a href=\"https:\/\/xnet-x.net\/hazlo-tu-proposiciones-ley-congreso\/\" target=\"_blank\" rel=\"noopener\">registration of legislative bills<\/a> for the Spanish Congress of Deputies and parliaments.<\/p>\n<p>A specialist in strategic litigation for social transformation, since 2018 she has worked intensively to improve <a href=\"https:\/\/xnet-x.net\/es\/aceptadas-nuestras-enmiendas-en-defensa-alertadores-whistelblowers\/\" target=\"_blank\" rel=\"noopener\">national and European legislation<\/a> on <a href=\"https:\/\/xnet-x.net\/es\/ley-demandas-colectivas-acumuladas\/\" target=\"_blank\" rel=\"noopener\">collective actions<\/a> and SLAPPs.<\/p>\n<p>In 2017, she promoted and launched the <a href=\"https:\/\/xnet-x.net\/es\/buzon-xnet\/\" target=\"_blank\" rel=\"noopener\">first institutional, anonymous, and secure channel for reporting wrongdoing<\/a> based on Globaleaks at Barcelona City Council. This prototype was subsequently replicated in many other public and private institutions (currently more than 10). She contributed to amendments to the European whistleblower directive.<\/p>\n<p>In 2016\u20132017, her play <a href=\"https:\/\/xnet-x.net\/hazte-banquero\/\">\u00abHazte banquero\u00bb<\/a>, about the Bankia case and how to fight corruption using digital tools, written with Sergio Salgado, reached 10,000 spectators.<\/p>\n<p>In 2015, the public disclosure and scandal of the *Blesa Emails* took place, exposing the black cards.<\/p>\n<p>In 2015, she founded the <a href=\"https:\/\/www.lasexta.com\/programas\/sexta-columna\/simona-levi-grupo-ciudadano-corrupcion-gente-que-denuncia-corrupcion-sufre-muchas-represalias_201601225723dc946584a81fd8821897.html\" target=\"_blank\" rel=\"noopener\">Citizen Groups Against Corruption<\/a> at both state and Catalonia level. Opening of Xnet\u2019s anonymous reporting channel for irregularities. Xnet had co-founded F\u00edltrala the previous year.<\/p>\n<\/div><div class=\"awb-gallery-wrapper awb-gallery-wrapper-2 button-span-no\" style=\"--more-btn-alignment:center;\"><div style=\"margin:-5px;--awb-bordersize:0px;--awb-caption-title-size:12px;--awb-caption-margin-top:10px;--awb-caption-margin-bottom:10px;--awb-caption-title-font-family:&quot;Inter&quot;;--awb-caption-title-font-style:normal;--awb-caption-title-font-weight:300;\" class=\"fusion-gallery fusion-gallery-container fusion-grid-3 fusion-columns-total-3 fusion-gallery-layout-grid fusion-gallery-2\"><div style=\"padding:5px;\" class=\"fusion-grid-column fusion-gallery-column fusion-gallery-column-3 hover-type-none\"><div class=\"fusion-gallery-image\"><a href=\"https:\/\/xnet-x.net\/wp-content\/uploads\/2025\/12\/Simona-Levi-Innmotion-speech.jpg\" rel=\"noreferrer\" data-rel=\"iLightbox[gallery_image_2]\" class=\"fusion-lightbox\" target=\"_self\"><img decoding=\"async\" src=\"https:\/\/xnet-x.net\/wp-content\/uploads\/2025\/12\/Simona-Levi-Innmotion-speech-460x295.jpg\" width=\"460\" height=\"295\" alt=\"\" title=\"Simona-Levi-Innmotion-speech\" aria-label=\"Simona-Levi-Innmotion-speech\" class=\"img-responsive wp-image-1471 fusion-gallery-image-size-fixed\"  \/><\/a><\/div><\/div><div style=\"padding:5px;\" class=\"fusion-grid-column fusion-gallery-column fusion-gallery-column-3 hover-type-none\"><div class=\"fusion-gallery-image\"><a href=\"https:\/\/xnet-x.net\/wp-content\/uploads\/2025\/12\/Simona-Levi-speech-1.jpg\" rel=\"noreferrer\" data-rel=\"iLightbox[gallery_image_2]\" class=\"fusion-lightbox\" target=\"_self\"><img decoding=\"async\" src=\"https:\/\/xnet-x.net\/wp-content\/uploads\/2025\/12\/Simona-Levi-speech-1-460x295.jpg\" width=\"460\" height=\"295\" alt=\"\" title=\"Simona-Levi-speech\" aria-label=\"Simona-Levi-speech\" class=\"img-responsive wp-image-1473 fusion-gallery-image-size-fixed\"  \/><\/a><\/div><\/div><div class=\"clearfix\"><\/div><div style=\"padding:5px;\" class=\"fusion-grid-column fusion-gallery-column fusion-gallery-column-3 hover-type-none\"><div class=\"fusion-gallery-image\"><a href=\"https:\/\/xnet-x.net\/wp-content\/uploads\/2025\/12\/Simona-Levi-Xnet.jpg\" rel=\"noreferrer\" data-rel=\"iLightbox[gallery_image_2]\" class=\"fusion-lightbox\" target=\"_self\"><img decoding=\"async\" src=\"https:\/\/xnet-x.net\/wp-content\/uploads\/2025\/12\/Simona-Levi-Xnet-460x295.jpg\" width=\"460\" height=\"295\" alt=\"\" title=\"Simona-Levi-Xnet\" aria-label=\"Simona-Levi-Xnet\" class=\"img-responsive wp-image-1475 fusion-gallery-image-size-fixed\"  \/><\/a><\/div><\/div><\/div><\/div><\/div><\/div><\/div><\/div><\/div><div id=\"presentacion\" class=\"fusion-container-anchor\"><div class=\"fusion-fullwidth fullwidth-box fusion-builder-row-6 fusion-flex-container has-pattern-background has-mask-background nonhundred-percent-fullwidth non-hundred-percent-height-scrolling\" style=\"--awb-border-radius-top-left:0px;--awb-border-radius-top-right:0px;--awb-border-radius-bottom-right:0px;--awb-border-radius-bottom-left:0px;--awb-padding-top:30px;--awb-padding-bottom:0px;--awb-flex-wrap:wrap;\" ><div class=\"fusion-builder-row fusion-row fusion-flex-align-items-flex-start fusion-flex-justify-content-center fusion-flex-content-wrap\" style=\"max-width:1248px;margin-left: calc(-4% \/ 2 );margin-right: calc(-4% \/ 2 );\"><div class=\"fusion-layout-column fusion_builder_column fusion-builder-column-5 fusion_builder_column_3_4 3_4 fusion-flex-column\" style=\"--awb-bg-size:cover;--awb-width-large:75%;--awb-margin-top-large:0px;--awb-spacing-right-large:2.56%;--awb-margin-bottom-large:0px;--awb-spacing-left-large:2.56%;--awb-width-medium:75%;--awb-order-medium:0;--awb-spacing-right-medium:2.56%;--awb-spacing-left-medium:2.56%;--awb-width-small:100%;--awb-order-small:0;--awb-spacing-right-small:1.92%;--awb-spacing-left-small:1.92%;\" data-scroll-devices=\"small-visibility,medium-visibility,large-visibility\"><div class=\"fusion-column-wrapper fusion-column-has-shadow fusion-flex-justify-content-flex-start fusion-content-layout-column\"><div class=\"fusion-text fusion-text-10 fusion-text-no-margin\" style=\"--awb-font-size:20px;--awb-line-height:1.3em;--awb-margin-top:20px;--awb-margin-bottom:0px;--awb-text-font-family:&quot;Inter&quot;;--awb-text-font-style:normal;--awb-text-font-weight:700;\"><p>Tools developed with Xnet<\/p>\n<\/div><div class=\"fusion-text fusion-text-11\" style=\"--awb-font-size:18px;--awb-line-height:1.3em;--awb-margin-top:20px;--awb-text-font-family:&quot;Inter&quot;;--awb-text-font-style:normal;--awb-text-font-weight:600;\"><p>DEMOCRATIC DIGITALISATION<\/p>\n<\/div><div class=\"fusion-text fusion-text-12 fusion-text-no-margin\" style=\"--awb-line-height:1.3em;--awb-margin-top:0px;--awb-margin-bottom:30px;\"><p><strong><a href=\"https:\/\/digitalizacion-democratica.xnet-x.net\/\" target=\"_blank\" rel=\"noopener\">Proposal for a Sovereign and Democratic Digitalisation of Europe<\/a><\/strong><br \/>\nReport commissioned by the Presidency of the European Parliament for an inclusive digitalisation that respects fundamental rights. Building on the concrete actions coordinated by Levi in the field of education, lines of action are designed and implemented, along with policy and legislative recommendations.<\/p>\n<p><strong><a href=\"https:\/\/xnet-x.net\/es\/presentamos-dd-herramienta-digitalizacion-democratica-educacion\/\" target=\"_blank\" rel=\"noopener\">Democratic Digitalisation Plan in the field of education and DD<\/a><\/strong><br \/>\nDesign and piloting of infrastructures for public services with citizens\u2019 digital sovereignty and digital rights at the centre.<\/p>\n<p><strong><br \/>\n<a href=\"https:\/\/curso.digitalizacion-democratica.xnet-x.net\/\" target=\"_blank\" rel=\"noopener\">International Course\/Congress on Democratic Digital Education and Open Edtech<\/a><\/strong><br \/>\nTo provide analytical tools for educational centres, teachers, the educational community, legislators, and the general public, in order to understand the digital context and culture and to propose the design of pedagogies from an innovative, agile perspective that respects human rights.<\/p>\n<\/div><div class=\"fusion-image-element \" style=\"--awb-caption-title-font-family:var(--h2_typography-font-family);--awb-caption-title-font-weight:var(--h2_typography-font-weight);--awb-caption-title-font-style:var(--h2_typography-font-style);--awb-caption-title-size:var(--h2_typography-font-size);--awb-caption-title-transform:var(--h2_typography-text-transform);--awb-caption-title-line-height:var(--h2_typography-line-height);--awb-caption-title-letter-spacing:var(--h2_typography-letter-spacing);\"><span class=\" fusion-imageframe imageframe-none imageframe-2 hover-type-none\"><img decoding=\"async\" width=\"1024\" height=\"430\" title=\"simona-levi-congress-DD\" src=\"https:\/\/xnet-x.net\/wp-content\/uploads\/2025\/12\/simona-levi-congress-DD.jpg\" alt class=\"img-responsive wp-image-1477\" srcset=\"https:\/\/xnet-x.net\/wp-content\/uploads\/2025\/12\/simona-levi-congress-DD-200x84.jpg 200w, https:\/\/xnet-x.net\/wp-content\/uploads\/2025\/12\/simona-levi-congress-DD-400x168.jpg 400w, https:\/\/xnet-x.net\/wp-content\/uploads\/2025\/12\/simona-levi-congress-DD-600x252.jpg 600w, https:\/\/xnet-x.net\/wp-content\/uploads\/2025\/12\/simona-levi-congress-DD-800x336.jpg 800w, https:\/\/xnet-x.net\/wp-content\/uploads\/2025\/12\/simona-levi-congress-DD.jpg 1024w\" sizes=\"(max-width: 640px) 100vw, 1024px\" \/><\/span><\/div><\/div><\/div><div class=\"fusion-layout-column fusion_builder_column fusion-builder-column-6 fusion_builder_column_3_4 3_4 fusion-flex-column\" style=\"--awb-bg-size:cover;--awb-width-large:75%;--awb-margin-top-large:30px;--awb-spacing-right-large:2.56%;--awb-margin-bottom-large:0px;--awb-spacing-left-large:2.56%;--awb-width-medium:75%;--awb-order-medium:0;--awb-spacing-right-medium:2.56%;--awb-spacing-left-medium:2.56%;--awb-width-small:100%;--awb-order-small:0;--awb-spacing-right-small:1.92%;--awb-spacing-left-small:1.92%;\" data-scroll-devices=\"small-visibility,medium-visibility,large-visibility\"><div class=\"fusion-column-wrapper fusion-column-has-shadow fusion-flex-justify-content-flex-start fusion-content-layout-column\"><div class=\"fusion-text fusion-text-13\" style=\"--awb-font-size:18px;--awb-line-height:1.3em;--awb-margin-top:20px;--awb-text-font-family:&quot;Inter&quot;;--awb-text-font-style:normal;--awb-text-font-weight:600;\"><p>FREE CULTURE<\/p>\n<\/div><div class=\"fusion-text fusion-text-14 fusion-text-no-margin\" style=\"--awb-line-height:1.3em;--awb-margin-top:0px;--awb-margin-bottom:30px;\"><p><a href=\"https:\/\/xnet-x.net\/contactanos-para\/the-oxcars\/\" target=\"_blank\" rel=\"noopener noreferrer\"><strong>OXcars<\/strong><\/a> <strong>\u2013 The largest free culture event of all time:<\/strong> Simona wrote the script and directed the staging of the show, a kind of non-competitive marathon gala held annually from 2008 to 2013 in Barcelona to showcase cultural creation and distribution carried out under the paradigms of free and shared culture and the defence of a neutral Internet. Through samples and references to works from various categories, real legal solutions are presented in a parodic way.<\/p>\n<\/div><div class=\"fusion-builder-row fusion-builder-row-inner fusion-row fusion-flex-align-items-flex-start fusion-flex-justify-content-center fusion-flex-content-wrap\" style=\"--awb-flex-grow:0;--awb-flex-grow-medium:0;--awb-flex-grow-small:0;--awb-flex-shrink:0;--awb-flex-shrink-medium:0;--awb-flex-shrink-small:0;width:104% !important;max-width:104% !important;margin-left: calc(-4% \/ 2 );margin-right: calc(-4% \/ 2 );\"><div class=\"fusion-layout-column fusion_builder_column_inner fusion-builder-nested-column-0 fusion_builder_column_inner_1_3 1_3 fusion-flex-column\" style=\"--awb-bg-color:var(--awb-color2);--awb-bg-color-hover:var(--awb-color2);--awb-bg-size:cover;--awb-width-large:33.333333333333%;--awb-margin-top-large:0px;--awb-spacing-right-large:5.76%;--awb-margin-bottom-large:20px;--awb-spacing-left-large:5.76%;--awb-width-medium:33.333333333333%;--awb-order-medium:0;--awb-spacing-right-medium:5.76%;--awb-spacing-left-medium:5.76%;--awb-width-small:100%;--awb-order-small:0;--awb-spacing-right-small:1.92%;--awb-spacing-left-small:1.92%;\" data-scroll-devices=\"small-visibility,medium-visibility,large-visibility\"><div class=\"fusion-column-wrapper fusion-column-has-shadow fusion-flex-justify-content-flex-start fusion-content-layout-column\"><div class=\"fusion-text fusion-text-15 fusion-text-no-margin\" style=\"--awb-text-color:var(--awb-color4);--awb-margin-top:10px;--awb-margin-bottom:10px;--awb-text-font-family:&quot;Inter&quot;;--awb-text-font-style:normal;--awb-text-font-weight:700;\"><p style=\"text-align: center;\">Oxcars 2013<\/p>\n<\/div><div class=\"fusion-video fusion-youtube\" style=\"--awb-max-width:600px;--awb-max-height:350px;\"><div class=\"video-shortcode\"><div class=\"fluid-width-video-wrapper\" style=\"padding-top:58.33%;\" ><iframe title=\"YouTube video player 1\" src=\"https:\/\/www.youtube.com\/embed\/CFjoh5rzJ4c?wmode=transparent&autoplay=0\" width=\"600\" height=\"350\" allowfullscreen allow=\"autoplay; clipboard-write; encrypted-media; gyroscope; picture-in-picture;\"><\/iframe><\/div><\/div><\/div><div class=\"fusion-text fusion-text-16 fusion-text-no-margin\" style=\"--awb-font-size:13px;--awb-text-color:var(--awb-color7);--awb-margin-top:10px;--awb-margin-bottom:10px;--awb-text-font-family:&quot;Inter&quot;;--awb-text-font-style:normal;--awb-text-font-weight:300;\"><p style=\"text-align: center;\"><a title=\"ir a la web de Oxcars 2013\" href=\"https:\/\/oxcars13.xnet-x.net\/\" target=\"_blank\" rel=\"noopener noreferrer\">M\u00e1s info sobre Oxcars 2013<\/a><\/p>\n<\/div><\/div><\/div><div class=\"fusion-layout-column fusion_builder_column_inner fusion-builder-nested-column-1 fusion_builder_column_inner_1_3 1_3 fusion-flex-column\" style=\"--awb-bg-color:var(--awb-color2);--awb-bg-color-hover:var(--awb-color2);--awb-bg-size:cover;--awb-width-large:33.333333333333%;--awb-margin-top-large:0px;--awb-spacing-right-large:5.76%;--awb-margin-bottom-large:20px;--awb-spacing-left-large:5.76%;--awb-width-medium:33.333333333333%;--awb-order-medium:0;--awb-spacing-right-medium:5.76%;--awb-spacing-left-medium:5.76%;--awb-width-small:100%;--awb-order-small:0;--awb-spacing-right-small:1.92%;--awb-spacing-left-small:1.92%;\" data-scroll-devices=\"small-visibility,medium-visibility,large-visibility\"><div class=\"fusion-column-wrapper fusion-column-has-shadow fusion-flex-justify-content-flex-start fusion-content-layout-column\"><div class=\"fusion-text fusion-text-17 fusion-text-no-margin\" style=\"--awb-text-color:var(--awb-color4);--awb-margin-top:10px;--awb-margin-bottom:10px;--awb-text-font-family:&quot;Inter&quot;;--awb-text-font-style:normal;--awb-text-font-weight:700;\"><p style=\"text-align: center;\">Oxcars 2012<\/p>\n<\/div><div class=\"fusion-video fusion-youtube\" style=\"--awb-max-width:600px;--awb-max-height:350px;\"><div class=\"video-shortcode\"><div class=\"fluid-width-video-wrapper\" style=\"padding-top:58.33%;\" ><iframe title=\"YouTube video player 2\" src=\"https:\/\/www.youtube.com\/embed\/42OWl61i8us?wmode=transparent&autoplay=0\" width=\"600\" height=\"350\" allowfullscreen allow=\"autoplay; clipboard-write; encrypted-media; gyroscope; picture-in-picture;\"><\/iframe><\/div><\/div><\/div><div class=\"fusion-text fusion-text-18 fusion-text-no-margin\" style=\"--awb-font-size:13px;--awb-text-color:var(--awb-color7);--awb-margin-top:10px;--awb-margin-bottom:10px;--awb-text-font-family:&quot;Inter&quot;;--awb-text-font-style:normal;--awb-text-font-weight:300;\"><p style=\"text-align: center;\"><a title=\"ir a la web de Oxcars 2012\" href=\"https:\/\/oxcars12.xnet-x.net\/\" target=\"_blank\" rel=\"noopener noreferrer\">M\u00e1s info sobre Oxcars 2012<\/a><\/p>\n<\/div><\/div><\/div><div class=\"fusion-layout-column fusion_builder_column_inner fusion-builder-nested-column-2 fusion_builder_column_inner_1_3 1_3 fusion-flex-column\" style=\"--awb-bg-color:var(--awb-color2);--awb-bg-color-hover:var(--awb-color2);--awb-bg-size:cover;--awb-width-large:33.333333333333%;--awb-margin-top-large:0px;--awb-spacing-right-large:5.76%;--awb-margin-bottom-large:20px;--awb-spacing-left-large:5.76%;--awb-width-medium:33.333333333333%;--awb-order-medium:0;--awb-spacing-right-medium:5.76%;--awb-spacing-left-medium:5.76%;--awb-width-small:100%;--awb-order-small:0;--awb-spacing-right-small:1.92%;--awb-spacing-left-small:1.92%;\" data-scroll-devices=\"small-visibility,medium-visibility,large-visibility\"><div class=\"fusion-column-wrapper fusion-column-has-shadow fusion-flex-justify-content-flex-start fusion-content-layout-column\"><div class=\"fusion-text fusion-text-19 fusion-text-no-margin\" style=\"--awb-text-color:var(--awb-color4);--awb-margin-top:10px;--awb-margin-bottom:10px;--awb-text-font-family:&quot;Inter&quot;;--awb-text-font-style:normal;--awb-text-font-weight:700;\"><p style=\"text-align: center;\">Oxcars 2011<\/p>\n<\/div><div class=\"fusion-video fusion-youtube\" style=\"--awb-max-width:600px;--awb-max-height:350px;\"><div class=\"video-shortcode\"><div class=\"fluid-width-video-wrapper\" style=\"padding-top:58.33%;\" ><iframe title=\"YouTube video player 3\" src=\"https:\/\/www.youtube.com\/embed\/4af4M05vtkM?wmode=transparent&autoplay=0\" width=\"600\" height=\"350\" allowfullscreen allow=\"autoplay; clipboard-write; encrypted-media; gyroscope; picture-in-picture;\"><\/iframe><\/div><\/div><\/div><div class=\"fusion-text fusion-text-20 fusion-text-no-margin\" style=\"--awb-font-size:13px;--awb-text-color:var(--awb-color7);--awb-margin-top:10px;--awb-margin-bottom:10px;--awb-text-font-family:&quot;Inter&quot;;--awb-text-font-style:normal;--awb-text-font-weight:300;\"><p style=\"text-align: center;\"><a title=\"ir a la web de Oxcars 2011\" href=\"https:\/\/oxcars11.xnet-x.net\/\" target=\"_blank\" rel=\"noopener noreferrer\">M\u00e1s info sobre Oxcars 2011<\/a><\/p>\n<\/div><\/div><\/div><div class=\"fusion-layout-column fusion_builder_column_inner fusion-builder-nested-column-3 fusion_builder_column_inner_1_3 1_3 fusion-flex-column\" style=\"--awb-bg-color:var(--awb-color2);--awb-bg-color-hover:var(--awb-color2);--awb-bg-size:cover;--awb-width-large:33.333333333333%;--awb-margin-top-large:0px;--awb-spacing-right-large:5.76%;--awb-margin-bottom-large:20px;--awb-spacing-left-large:5.76%;--awb-width-medium:33.333333333333%;--awb-order-medium:0;--awb-spacing-right-medium:5.76%;--awb-spacing-left-medium:5.76%;--awb-width-small:100%;--awb-order-small:0;--awb-spacing-right-small:1.92%;--awb-spacing-left-small:1.92%;\" data-scroll-devices=\"small-visibility,medium-visibility,large-visibility\"><div class=\"fusion-column-wrapper fusion-column-has-shadow fusion-flex-justify-content-flex-start fusion-content-layout-column\"><div class=\"fusion-text fusion-text-21 fusion-text-no-margin\" style=\"--awb-text-color:var(--awb-color4);--awb-margin-top:10px;--awb-margin-bottom:10px;--awb-text-font-family:&quot;Inter&quot;;--awb-text-font-style:normal;--awb-text-font-weight:700;\"><p style=\"text-align: center;\">Oxcars 2010<\/p>\n<\/div><div class=\"fusion-video fusion-youtube\" style=\"--awb-max-width:600px;--awb-max-height:350px;\"><div class=\"video-shortcode\"><div class=\"fluid-width-video-wrapper\" style=\"padding-top:58.33%;\" ><iframe title=\"YouTube video player 4\" src=\"https:\/\/www.youtube.com\/embed\/xRFXm2Ge9vw?wmode=transparent&autoplay=0\" width=\"600\" height=\"350\" allowfullscreen allow=\"autoplay; clipboard-write; encrypted-media; gyroscope; picture-in-picture;\"><\/iframe><\/div><\/div><\/div><div class=\"fusion-text fusion-text-22 fusion-text-no-margin\" style=\"--awb-font-size:13px;--awb-text-color:var(--awb-color7);--awb-margin-top:10px;--awb-margin-bottom:10px;--awb-text-font-family:&quot;Inter&quot;;--awb-text-font-style:normal;--awb-text-font-weight:300;\"><p style=\"text-align: center;\"><a title=\"ir a la web de Oxcars 2010\" href=\"https:\/\/oxcars10.xnet-x.net\/\" target=\"_blank\" rel=\"noopener noreferrer\">M\u00e1s info sobre Oxcars 2010<\/a><\/p>\n<\/div><\/div><\/div><div class=\"fusion-layout-column fusion_builder_column_inner fusion-builder-nested-column-4 fusion_builder_column_inner_1_3 1_3 fusion-flex-column\" style=\"--awb-bg-color:var(--awb-color2);--awb-bg-color-hover:var(--awb-color2);--awb-bg-size:cover;--awb-width-large:33.333333333333%;--awb-margin-top-large:0px;--awb-spacing-right-large:5.76%;--awb-margin-bottom-large:20px;--awb-spacing-left-large:5.76%;--awb-width-medium:33.333333333333%;--awb-order-medium:0;--awb-spacing-right-medium:5.76%;--awb-spacing-left-medium:5.76%;--awb-width-small:100%;--awb-order-small:0;--awb-spacing-right-small:1.92%;--awb-spacing-left-small:1.92%;\" data-scroll-devices=\"small-visibility,medium-visibility,large-visibility\"><div class=\"fusion-column-wrapper fusion-column-has-shadow fusion-flex-justify-content-flex-start fusion-content-layout-column\"><div class=\"fusion-text fusion-text-23 fusion-text-no-margin\" style=\"--awb-text-color:var(--awb-color4);--awb-margin-top:10px;--awb-margin-bottom:10px;--awb-text-font-family:&quot;Inter&quot;;--awb-text-font-style:normal;--awb-text-font-weight:700;\"><p style=\"text-align: center;\">Oxcars 2009<\/p>\n<\/div><div class=\"fusion-video fusion-youtube\" style=\"--awb-max-width:600px;--awb-max-height:350px;\"><div class=\"video-shortcode\"><div class=\"fluid-width-video-wrapper\" style=\"padding-top:58.33%;\" ><iframe title=\"YouTube video player 5\" src=\"https:\/\/www.youtube.com\/embed\/mp2e6DVDtDc?wmode=transparent&autoplay=0\" width=\"600\" height=\"350\" allowfullscreen allow=\"autoplay; clipboard-write; encrypted-media; gyroscope; picture-in-picture;\"><\/iframe><\/div><\/div><\/div><div class=\"fusion-text fusion-text-24 fusion-text-no-margin\" style=\"--awb-font-size:13px;--awb-text-color:var(--awb-color7);--awb-margin-top:10px;--awb-margin-bottom:10px;--awb-text-font-family:&quot;Inter&quot;;--awb-text-font-style:normal;--awb-text-font-weight:300;\"><p style=\"text-align: center;\"><a title=\"ir a la web de Oxcars 2009\" href=\"https:\/\/oxcars09.xnet-x.net\/\" target=\"_blank\" rel=\"noopener noreferrer\">M\u00e1s info sobre Oxcars 2009<\/a><\/p>\n<\/div><\/div><\/div><div class=\"fusion-layout-column fusion_builder_column_inner fusion-builder-nested-column-5 fusion_builder_column_inner_1_3 1_3 fusion-flex-column\" style=\"--awb-bg-color:var(--awb-color2);--awb-bg-color-hover:var(--awb-color2);--awb-bg-size:cover;--awb-width-large:33.333333333333%;--awb-margin-top-large:0px;--awb-spacing-right-large:5.76%;--awb-margin-bottom-large:20px;--awb-spacing-left-large:5.76%;--awb-width-medium:33.333333333333%;--awb-order-medium:0;--awb-spacing-right-medium:5.76%;--awb-spacing-left-medium:5.76%;--awb-width-small:100%;--awb-order-small:0;--awb-spacing-right-small:1.92%;--awb-spacing-left-small:1.92%;\" data-scroll-devices=\"small-visibility,medium-visibility,large-visibility\"><div class=\"fusion-column-wrapper fusion-column-has-shadow fusion-flex-justify-content-flex-start fusion-content-layout-column\"><div class=\"fusion-text fusion-text-25 fusion-text-no-margin\" style=\"--awb-text-color:var(--awb-color4);--awb-margin-top:10px;--awb-margin-bottom:10px;--awb-text-font-family:&quot;Inter&quot;;--awb-text-font-style:normal;--awb-text-font-weight:700;\"><p style=\"text-align: center;\">Oxcars 2008<\/p>\n<\/div><div class=\"fusion-video fusion-youtube\" style=\"--awb-max-width:600px;--awb-max-height:350px;\"><div class=\"video-shortcode\"><div class=\"fluid-width-video-wrapper\" style=\"padding-top:58.33%;\" ><iframe title=\"YouTube video player 6\" src=\"https:\/\/www.youtube.com\/embed\/nWb57io6P98?wmode=transparent&autoplay=0\" width=\"600\" height=\"350\" allowfullscreen allow=\"autoplay; clipboard-write; encrypted-media; gyroscope; picture-in-picture;\"><\/iframe><\/div><\/div><\/div><div class=\"fusion-text fusion-text-26 fusion-text-no-margin\" style=\"--awb-font-size:13px;--awb-text-color:var(--awb-color7);--awb-margin-top:10px;--awb-margin-bottom:10px;--awb-text-font-family:&quot;Inter&quot;;--awb-text-font-style:normal;--awb-text-font-weight:300;\"><p style=\"text-align: center;\"><a title=\"ir a la web de Oxcars 2008\" href=\"https:\/\/xnet-x.net\/proyectos\/oxcars-08\/\" target=\"_blank\" rel=\"noopener noreferrer\">M\u00e1s info sobre Oxcars 2008<\/a><\/p>\n<\/div><\/div><\/div><\/div><div class=\"fusion-text fusion-text-27 fusion-text-no-margin\" style=\"--awb-line-height:1.3em;--awb-margin-top:0px;--awb-margin-bottom:30px;\"><p><a href=\"http:\/\/fcforum.net\/\" target=\"_blank\" rel=\"noopener noreferrer\"><strong>Free Culture Forum<\/strong><\/a><\/p>\n<div id=\"attachment_11323\" class=\"wp-caption alignright\">\n<p>&nbsp;<\/p>\n<p id=\"caption-attachment-11323\" class=\"wp-caption-text\">\n<\/div>\n<p>\u2013 <strong>International Observatory of Democratic Rights in the Digital Age<\/strong>: Simona Levi has been coordinator, programmer, and director of the Free Culture Forum since 2009, an international gathering that brings together organisations and experts in Barcelona to create a global strategic framework and an international coordination structure.<\/p>\n<p><strong><a href=\"https:\/\/xnet-x.net\/sinde-pirate\/\" target=\"_blank\" rel=\"noopener noreferrer\">Sinde Pirate<\/a><\/strong><\/p>\n<p><a href=\"https:\/\/xnet-x.net\/molina-pirate\/\" target=\"_blank\" rel=\"noopener noreferrer\">Molina Pirate<\/a><\/p>\n<p><strong><a href=\"http:\/\/redsostenible.wikia.com\/wiki\/RedSostenible\" target=\"_blank\" rel=\"noopener noreferrer\">Red Sostenible<\/a><\/strong>: She promoted the founding of this citizen platform created in January 2010, which became one of the main coordinating bodies against the Sinde Law.<br \/>\nIt was a national network for coordination and intervention, bringing together organisations of internet users, bloggers and journalists, experts in digital communication technologies, creators, lawyers specialising in digital and copyright law, producer collectives, businesspeople, and user organisations.<\/p>\n<p><strong><a href=\"http:\/\/d-evolution.fcforum.net\/\" target=\"_blank\" rel=\"noopener noreferrer\">(D\u2019) Evolution Summit<\/a>, citizen summit<\/strong>:<\/p>\n<div id=\"attachment_28162\" class=\"wp-caption alignright\"><\/div>\n<p>She designed and directed this large-scale street action, which served as a counter-information point during the meeting of European Community Ministers of Culture, held in Barcelona within the framework of the Spanish Presidency of the European Union.<\/p>\n<\/div><div class=\"awb-gallery-wrapper awb-gallery-wrapper-3 button-span-no\" style=\"--more-btn-alignment:center;\"><div style=\"margin:-5px;--awb-bordersize:0px;--awb-caption-title-size:12px;--awb-caption-margin-top:10px;--awb-caption-margin-bottom:10px;--awb-caption-title-font-family:&quot;Inter&quot;;--awb-caption-title-font-style:normal;--awb-caption-title-font-weight:300;\" class=\"fusion-gallery fusion-gallery-container fusion-grid-2 fusion-columns-total-2 fusion-gallery-layout-grid fusion-gallery-3\"><div style=\"padding:5px;\" class=\"fusion-grid-column fusion-gallery-column fusion-gallery-column-2 hover-type-none awb-imageframe-style awb-imageframe-style-below awb-imageframe-style-3\"><div class=\"fusion-gallery-image\"><a href=\"https:\/\/xnet-x.net\/wp-content\/uploads\/2025\/12\/simona-levi-fcforum.jpg\" rel=\"noreferrer\" data-rel=\"iLightbox[gallery_image_3]\" class=\"fusion-lightbox\" target=\"_self\"><img decoding=\"async\" src=\"https:\/\/xnet-x.net\/wp-content\/uploads\/2025\/12\/simona-levi-fcforum-460x295.jpg\" width=\"460\" height=\"295\" alt=\"\" title=\"Free Culture Forum\" aria-label=\"Free Culture Forum\" class=\"img-responsive wp-image-1479 fusion-gallery-image-size-fixed\"  \/><\/a><\/div><div class=\"awb-imageframe-caption-container\" style=\"text-align:left;\"><div class=\"awb-imageframe-caption\"><h2 class=\"awb-imageframe-caption-title\">Free Culture Forum<\/h2><\/div><\/div><\/div><div class=\"clearfix\"><\/div><div style=\"padding:5px;\" class=\"fusion-grid-column fusion-gallery-column fusion-gallery-column-2 hover-type-none awb-imageframe-style awb-imageframe-style-below awb-imageframe-style-3\"><div class=\"fusion-gallery-image\"><a href=\"https:\/\/xnet-x.net\/wp-content\/uploads\/2025\/12\/simona-levi-evolution-summit.jpg\" rel=\"noreferrer\" data-rel=\"iLightbox[gallery_image_3]\" class=\"fusion-lightbox\" target=\"_self\"><img decoding=\"async\" src=\"https:\/\/xnet-x.net\/wp-content\/uploads\/2025\/12\/simona-levi-evolution-summit-460x295.jpg\" width=\"460\" height=\"295\" alt=\"\" title=\"(D\u2019) Evolution Summit\" aria-label=\"(D\u2019) Evolution Summit\" class=\"img-responsive wp-image-1481 fusion-gallery-image-size-fixed\"  \/><\/a><\/div><div class=\"awb-imageframe-caption-container\" style=\"text-align:left;\"><div class=\"awb-imageframe-caption\"><h2 class=\"awb-imageframe-caption-title\">(D\u2019) Evolution Summit<\/h2><\/div><\/div><\/div><\/div><\/div><\/div><\/div><\/div><\/div><\/div><div id=\"presentacion\" class=\"fusion-container-anchor\"><div class=\"fusion-fullwidth fullwidth-box fusion-builder-row-7 fusion-flex-container has-pattern-background has-mask-background nonhundred-percent-fullwidth non-hundred-percent-height-scrolling\" style=\"--awb-border-radius-top-left:0px;--awb-border-radius-top-right:0px;--awb-border-radius-bottom-right:0px;--awb-border-radius-bottom-left:0px;--awb-padding-top:30px;--awb-padding-bottom:0px;--awb-flex-wrap:wrap;\" ><div class=\"fusion-builder-row fusion-row fusion-flex-align-items-flex-start fusion-flex-justify-content-center fusion-flex-content-wrap\" style=\"max-width:1248px;margin-left: calc(-4% \/ 2 );margin-right: calc(-4% \/ 2 );\"><div class=\"fusion-layout-column fusion_builder_column fusion-builder-column-7 fusion_builder_column_3_4 3_4 fusion-flex-column\" style=\"--awb-bg-size:cover;--awb-width-large:75%;--awb-margin-top-large:0px;--awb-spacing-right-large:2.56%;--awb-margin-bottom-large:0px;--awb-spacing-left-large:2.56%;--awb-width-medium:75%;--awb-order-medium:0;--awb-spacing-right-medium:2.56%;--awb-spacing-left-medium:2.56%;--awb-width-small:100%;--awb-order-small:0;--awb-spacing-right-small:1.92%;--awb-spacing-left-small:1.92%;\" data-scroll-devices=\"small-visibility,medium-visibility,large-visibility\"><div class=\"fusion-column-wrapper fusion-column-has-shadow fusion-flex-justify-content-flex-start fusion-content-layout-column\"><div class=\"fusion-text fusion-text-28\" style=\"--awb-font-size:18px;--awb-line-height:1.3em;--awb-margin-top:20px;--awb-text-font-family:&quot;Inter&quot;;--awb-text-font-style:normal;--awb-text-font-weight:600;\"><p>DEMOCRATIC REGENERATION<\/p>\n<\/div><div class=\"fusion-text fusion-text-29 fusion-text-no-margin\" style=\"--awb-line-height:1.3em;--awb-margin-top:0px;--awb-margin-bottom:30px;\"><p><a href=\"https:\/\/es.wikipedia.org\/wiki\/15MpaRato\" target=\"_blank\" rel=\"noopener noreferrer\"><strong>15MPARATO<\/strong><\/a>: Simona spearheaded the citizen campaign that in 2012 opened what is now known as the Bankia case.<\/p>\n<p><strong>Citizen Groups Against Corruption at state and Catalonia level<\/strong>: coordination of collaboration among groups and individuals already active in anti-corruption efforts within an active, stable, coordinated, and collaborative network against corruption.<\/p>\n<p><a href=\"https:\/\/aritmetica20n.wordpress.com\/\" target=\"_blank\" rel=\"noopener\"><strong>Aritmetica20N<\/strong><\/a>: For the 2011 general elections, she promoted and co-created the anonymous Aritmetica20N tool.<br \/>\nPolitics is about ideas; elections are calculations. A calculation table designed to break the bipartisanship that had dominated the electoral space until then. The table received 600,000 visits in five days and became a significant mechanism in those elections.<\/p>\n<p><a href=\"https:\/\/partidox.org\/\" target=\"_blank\" rel=\"noopener noreferrer\"><strong>Partido X<\/strong><\/a>: initiator of the first party born from a group of people aligned with the 15M movement and free culture movements. This experimental anti-party is a unique prototype\u2014non-ideological, based on logic and methodology\u2014and advocates for a model of democracy monitored and participated in by citizens, harnessing the political potential of digital communication tools.<\/p>\n<\/div><div class=\"awb-gallery-wrapper awb-gallery-wrapper-4 button-span-no\" style=\"--more-btn-alignment:center;\"><div style=\"margin:-5px;--awb-bordersize:0px;--awb-caption-title-size:12px;--awb-caption-margin-top:10px;--awb-caption-margin-bottom:10px;--awb-caption-title-font-family:&quot;Inter&quot;;--awb-caption-title-font-style:normal;--awb-caption-title-font-weight:300;\" class=\"fusion-gallery fusion-gallery-container fusion-grid-3 fusion-columns-total-3 fusion-gallery-layout-grid fusion-gallery-4\"><div style=\"padding:5px;\" class=\"fusion-grid-column fusion-gallery-column fusion-gallery-column-3 hover-type-none awb-imageframe-style awb-imageframe-style-below awb-imageframe-style-4\"><div class=\"fusion-gallery-image\"><a href=\"https:\/\/xnet-x.net\/wp-content\/uploads\/2025\/12\/simona-levi-15MpaRato-768x423-1.jpg\" rel=\"noreferrer\" data-rel=\"iLightbox[gallery_image_4]\" class=\"fusion-lightbox\" target=\"_self\"><img decoding=\"async\" src=\"https:\/\/xnet-x.net\/wp-content\/uploads\/2025\/12\/simona-levi-15MpaRato-768x423-1-460x295.jpg\" width=\"460\" height=\"295\" alt=\"\" title=\"15MPARATO &#8211; Fotograf\u00eda de Edu Bayer\" aria-label=\"15MPARATO &#8211; Fotograf\u00eda de Edu Bayer\" class=\"img-responsive wp-image-1483 fusion-gallery-image-size-fixed\"  \/><\/a><\/div><div class=\"awb-imageframe-caption-container\" style=\"text-align:left;\"><div class=\"awb-imageframe-caption\"><h2 class=\"awb-imageframe-caption-title\">15MPARATO &#8211; Fotograf\u00eda de Edu Bayer<\/h2><\/div><\/div><\/div><div style=\"padding:5px;\" class=\"fusion-grid-column fusion-gallery-column fusion-gallery-column-3 hover-type-none awb-imageframe-style awb-imageframe-style-below awb-imageframe-style-4\"><div class=\"fusion-gallery-image\"><a href=\"https:\/\/xnet-x.net\/wp-content\/uploads\/2025\/12\/simona-levi-15mparato.jpg\" rel=\"noreferrer\" data-rel=\"iLightbox[gallery_image_4]\" class=\"fusion-lightbox\" target=\"_self\"><img decoding=\"async\" src=\"https:\/\/xnet-x.net\/wp-content\/uploads\/2025\/12\/simona-levi-15mparato-460x295.jpg\" width=\"460\" height=\"295\" alt=\"\" title=\"15MPARATO\" aria-label=\"15MPARATO\" class=\"img-responsive wp-image-1485 fusion-gallery-image-size-fixed\"  \/><\/a><\/div><div class=\"awb-imageframe-caption-container\" style=\"text-align:left;\"><div class=\"awb-imageframe-caption\"><h2 class=\"awb-imageframe-caption-title\">15MPARATO<\/h2><\/div><\/div><\/div><div style=\"padding:5px;\" class=\"fusion-grid-column fusion-gallery-column fusion-gallery-column-3 hover-type-none awb-imageframe-style awb-imageframe-style-below awb-imageframe-style-4\"><div class=\"fusion-gallery-image\"><a href=\"https:\/\/xnet-x.net\/wp-content\/uploads\/2025\/12\/simona-levi-15m-aniversari.jpg\" rel=\"noreferrer\" data-rel=\"iLightbox[gallery_image_4]\" class=\"fusion-lightbox\" target=\"_self\"><img decoding=\"async\" src=\"https:\/\/xnet-x.net\/wp-content\/uploads\/2025\/12\/simona-levi-15m-aniversari-460x295.jpg\" width=\"460\" height=\"295\" alt=\"\" title=\"15MPARATO\" aria-label=\"15MPARATO\" class=\"img-responsive wp-image-1487 fusion-gallery-image-size-fixed\"  \/><\/a><\/div><div class=\"awb-imageframe-caption-container\" style=\"text-align:left;\"><div class=\"awb-imageframe-caption\"><h2 class=\"awb-imageframe-caption-title\">15MPARATO<\/h2><\/div><\/div><\/div><div class=\"clearfix\"><\/div><\/div><\/div><\/div><\/div><div class=\"fusion-layout-column fusion_builder_column fusion-builder-column-8 fusion_builder_column_3_4 3_4 fusion-flex-column\" style=\"--awb-bg-size:cover;--awb-width-large:75%;--awb-margin-top-large:0px;--awb-spacing-right-large:2.56%;--awb-margin-bottom-large:0px;--awb-spacing-left-large:2.56%;--awb-width-medium:75%;--awb-order-medium:0;--awb-spacing-right-medium:2.56%;--awb-spacing-left-medium:2.56%;--awb-width-small:100%;--awb-order-small:0;--awb-spacing-right-small:1.92%;--awb-spacing-left-small:1.92%;\" data-scroll-devices=\"small-visibility,medium-visibility,large-visibility\"><div class=\"fusion-column-wrapper fusion-column-has-shadow fusion-flex-justify-content-flex-start fusion-content-layout-column\"><div class=\"fusion-text fusion-text-30\" style=\"--awb-font-size:18px;--awb-line-height:1.3em;--awb-text-transform:uppercase;--awb-margin-top:20px;--awb-text-font-family:&quot;Inter&quot;;--awb-text-font-style:normal;--awb-text-font-weight:600;\"><p>Publications, research, lectures, teaching, consultancy<\/p>\n<\/div><div class=\"fusion-text fusion-text-31 fusion-text-no-margin\" style=\"--awb-line-height:1.3em;--awb-margin-top:0px;--awb-margin-bottom:30px;\"><p>She is the author of several books, among which we highlight \u00ab<a href=\"https:\/\/xnet-x.net\/es\/digitalizacion-democratica-soberania-digital-personas\/\" target=\"_blank\" rel=\"noopener\"><strong>Democratic Digitalisation. Digital Sovereignty for the People<\/strong><\/a>\u00bb (Rayo Verde, 2024); \u00ab<strong><a href=\"https:\/\/xnet-x.net\/en\/fakeyou-disinformation-free-download\/\" target=\"_blank\" rel=\"noopener\">Fake You \u2013 An Activist\u2019s Guide to Defeating Disinformation<\/a><\/strong> \u2013 Don\u2019t blame the people, don\u2019t blame the Internet. Blame the power\u00bb (Xnet, 2024); \u00ab<strong><a href=\"https:\/\/xnet-x.net\/es\/informe-fake-news-desinformacion\/\" target=\"_blank\" rel=\"noopener\">#FakeYou \u2014 Fake News and Disinformation<\/a><\/strong> \u2013 Governments, political parties, mass media, corporations, great fortunes: monopolies of information manipulation and restrictions on freedom of expression\u00bb (Rayo Verde, 2019); \u00ab<strong><a href=\"https:\/\/xnet-x.net\/es\/votar-y-cobrar-la-impunidad-como-forma-de-gobierno\/\" target=\"_blank\" rel=\"noopener\">Vote and Get Paid. Impunity as a Form of Government<\/a><\/strong>\u00bb (Capit\u00e1n Swing, 2017); \u201c<strong>Technopolitics, the Internet and r-evolutions<\/strong>\u201d and \u201c<strong>Digital Free Culture \u2013 Basic Notions to Defend What Belongs to Everyone<\/strong>\u201d, the latter two published in 2012 by Icaria.<\/p>\n<p>She gives lectures, teaches, and provides consultancy in <strong>Spanish and Catalan, English, French, and Italian<\/strong> in a wide range of venues, including:<\/p>\n<p>European Parliament, Columbia University, Universitat Pompeu Fabra, Goldsmiths University of London, London School of Economics, Committees of the European Parliament, Committees of the Parliament of Catalonia, Committees of the Spanish Parliament, EU Digital Agenda Committee, EU Internal Market Committee, EU Committee on Culture and Education, OSCE (Organization for Security and Co-operation in Europe), Bangor University of London, Hertie School of Governance (Berlin), Office for Transparency of Barcelona City Council, University of Barcelona, King\u2019s College London, Universitat Oberta de Catalunya, Autonomous University of Barcelona, Complutense University of Madrid, University of Alicante, Pablo de Olavide University of Seville, Barcelona IGOP \u2013 Summer University, University of Engineering of \u00c9vry, Ars Electronica, Embassy of Brazil, Annual Open Knowledge Conference, IETM Annual Meeting, OuiShare Fest, Reina Sof\u00eda Museum, The Logan\u2013CIJ Symposium, Transmediale Festival, Internet Freedom Festival, Cadesyc, Bertolt Brecht House in Montevideo, Communia Workshop in Luxembourg, Buenos Aires Creative Commons Film Festival, Circumvention, Getafe Negro, Economies of the Commons, Primavera Sound, Rototom Festival, Institut del Teatre of Barcelona, Circolo degli Artisti of Milan, FiraT\u00e0rrega Postgraduate Programme in Performing Arts, Action Europe, Right International Spain, DSI Advisory Group, Museum of the History of Catalonia, Museum of Contemporary Art of Castile and Le\u00f3n, Casa Invisible of M\u00e1laga, European University Institute of Florence, Faculty of Communication and Journalism of M\u00e1laga, Circolo Arci of Rome, International Institute for Education and Research of Amsterdam, BAU Barcelona, Taller de M\u00fasics, Attac Austria, Attac Barcelona, CUP Communication Training Days, Les Verts Europ\u00e9ens, Traficantes de Sue\u00f1os, MediaLab Prado, Confavc, FICOD Festival, #Redada at CCCB, re:publica Europe (Berlin), Relais Culture Europe, Media Squares, LATU \u2013 Technology Laboratory of Uruguay, Tramallol Cooperative, Agora99 \u2013 European Meeting on Debt, Rights and Democracy, Faculty of Computer Science of Barcelona, Institute of Network Cultures, F\u00f2rum Indigesti\u00f3, Virus Publishing House, Francesc Ferrer i Gu\u00e0rdia Foundation, Association of Women Entrepreneurs of Barcelona, Pantera Rossa of Zaragoza, 4S\/EASST, IDHC, Disruption Lab, 1st International Seminar on Metropolitan Transparency, Het Nieuwe Instituut, MACBA\u2026<\/p>\n<p>A current-affairs commentator, she has regularly participated in <em>El mat\u00ed<\/em> on Catalunya R\u00e0dio and in <em>A vivir<\/em> on Cadena SER.<\/p>\n<\/div><div class=\"awb-gallery-wrapper awb-gallery-wrapper-5 button-span-no\" style=\"--more-btn-alignment:center;\"><div style=\"margin:-30px;--awb-bordersize:0px;--awb-caption-title-size:12px;--awb-caption-margin-top:10px;--awb-caption-margin-bottom:10px;--awb-caption-title-font-family:&quot;Inter&quot;;--awb-caption-title-font-style:normal;--awb-caption-title-font-weight:300;\" class=\"fusion-gallery fusion-gallery-container fusion-grid-3 fusion-columns-total-3 fusion-gallery-layout-grid fusion-gallery-5\"><div style=\"padding:30px;\" class=\"fusion-grid-column fusion-gallery-column fusion-gallery-column-3 hover-type-none\"><div class=\"fusion-gallery-image\"><a href=\"https:\/\/xnet-x.net\/wp-content\/uploads\/2025\/12\/votar-cobrar.png\" rel=\"noreferrer\" data-rel=\"iLightbox[gallery_image_5]\" class=\"fusion-lightbox\" target=\"_self\"><img decoding=\"async\" src=\"https:\/\/xnet-x.net\/wp-content\/uploads\/2025\/12\/votar-cobrar.png\" width=\"250\" height=\"397\" alt=\"\" title=\"votar-cobrar\" aria-label=\"votar-cobrar\" class=\"img-responsive wp-image-1439\" srcset=\"https:\/\/xnet-x.net\/wp-content\/uploads\/2025\/12\/votar-cobrar-200x318.png 200w, https:\/\/xnet-x.net\/wp-content\/uploads\/2025\/12\/votar-cobrar.png 250w\" sizes=\"(min-width: 2200px) 100vw, (min-width: 784px) 380px, (min-width: 712px) 570px, (min-width: 640px) 712px, \" \/><\/a><\/div><\/div><div style=\"padding:30px;\" class=\"fusion-grid-column fusion-gallery-column fusion-gallery-column-3 hover-type-none\"><div class=\"fusion-gallery-image\"><a href=\"https:\/\/xnet-x.net\/wp-content\/uploads\/2025\/12\/fake-you.jpg\" rel=\"noreferrer\" data-rel=\"iLightbox[gallery_image_5]\" class=\"fusion-lightbox\" target=\"_self\"><img decoding=\"async\" src=\"https:\/\/xnet-x.net\/wp-content\/uploads\/2025\/12\/fake-you.jpg\" width=\"774\" height=\"1200\" alt=\"\" title=\"fake-you\" aria-label=\"fake-you\" class=\"img-responsive wp-image-1453\" srcset=\"https:\/\/xnet-x.net\/wp-content\/uploads\/2025\/12\/fake-you-200x310.jpg 200w, https:\/\/xnet-x.net\/wp-content\/uploads\/2025\/12\/fake-you-400x620.jpg 400w, https:\/\/xnet-x.net\/wp-content\/uploads\/2025\/12\/fake-you-600x930.jpg 600w, https:\/\/xnet-x.net\/wp-content\/uploads\/2025\/12\/fake-you.jpg 774w\" sizes=\"(min-width: 2200px) 100vw, (min-width: 784px) 380px, (min-width: 712px) 570px, (min-width: 640px) 712px, \" \/><\/a><\/div><\/div><div style=\"padding:30px;\" class=\"fusion-grid-column fusion-gallery-column fusion-gallery-column-3 hover-type-none\"><div class=\"fusion-gallery-image\"><a href=\"https:\/\/xnet-x.net\/wp-content\/uploads\/2025\/12\/digitalizacion-democratica.jpg\" rel=\"noreferrer\" data-rel=\"iLightbox[gallery_image_5]\" class=\"fusion-lightbox\" target=\"_self\"><img decoding=\"async\" src=\"https:\/\/xnet-x.net\/wp-content\/uploads\/2025\/12\/digitalizacion-democratica.jpg\" width=\"774\" height=\"1200\" alt=\"\" title=\"digitalizacion-democratica\" aria-label=\"digitalizacion-democratica\" class=\"img-responsive wp-image-1457\" srcset=\"https:\/\/xnet-x.net\/wp-content\/uploads\/2025\/12\/digitalizacion-democratica-200x310.jpg 200w, https:\/\/xnet-x.net\/wp-content\/uploads\/2025\/12\/digitalizacion-democratica-400x620.jpg 400w, https:\/\/xnet-x.net\/wp-content\/uploads\/2025\/12\/digitalizacion-democratica-600x930.jpg 600w, https:\/\/xnet-x.net\/wp-content\/uploads\/2025\/12\/digitalizacion-democratica.jpg 774w\" sizes=\"(min-width: 2200px) 100vw, (min-width: 784px) 380px, (min-width: 712px) 570px, (min-width: 640px) 712px, \" \/><\/a><\/div><\/div><div class=\"clearfix\"><\/div><\/div><\/div><\/div><\/div><div class=\"fusion-layout-column fusion_builder_column fusion-builder-column-9 fusion_builder_column_3_4 3_4 fusion-flex-column\" style=\"--awb-bg-size:cover;--awb-width-large:75%;--awb-margin-top-large:30px;--awb-spacing-right-large:2.56%;--awb-margin-bottom-large:0px;--awb-spacing-left-large:2.56%;--awb-width-medium:75%;--awb-order-medium:0;--awb-spacing-right-medium:2.56%;--awb-spacing-left-medium:2.56%;--awb-width-small:100%;--awb-order-small:0;--awb-spacing-right-small:1.92%;--awb-spacing-left-small:1.92%;\" data-scroll-devices=\"small-visibility,medium-visibility,large-visibility\"><div class=\"fusion-column-wrapper fusion-column-has-shadow fusion-flex-justify-content-flex-start fusion-content-layout-column\"><div class=\"fusion-text fusion-text-32\" style=\"--awb-font-size:18px;--awb-line-height:1.3em;--awb-text-transform:uppercase;--awb-margin-top:20px;--awb-text-font-family:&quot;Inter&quot;;--awb-text-font-style:normal;--awb-text-font-weight:600;\"><p>Theatre director, playwright, screenwriter, cultural manager<\/p>\n<\/div><div class=\"fusion-text fusion-text-33 fusion-text-no-margin\" style=\"--awb-line-height:1.3em;--awb-margin-top:0px;--awb-margin-bottom:30px;\"><p>Between 1989 and 1993 she performed with the companies Talking Pictures and <a href=\"https:\/\/www.peperibas.com\/libros\/ninos-malos\/simona-levi\" target=\"_blank\" rel=\"noopener\">Zotal<\/a>, among others. In 1993, she launched the venue <a href=\"https:\/\/conservas.click\/sala\/\" target=\"_blank\" rel=\"noopener noreferrer\">Conservas<\/a> in Barcelona\u2019s Raval neighbourhood, a space created to promote independent and innovative local performing arts through self-production, programming cycles of total scenic actions that sought the complicity and shared responsibility of the audience.<\/p>\n<p>The scale and reputation achieved by these cycles\u2014always overwhelmed by large audiences\u2014led her to seek venues with greater capacity within cultural institutions.<\/p>\n<p>In 1999, she programmed a cycle of performances at the <a href=\"https:\/\/www.cccb.org\/es\/participantes\/ficha\/conservas\/12710\" target=\"_blank\" rel=\"noopener noreferrer\">Mercat de les Flors in Barcelona<\/a>, and in 2001 she created and directed the Applied Performing Arts festival InnMotion, held at the <a href=\"https:\/\/www.cccb.org\/es\/proyectos\/ficha\/innmotion\/212769\" target=\"_blank\" rel=\"noopener noreferrer\">Barcelona Centre for Contemporary Culture<\/a> during the city\u2019s <a href=\"https:\/\/elpais.com\/diario\/2001\/07\/07\/catalunya\/994468063_850215.html\" target=\"_blank\" rel=\"noopener noreferrer\">Grec Festival<\/a>, attracting thousands of attendees. <a href=\"http:\/\/conservas.tk\/festivales\/innmotion\/\" target=\"_blank\" rel=\"noopener noreferrer\">InnMotion<\/a>, which later became biennial, was a nationally, state-wide, and internationally recognised reference festival throughout its five editions.<\/p>\n<\/div><div class=\"awb-gallery-wrapper awb-gallery-wrapper-6 button-span-no\" style=\"--more-btn-alignment:center;margin-bottom:60px;\"><div style=\"margin:-5px;--awb-bordersize:0px;--awb-caption-title-size:12px;--awb-caption-margin-top:10px;--awb-caption-margin-bottom:10px;--awb-caption-title-font-family:&quot;Inter&quot;;--awb-caption-title-font-style:normal;--awb-caption-title-font-weight:300;\" class=\"fusion-gallery fusion-gallery-container fusion-grid-4 fusion-columns-total-4 fusion-gallery-layout-grid fusion-gallery-6\"><div style=\"padding:5px;\" class=\"fusion-grid-column fusion-gallery-column fusion-gallery-column-4 hover-type-none\"><div class=\"fusion-gallery-image\"><a href=\"https:\/\/xnet-x.net\/wp-content\/uploads\/2025\/12\/simona-levi-conservas-sala.jpg\" rel=\"noreferrer\" data-rel=\"iLightbox[gallery_image_6]\" class=\"fusion-lightbox\" target=\"_self\"><img decoding=\"async\" src=\"https:\/\/xnet-x.net\/wp-content\/uploads\/2025\/12\/simona-levi-conservas-sala-320x202.jpg\" width=\"320\" height=\"202\" alt=\"\" title=\"simona-levi-conservas-sala\" aria-label=\"simona-levi-conservas-sala\" class=\"img-responsive wp-image-1489 fusion-gallery-image-size-fixed\" srcset=\"https:\/\/xnet-x.net\/wp-content\/uploads\/2025\/12\/simona-levi-conservas-sala-320x202.jpg 320w, https:\/\/xnet-x.net\/wp-content\/uploads\/2025\/12\/simona-levi-conservas-sala-700x441.jpg 700w\" sizes=\"(max-width: 320px) 100vw, 320px\" \/><\/a><\/div><\/div><div class=\"clearfix\"><\/div><div style=\"padding:5px;\" class=\"fusion-grid-column fusion-gallery-column fusion-gallery-column-4 hover-type-none\"><div class=\"fusion-gallery-image\"><a href=\"https:\/\/xnet-x.net\/wp-content\/uploads\/2025\/12\/simona-levi-femina-exmachina.jpg\" rel=\"noreferrer\" data-rel=\"iLightbox[gallery_image_6]\" class=\"fusion-lightbox\" target=\"_self\"><img decoding=\"async\" src=\"https:\/\/xnet-x.net\/wp-content\/uploads\/2025\/12\/simona-levi-femina-exmachina-320x202.jpg\" width=\"320\" height=\"202\" alt=\"\" title=\"simona-levi-femina-exmachina\" aria-label=\"simona-levi-femina-exmachina\" class=\"img-responsive wp-image-1493 fusion-gallery-image-size-fixed\" srcset=\"https:\/\/xnet-x.net\/wp-content\/uploads\/2025\/12\/simona-levi-femina-exmachina-320x202.jpg 320w, https:\/\/xnet-x.net\/wp-content\/uploads\/2025\/12\/simona-levi-femina-exmachina-700x441.jpg 700w\" sizes=\"(max-width: 320px) 100vw, 320px\" \/><\/a><\/div><\/div><div style=\"padding:5px;\" class=\"fusion-grid-column fusion-gallery-column fusion-gallery-column-4 hover-type-none\"><div class=\"fusion-gallery-image\"><a href=\"https:\/\/xnet-x.net\/wp-content\/uploads\/2025\/12\/espacio-conservas-simona-levi.jpg\" rel=\"noreferrer\" data-rel=\"iLightbox[gallery_image_6]\" class=\"fusion-lightbox\" target=\"_self\"><img decoding=\"async\" src=\"https:\/\/xnet-x.net\/wp-content\/uploads\/2025\/12\/espacio-conservas-simona-levi-320x202.jpg\" width=\"320\" height=\"202\" alt=\"\" title=\"espacio-conservas-simona-levi\" aria-label=\"espacio-conservas-simona-levi\" class=\"img-responsive wp-image-1495 fusion-gallery-image-size-fixed\" srcset=\"https:\/\/xnet-x.net\/wp-content\/uploads\/2025\/12\/espacio-conservas-simona-levi-320x202.jpg 320w, https:\/\/xnet-x.net\/wp-content\/uploads\/2025\/12\/espacio-conservas-simona-levi-700x441.jpg 700w\" sizes=\"(max-width: 320px) 100vw, 320px\" \/><\/a><\/div><\/div><div style=\"padding:5px;\" class=\"fusion-grid-column fusion-gallery-column fusion-gallery-column-4 hover-type-none\"><div class=\"fusion-gallery-image\"><a href=\"https:\/\/xnet-x.net\/wp-content\/uploads\/2025\/12\/inmotion-1-e1485958752997.jpg\" rel=\"noreferrer\" data-rel=\"iLightbox[gallery_image_6]\" class=\"fusion-lightbox\" target=\"_self\"><img decoding=\"async\" src=\"https:\/\/xnet-x.net\/wp-content\/uploads\/2025\/12\/inmotion-1-e1485958752997-320x202.jpg\" width=\"320\" height=\"202\" alt=\"\" title=\"inmotion-1-e1485958752997\" aria-label=\"inmotion-1-e1485958752997\" class=\"img-responsive wp-image-1491 fusion-gallery-image-size-fixed\" srcset=\"https:\/\/xnet-x.net\/wp-content\/uploads\/2025\/12\/inmotion-1-e1485958752997-320x202.jpg 320w, https:\/\/xnet-x.net\/wp-content\/uploads\/2025\/12\/inmotion-1-e1485958752997-700x441.jpg 700w\" sizes=\"(max-width: 320px) 100vw, 320px\" \/><\/a><\/div><\/div><\/div><\/div><div class=\"fusion-builder-row fusion-builder-row-inner fusion-row fusion-flex-align-items-flex-start fusion-flex-justify-content-center fusion-flex-content-wrap\" style=\"--awb-flex-grow:0;--awb-flex-grow-medium:0;--awb-flex-grow-small:0;--awb-flex-shrink:0;--awb-flex-shrink-medium:0;--awb-flex-shrink-small:0;width:104% !important;max-width:104% !important;margin-left: calc(-4% \/ 2 );margin-right: calc(-4% \/ 2 );\"><div class=\"fusion-layout-column fusion_builder_column_inner fusion-builder-nested-column-6 fusion_builder_column_inner_1_2 1_2 fusion-flex-column\" style=\"--awb-bg-color:var(--awb-color2);--awb-bg-color-hover:var(--awb-color2);--awb-bg-size:cover;--awb-width-large:50%;--awb-margin-top-large:0px;--awb-spacing-right-large:3.84%;--awb-margin-bottom-large:20px;--awb-spacing-left-large:3.84%;--awb-width-medium:50%;--awb-order-medium:0;--awb-spacing-right-medium:3.84%;--awb-spacing-left-medium:3.84%;--awb-width-small:100%;--awb-order-small:0;--awb-spacing-right-small:1.92%;--awb-spacing-left-small:1.92%;\" data-scroll-devices=\"small-visibility,medium-visibility,large-visibility\"><div class=\"fusion-column-wrapper fusion-column-has-shadow fusion-flex-justify-content-flex-start fusion-content-layout-column\"><div class=\"fusion-text fusion-text-34 fusion-text-no-margin\" style=\"--awb-text-color:var(--awb-color4);--awb-margin-top:10px;--awb-margin-bottom:10px;--awb-text-font-family:&quot;Inter&quot;;--awb-text-font-style:normal;--awb-text-font-weight:700;\"><p style=\"text-align: center;\">Clip de Inn Motion 2007<\/p>\n<\/div><div class=\"fusion-video fusion-youtube\" style=\"--awb-max-width:600px;--awb-max-height:350px;\"><div class=\"video-shortcode\"><div class=\"fluid-width-video-wrapper\" style=\"padding-top:58.33%;\" ><iframe title=\"YouTube video player 7\" src=\"https:\/\/www.youtube.com\/embed\/DambjJMdND4?wmode=transparent&autoplay=0\" width=\"600\" height=\"350\" allowfullscreen allow=\"autoplay; clipboard-write; encrypted-media; gyroscope; picture-in-picture;\"><\/iframe><\/div><\/div><\/div><div class=\"fusion-text fusion-text-35 fusion-text-no-margin\" style=\"--awb-font-size:13px;--awb-text-color:var(--awb-color7);--awb-margin-top:10px;--awb-margin-bottom:10px;--awb-text-font-family:&quot;Inter&quot;;--awb-text-font-style:normal;--awb-text-font-weight:300;\"><p style=\"text-align: center;\"><a title=\"ir a la web de Inn Motion 2007\" href=\"https:\/\/conservas.tk\/festivales\/innmotion\/innmotion-2007\/\" target=\"_blank\" rel=\"noopener noreferrer\">M\u00e1s info sobre Inn Motion 2007<\/a><\/p>\n<\/div><\/div><\/div><div class=\"fusion-layout-column fusion_builder_column_inner fusion-builder-nested-column-7 fusion_builder_column_inner_1_2 1_2 fusion-flex-column\" style=\"--awb-bg-color:var(--awb-color2);--awb-bg-color-hover:var(--awb-color2);--awb-bg-size:cover;--awb-width-large:50%;--awb-margin-top-large:0px;--awb-spacing-right-large:3.84%;--awb-margin-bottom-large:20px;--awb-spacing-left-large:3.84%;--awb-width-medium:50%;--awb-order-medium:0;--awb-spacing-right-medium:3.84%;--awb-spacing-left-medium:3.84%;--awb-width-small:100%;--awb-order-small:0;--awb-spacing-right-small:1.92%;--awb-spacing-left-small:1.92%;\" data-scroll-devices=\"small-visibility,medium-visibility,large-visibility\"><div class=\"fusion-column-wrapper fusion-column-has-shadow fusion-flex-justify-content-flex-start fusion-content-layout-column\"><div class=\"fusion-text fusion-text-36 fusion-text-no-margin\" style=\"--awb-text-color:var(--awb-color4);--awb-margin-top:10px;--awb-margin-bottom:10px;--awb-text-font-family:&quot;Inter&quot;;--awb-text-font-style:normal;--awb-text-font-weight:700;\"><p style=\"text-align: center;\">Clip de Inn Motion 2005<\/p>\n<\/div><div class=\"fusion-video fusion-youtube\" style=\"--awb-max-width:600px;--awb-max-height:350px;\"><div class=\"video-shortcode\"><div class=\"fluid-width-video-wrapper\" style=\"padding-top:58.33%;\" ><iframe title=\"YouTube video player 8\" src=\"https:\/\/www.youtube.com\/embed\/HzMcDGHe024?wmode=transparent&autoplay=0\" width=\"600\" height=\"350\" allowfullscreen allow=\"autoplay; clipboard-write; encrypted-media; gyroscope; picture-in-picture;\"><\/iframe><\/div><\/div><\/div><div class=\"fusion-text fusion-text-37 fusion-text-no-margin\" style=\"--awb-font-size:13px;--awb-text-color:var(--awb-color7);--awb-margin-top:10px;--awb-margin-bottom:10px;--awb-text-font-family:&quot;Inter&quot;;--awb-text-font-style:normal;--awb-text-font-weight:300;\"><div>\n<div style=\"text-align: center;\"><a title=\"ir a la web de Inn Motion 2005\" href=\"https:\/\/conservas.tk\/festivales\/innmotion\/innmotion-2005\/\" target=\"_blank\" rel=\"noopener noreferrer\">M\u00e1s info sobre Inn Motion 2005<\/a><\/div>\n<\/div>\n<\/div><\/div><\/div><div class=\"fusion-layout-column fusion_builder_column_inner fusion-builder-nested-column-8 fusion_builder_column_inner_1_2 1_2 fusion-flex-column\" style=\"--awb-bg-color:var(--awb-color2);--awb-bg-color-hover:var(--awb-color2);--awb-bg-size:cover;--awb-width-large:50%;--awb-margin-top-large:0px;--awb-spacing-right-large:3.84%;--awb-margin-bottom-large:20px;--awb-spacing-left-large:3.84%;--awb-width-medium:50%;--awb-order-medium:0;--awb-spacing-right-medium:3.84%;--awb-spacing-left-medium:3.84%;--awb-width-small:100%;--awb-order-small:0;--awb-spacing-right-small:1.92%;--awb-spacing-left-small:1.92%;\" data-scroll-devices=\"small-visibility,medium-visibility,large-visibility\"><div class=\"fusion-column-wrapper fusion-column-has-shadow fusion-flex-justify-content-flex-start fusion-content-layout-column\"><div class=\"fusion-text fusion-text-38 fusion-text-no-margin\" style=\"--awb-text-color:var(--awb-color4);--awb-margin-top:10px;--awb-margin-bottom:10px;--awb-text-font-family:&quot;Inter&quot;;--awb-text-font-style:normal;--awb-text-font-weight:700;\"><p style=\"text-align: center;\">Clip de Inn Motion 2002<\/p>\n<\/div><div class=\"fusion-video fusion-youtube\" style=\"--awb-max-width:600px;--awb-max-height:350px;\"><div class=\"video-shortcode\"><div class=\"fluid-width-video-wrapper\" style=\"padding-top:58.33%;\" ><iframe title=\"YouTube video player 9\" src=\"https:\/\/www.youtube.com\/embed\/AV46giRf4rg?wmode=transparent&autoplay=0\" width=\"600\" height=\"350\" allowfullscreen allow=\"autoplay; clipboard-write; encrypted-media; gyroscope; picture-in-picture;\"><\/iframe><\/div><\/div><\/div><div class=\"fusion-text fusion-text-39 fusion-text-no-margin\" style=\"--awb-font-size:13px;--awb-text-color:var(--awb-color7);--awb-margin-top:10px;--awb-margin-bottom:10px;--awb-text-font-family:&quot;Inter&quot;;--awb-text-font-style:normal;--awb-text-font-weight:300;\"><div>\n<div style=\"text-align: center;\"><a title=\"ir a la web de Inn Motion 2002\" href=\"https:\/\/conservas.tk\/festivales\/innmotion\/innmotion-2002\/\" target=\"_blank\" rel=\"noopener noreferrer\">M\u00e1s info sobre Inn Motion 2002<\/a><\/div>\n<\/div>\n<\/div><\/div><\/div><div class=\"fusion-layout-column fusion_builder_column_inner fusion-builder-nested-column-9 fusion_builder_column_inner_1_2 1_2 fusion-flex-column\" style=\"--awb-bg-color:var(--awb-color2);--awb-bg-color-hover:var(--awb-color2);--awb-bg-size:cover;--awb-width-large:50%;--awb-margin-top-large:0px;--awb-spacing-right-large:3.84%;--awb-margin-bottom-large:20px;--awb-spacing-left-large:3.84%;--awb-width-medium:50%;--awb-order-medium:0;--awb-spacing-right-medium:3.84%;--awb-spacing-left-medium:3.84%;--awb-width-small:100%;--awb-order-small:0;--awb-spacing-right-small:1.92%;--awb-spacing-left-small:1.92%;\" data-scroll-devices=\"small-visibility,medium-visibility,large-visibility\"><div class=\"fusion-column-wrapper fusion-column-has-shadow fusion-flex-justify-content-flex-start fusion-content-layout-column\"><div class=\"fusion-text fusion-text-40 fusion-text-no-margin\" style=\"--awb-text-color:var(--awb-color4);--awb-margin-top:10px;--awb-margin-bottom:10px;--awb-text-font-family:&quot;Inter&quot;;--awb-text-font-style:normal;--awb-text-font-weight:700;\"><p style=\"text-align: center;\">Clip de Inn Motion 2001<\/p>\n<\/div><div class=\"fusion-video fusion-youtube\" style=\"--awb-max-width:600px;--awb-max-height:350px;\"><div class=\"video-shortcode\"><div class=\"fluid-width-video-wrapper\" style=\"padding-top:58.33%;\" ><iframe title=\"YouTube video player 10\" src=\"https:\/\/www.youtube.com\/embed\/FDwC4AoE5xY?wmode=transparent&autoplay=0\" width=\"600\" height=\"350\" allowfullscreen allow=\"autoplay; clipboard-write; encrypted-media; gyroscope; picture-in-picture;\"><\/iframe><\/div><\/div><\/div><div class=\"fusion-text fusion-text-41 fusion-text-no-margin\" style=\"--awb-font-size:13px;--awb-text-color:var(--awb-color7);--awb-margin-top:10px;--awb-margin-bottom:10px;--awb-text-font-family:&quot;Inter&quot;;--awb-text-font-style:normal;--awb-text-font-weight:300;\"><section>\n<div>\n<div style=\"text-align: center;\"><a title=\"ir a la web de Inn Motion 2001\" href=\"https:\/\/conservas.tk\/festivales\/innmotion\/innmotion-2001\/\" target=\"_blank\" rel=\"noopener noreferrer\">M\u00e1s info sobre Inn Motion 2001<\/a><\/div>\n<\/div>\n<\/section>\n<\/div><\/div><\/div><\/div><\/div><\/div><div class=\"fusion-layout-column fusion_builder_column fusion-builder-column-10 fusion_builder_column_3_4 3_4 fusion-flex-column\" style=\"--awb-bg-size:cover;--awb-width-large:75%;--awb-margin-top-large:30px;--awb-spacing-right-large:2.56%;--awb-margin-bottom-large:0px;--awb-spacing-left-large:2.56%;--awb-width-medium:75%;--awb-order-medium:0;--awb-spacing-right-medium:2.56%;--awb-spacing-left-medium:2.56%;--awb-width-small:100%;--awb-order-small:0;--awb-spacing-right-small:1.92%;--awb-spacing-left-small:1.92%;\" data-scroll-devices=\"small-visibility,medium-visibility,large-visibility\"><div class=\"fusion-column-wrapper fusion-column-has-shadow fusion-flex-justify-content-flex-start fusion-content-layout-column\"><div class=\"fusion-text fusion-text-42 fusion-text-no-margin\" style=\"--awb-line-height:1.3em;--awb-margin-top:0px;--awb-margin-bottom:30px;\"><p>She began directing in 1989 with the company Ecco Rondo (Lucerne, Switzerland).<br \/>\nIn 1999, she founded the Conservas Company, with which she toured throughout Europe for ten years with various productions.<br \/>\nFor this company, she writes, directs and, in some cases, creates the stage and audiovisual devices and the lighting design for the following works:<\/p>\n<p>\u2013 <a href=\"https:\/\/xnet-x.net\/realidades-avanzadas-2\/\" target=\"_blank\" rel=\"noopener noreferrer\"><strong>Advanced Realities 2<\/strong><\/a> (2018\u20132019)<br \/>\n\u2013 <a href=\"https:\/\/xnet-x.net\/hazte-banquero\/\" target=\"_blank\" rel=\"noopener noreferrer\"><strong>Hazte Banquero \u2013 Black Cards: Everything They Wanted to Hide from You<\/strong><\/a> (2016\u20132017)<br \/>\n\u2013 <a href=\"https:\/\/conservas.tk\/compania\/realidades-avanzadas\/\" target=\"_blank\" rel=\"noopener noreferrer\"><strong>Advanced Realities<\/strong><\/a> (2007\u20132009)<br \/>\n\u2013 <a href=\"https:\/\/conservas.tk\/compania\/7dust\/\" target=\"_blank\" rel=\"noopener noreferrer\"><strong>7 Dust, Non Lavoreremo Mai Show<\/strong><\/a> (2002\u20132005)<br \/>\n\u2013 <strong><a href=\"https:\/\/conservas.tk\/compania\/femina-ex-machina\/\" target=\"_blank\" rel=\"noopener noreferrer\">Femina Ex Machina<\/a><\/strong> (1999\u20132003) \u2013 <em>Special Critics\u2019 Award \/\/ FAD Aplaudiment Award<\/em><\/p>\n<\/div><div class=\"awb-gallery-wrapper awb-gallery-wrapper-7 button-span-no\" style=\"--more-btn-alignment:center;margin-bottom:60px;\"><div style=\"margin:-5px;--awb-bordersize:0px;--awb-caption-title-size:12px;--awb-caption-margin-top:10px;--awb-caption-margin-bottom:10px;--awb-caption-title-font-family:&quot;Inter&quot;;--awb-caption-title-font-style:normal;--awb-caption-title-font-weight:300;\" class=\"fusion-gallery fusion-gallery-container fusion-grid-2 fusion-columns-total-2 fusion-gallery-layout-grid fusion-gallery-7\"><div style=\"padding:5px;\" class=\"fusion-grid-column fusion-gallery-column fusion-gallery-column-2 hover-type-none awb-imageframe-style awb-imageframe-style-below awb-imageframe-style-7\"><div class=\"fusion-gallery-image\"><a href=\"https:\/\/xnet-x.net\/wp-content\/uploads\/2025\/12\/realidades-avanzadas2.jpg\" rel=\"noreferrer\" data-rel=\"iLightbox[gallery_image_7]\" class=\"fusion-lightbox\" target=\"_self\"><img decoding=\"async\" src=\"https:\/\/xnet-x.net\/wp-content\/uploads\/2025\/12\/realidades-avanzadas2-460x295.jpg\" width=\"460\" height=\"295\" alt=\"\" title=\"Ra2\" aria-label=\"Ra2\" class=\"img-responsive wp-image-1499 fusion-gallery-image-size-fixed\"  \/><\/a><\/div><div class=\"awb-imageframe-caption-container\" style=\"text-align:left;\"><div class=\"awb-imageframe-caption\"><h2 class=\"awb-imageframe-caption-title\">Ra2<\/h2><\/div><\/div><\/div><div class=\"clearfix\"><\/div><div style=\"padding:5px;\" class=\"fusion-grid-column fusion-gallery-column fusion-gallery-column-2 hover-type-none awb-imageframe-style awb-imageframe-style-below awb-imageframe-style-7\"><div class=\"fusion-gallery-image\"><a href=\"https:\/\/xnet-x.net\/wp-content\/uploads\/2025\/12\/haztebanquero-rato.jpg\" rel=\"noreferrer\" data-rel=\"iLightbox[gallery_image_7]\" class=\"fusion-lightbox\" target=\"_self\"><img decoding=\"async\" src=\"https:\/\/xnet-x.net\/wp-content\/uploads\/2025\/12\/haztebanquero-rato-460x295.jpg\" width=\"460\" height=\"295\" alt=\"\" title=\"Hazte Banquero\" aria-label=\"Hazte Banquero\" class=\"img-responsive wp-image-1497 fusion-gallery-image-size-fixed\"  \/><\/a><\/div><div class=\"awb-imageframe-caption-container\" style=\"text-align:left;\"><div class=\"awb-imageframe-caption\"><h2 class=\"awb-imageframe-caption-title\">Hazte Banquero<\/h2><\/div><\/div><\/div><\/div><\/div><div class=\"fusion-text fusion-text-43 fusion-text-no-margin\" style=\"--awb-line-height:1.3em;--awb-margin-top:0px;--awb-margin-bottom:30px;\"><p>These productions have been performed in theatres and festivals throughout Europe, such as:<\/p>\n<p>Transmediale Festival (Berlin), 4\u00d74 Festival (Prague), Main d\u2019Oeuvres (Paris), City of Women Festival (Ljubljana), Exineo, Le Zoo\/Usine (Geneva), Kiasma Museum of Contemporary Art (Helsinki), Fabbrica Europa 2000 (Florence), Sitges International Theatre Festival, Santarcangelo International Theatre Festival, Festival des Arts Vivants de Nyon (Switzerland), Mladi Levi (Ljubljana, Slovenia), T\u00e0rrega International Theatre Festival, Bergen (European Capital of Culture 2000), Festival Franco-Ib\u00e9rique et Latino-Am\u00e9ricain de Bayonne, Danae (Milan), Kanonhallen (Copenhagen), Mimos (P\u00e9rigueux), Escena Abierta (Burgos), International London Mime Festival, Mercat de les Flors (Barcelona), Teatro Escorxador (Lleida), La Fundici\u00f3n (Bilbao), La follia dei linguaggi (Turin), La Rose des Vents \u2013 Sc\u00e8nes \u00e9trang\u00e8res (France), Malta (Pozna\u0144, Poland), Bellone Brigittines (Brussels), Teatro Libero (Palermo), Madrid Escena Contempor\u00e1nea, Sala Nasa (Santiago de Compostela), Th\u00e9\u00e2tre National de Toulouse, Drugo More (Rijeka, Croatia), Teatro Koreja (Lecce), Noorderzon Festival (Groningen, Netherlands), Laboral Escena (Gij\u00f3n), Festival Panorama (Olot), Festival Punto Aparte (Murcia), Polverigi Festival, Teatre Poliorama (Barcelona), Teatro Rosal\u00eda de Castro (A Coru\u00f1a), Teatro Fernando Fern\u00e1n G\u00f3mez (Madrid), Teatre El Musical (Valencia), Teatre de Salt\u2026<\/p>\n<\/div><div class=\"fusion-image-element \" style=\"--awb-margin-bottom:60px;--awb-caption-title-font-family:var(--h2_typography-font-family);--awb-caption-title-font-weight:var(--h2_typography-font-weight);--awb-caption-title-font-style:var(--h2_typography-font-style);--awb-caption-title-size:var(--h2_typography-font-size);--awb-caption-title-transform:var(--h2_typography-text-transform);--awb-caption-title-line-height:var(--h2_typography-line-height);--awb-caption-title-letter-spacing:var(--h2_typography-letter-spacing);\"><span class=\" fusion-imageframe imageframe-none imageframe-3 hover-type-none\"><img decoding=\"async\" width=\"1000\" height=\"241\" title=\"ra-7dust-femina\" src=\"https:\/\/xnet-x.net\/wp-content\/uploads\/2025\/12\/ra-7dust-femina.png\" alt class=\"img-responsive wp-image-1505\" srcset=\"https:\/\/xnet-x.net\/wp-content\/uploads\/2025\/12\/ra-7dust-femina-200x48.png 200w, https:\/\/xnet-x.net\/wp-content\/uploads\/2025\/12\/ra-7dust-femina-400x96.png 400w, https:\/\/xnet-x.net\/wp-content\/uploads\/2025\/12\/ra-7dust-femina-600x145.png 600w, https:\/\/xnet-x.net\/wp-content\/uploads\/2025\/12\/ra-7dust-femina-800x193.png 800w, https:\/\/xnet-x.net\/wp-content\/uploads\/2025\/12\/ra-7dust-femina.png 1000w\" sizes=\"(max-width: 640px) 100vw, 1000px\" \/><\/span><\/div><div class=\"awb-gallery-wrapper awb-gallery-wrapper-8 button-span-no\" style=\"--more-btn-alignment:center;margin-bottom:60px;\"><div style=\"margin:-5px;--awb-bordersize:0px;--awb-caption-title-size:12px;--awb-caption-margin-top:10px;--awb-caption-margin-bottom:10px;--awb-caption-title-font-family:&quot;Inter&quot;;--awb-caption-title-font-style:normal;--awb-caption-title-font-weight:300;\" class=\"fusion-gallery fusion-gallery-container fusion-grid-2 fusion-columns-total-2 fusion-gallery-layout-grid fusion-gallery-8\"><div style=\"padding:5px;\" class=\"fusion-grid-column fusion-gallery-column fusion-gallery-column-2 hover-type-none awb-imageframe-style awb-imageframe-style-below awb-imageframe-style-8\"><div class=\"fusion-gallery-image\"><a href=\"https:\/\/xnet-x.net\/wp-content\/uploads\/2025\/12\/simona-levi-cola-oxcars2008-.jpg\" rel=\"noreferrer\" data-rel=\"iLightbox[gallery_image_8]\" class=\"fusion-lightbox\" target=\"_self\"><img decoding=\"async\" src=\"https:\/\/xnet-x.net\/wp-content\/uploads\/2025\/12\/simona-levi-cola-oxcars2008--460x295.jpg\" width=\"460\" height=\"295\" alt=\"\" title=\"Oxcars 2008 \u2013 Sala Apolo\" aria-label=\"Oxcars 2008 \u2013 Sala Apolo\" class=\"img-responsive wp-image-1501 fusion-gallery-image-size-fixed\"  \/><\/a><\/div><div class=\"awb-imageframe-caption-container\" style=\"text-align:left;\"><div class=\"awb-imageframe-caption\"><h2 class=\"awb-imageframe-caption-title\">Oxcars 2008 \u2013 Sala Apolo<\/h2><\/div><\/div><\/div><div class=\"clearfix\"><\/div><div style=\"padding:5px;\" class=\"fusion-grid-column fusion-gallery-column fusion-gallery-column-2 hover-type-none awb-imageframe-style awb-imageframe-style-below awb-imageframe-style-8\"><div class=\"fusion-gallery-image\"><a href=\"https:\/\/xnet-x.net\/wp-content\/uploads\/2025\/12\/simona-levi-cola-inmotion2006-.jpg\" rel=\"noreferrer\" data-rel=\"iLightbox[gallery_image_8]\" class=\"fusion-lightbox\" target=\"_self\"><img decoding=\"async\" src=\"https:\/\/xnet-x.net\/wp-content\/uploads\/2025\/12\/simona-levi-cola-inmotion2006--460x295.jpg\" width=\"460\" height=\"295\" alt=\"\" title=\"Inn Motion 2006 \u2013 CCCB\" aria-label=\"Inn Motion 2006 \u2013 CCCB\" class=\"img-responsive wp-image-1503 fusion-gallery-image-size-fixed\"  \/><\/a><\/div><div class=\"awb-imageframe-caption-container\" style=\"text-align:left;\"><div class=\"awb-imageframe-caption\"><h2 class=\"awb-imageframe-caption-title\">Inn Motion 2006 \u2013 CCCB<\/h2><\/div><\/div><\/div><\/div><\/div><div class=\"fusion-text fusion-text-44 fusion-text-no-margin\" style=\"--awb-line-height:1.3em;--awb-margin-top:0px;--awb-margin-bottom:30px;\"><p>\u2026 IN THE 1990s<\/p>\n<p>She lived for five years in Paris, where she worked, studied performing and movement arts with <a href=\"https:\/\/es.wikipedia.org\/wiki\/Jacques_Lecoq\" target=\"_blank\" rel=\"noopener noreferrer\">Jacques Lecoq<\/a>, and took part in the occupied creative space Oeil du Cyclone; one year in Lucerne, where she worked as movement director on several theatre productions and participated in the occupied creative space Boa; one year in Manchester, where she worked as an actress; and two years in Amsterdam, where she worked as an actress and created her first theatrical and audiovisual pieces, participating in the occupied creative space <a href=\"https:\/\/nl.wikipedia.org\/wiki\/Stenen_Silo\" target=\"_blank\" rel=\"noopener noreferrer\">Graan Silo<\/a>, an emblematic space documented in the archive of the <a href=\"https:\/\/hetnieuweinstituut.nl\/en\/museum\" target=\"_blank\" rel=\"noopener\">Museum for Architecture, Design and Digital Culture in Rotterdam<\/a>.<\/p>\n<\/div><div class=\"awb-gallery-wrapper awb-gallery-wrapper-9 button-span-no\" style=\"--more-btn-alignment:center;margin-bottom:60px;\"><div style=\"margin:-5px;--awb-bordersize:0px;--awb-caption-title-size:12px;--awb-caption-margin-top:10px;--awb-caption-margin-bottom:10px;--awb-caption-title-font-family:&quot;Inter&quot;;--awb-caption-title-font-style:normal;--awb-caption-title-font-weight:300;\" class=\"fusion-gallery fusion-gallery-container fusion-grid-3 fusion-columns-total-3 fusion-gallery-layout-grid fusion-gallery-9\"><div style=\"padding:5px;\" class=\"fusion-grid-column fusion-gallery-column fusion-gallery-column-3 hover-type-none\"><div class=\"fusion-gallery-image\"><a href=\"https:\/\/xnet-x.net\/wp-content\/uploads\/2025\/12\/simona-levi-graan-silo.jpg\" rel=\"noreferrer\" data-rel=\"iLightbox[gallery_image_9]\" class=\"fusion-lightbox\" target=\"_self\"><img decoding=\"async\" src=\"https:\/\/xnet-x.net\/wp-content\/uploads\/2025\/12\/simona-levi-graan-silo-460x295.jpg\" width=\"460\" height=\"295\" alt=\"\" title=\"simona-levi-graan-silo\" aria-label=\"simona-levi-graan-silo\" class=\"img-responsive wp-image-1507 fusion-gallery-image-size-fixed\"  \/><\/a><\/div><\/div><div class=\"clearfix\"><\/div><div style=\"padding:5px;\" class=\"fusion-grid-column fusion-gallery-column fusion-gallery-column-3 hover-type-none\"><div class=\"fusion-gallery-image\"><a href=\"https:\/\/xnet-x.net\/wp-content\/uploads\/2025\/12\/lipstick-conservas.jpg\" rel=\"noreferrer\" data-rel=\"iLightbox[gallery_image_9]\" class=\"fusion-lightbox\" target=\"_self\"><img decoding=\"async\" src=\"https:\/\/xnet-x.net\/wp-content\/uploads\/2025\/12\/lipstick-conservas-460x295.jpg\" width=\"460\" height=\"295\" alt=\"\" title=\"lipstick-conservas\" aria-label=\"lipstick-conservas\" class=\"img-responsive wp-image-1509 fusion-gallery-image-size-fixed\"  \/><\/a><\/div><\/div><div style=\"padding:5px;\" class=\"fusion-grid-column fusion-gallery-column fusion-gallery-column-3 hover-type-none\"><div class=\"fusion-gallery-image\"><a href=\"https:\/\/xnet-x.net\/wp-content\/uploads\/2025\/12\/simona-levi-90s-conservas.jpg\" rel=\"noreferrer\" data-rel=\"iLightbox[gallery_image_9]\" class=\"fusion-lightbox\" target=\"_self\"><img decoding=\"async\" src=\"https:\/\/xnet-x.net\/wp-content\/uploads\/2025\/12\/simona-levi-90s-conservas-460x295.jpg\" width=\"460\" height=\"295\" alt=\"\" title=\"simona-levi-90s-conservas\" aria-label=\"simona-levi-90s-conservas\" class=\"img-responsive wp-image-1511 fusion-gallery-image-size-fixed\"  \/><\/a><\/div><\/div><\/div><\/div><\/div><\/div><\/div><\/div><\/div><\/p>\n","protected":false},"excerpt":{"rendered":"","protected":false},"author":1,"featured_media":1461,"parent":0,"menu_order":0,"comment_status":"closed","ping_status":"closed","template":"100-width.php","meta":{"_acf_changed":false,"footnotes":""},"class_list":["post-1799","page","type-page","status-publish","has-post-thumbnail","hentry"],"acf":[],"_links":{"self":[{"href":"https:\/\/xnet-x.net\/en\/wp-json\/wp\/v2\/pages\/1799","targetHints":{"allow":["GET"]}}],"collection":[{"href":"https:\/\/xnet-x.net\/en\/wp-json\/wp\/v2\/pages"}],"about":[{"href":"https:\/\/xnet-x.net\/en\/wp-json\/wp\/v2\/types\/page"}],"author":[{"embeddable":true,"href":"https:\/\/xnet-x.net\/en\/wp-json\/wp\/v2\/users\/1"}],"replies":[{"embeddable":true,"href":"https:\/\/xnet-x.net\/en\/wp-json\/wp\/v2\/comments?post=1799"}],"version-history":[{"count":6,"href":"https:\/\/xnet-x.net\/en\/wp-json\/wp\/v2\/pages\/1799\/revisions"}],"predecessor-version":[{"id":1813,"href":"https:\/\/xnet-x.net\/en\/wp-json\/wp\/v2\/pages\/1799\/revisions\/1813"}],"wp:featuredmedia":[{"embeddable":true,"href":"https:\/\/xnet-x.net\/en\/wp-json\/wp\/v2\/media\/1461"}],"wp:attachment":[{"href":"https:\/\/xnet-x.net\/en\/wp-json\/wp\/v2\/media?parent=1799"}],"curies":[{"name":"wp","href":"https:\/\/api.w.org\/{rel}","templated":true}]}}