{"id":1798,"date":"2025-12-12T09:44:22","date_gmt":"2025-12-12T07:44:22","guid":{"rendered":"https:\/\/xnet.cromamedia.com\/simona-levi\/"},"modified":"2026-02-02T15:35:54","modified_gmt":"2026-02-02T13:35:54","slug":"simona-levi","status":"publish","type":"page","link":"https:\/\/xnet-x.net\/ca\/simona-levi\/","title":{"rendered":"Simona Levi"},"content":{"rendered":"<p><div class=\"fusion-fullwidth fullwidth-box fusion-builder-row-1 fusion-flex-container has-pattern-background has-mask-background nonhundred-percent-fullwidth non-hundred-percent-height-scrolling\" style=\"--awb-border-radius-top-left:0px;--awb-border-radius-top-right:0px;--awb-border-radius-bottom-right:0px;--awb-border-radius-bottom-left:0px;--awb-padding-top:20px;--awb-padding-bottom:20px;--awb-background-color:var(--awb-custom_color_1);--awb-flex-wrap:wrap;\" ><div class=\"fusion-builder-row fusion-row fusion-flex-align-items-flex-start fusion-flex-justify-content-center fusion-flex-content-wrap\" style=\"max-width:1248px;margin-left: calc(-4% \/ 2 );margin-right: calc(-4% \/ 2 );\"><div class=\"fusion-layout-column fusion_builder_column fusion-builder-column-0 fusion_builder_column_3_4 3_4 fusion-flex-column\" style=\"--awb-bg-size:cover;--awb-width-large:75%;--awb-margin-top-large:0px;--awb-spacing-right-large:2.56%;--awb-margin-bottom-large:20px;--awb-spacing-left-large:2.56%;--awb-width-medium:75%;--awb-order-medium:0;--awb-spacing-right-medium:2.56%;--awb-spacing-left-medium:2.56%;--awb-width-small:100%;--awb-order-small:0;--awb-spacing-right-small:1.92%;--awb-spacing-left-small:1.92%;\"><div class=\"fusion-column-wrapper fusion-column-has-shadow fusion-flex-justify-content-flex-start fusion-content-layout-column\"><div class=\"fusion-separator fusion-full-width-sep\" style=\"align-self: center;margin-left: auto;margin-right: auto;width:100%;\"><div class=\"fusion-separator-border sep-single sep-solid\" style=\"--awb-height:20px;--awb-amount:20px;--awb-sep-color:var(--awb-color4);border-color:var(--awb-color4);border-top-width:15px;\"><\/div><\/div><div class=\"fusion-image-element \" style=\"text-align:center;--awb-caption-title-font-family:var(--h2_typography-font-family);--awb-caption-title-font-weight:var(--h2_typography-font-weight);--awb-caption-title-font-style:var(--h2_typography-font-style);--awb-caption-title-size:var(--h2_typography-font-size);--awb-caption-title-transform:var(--h2_typography-text-transform);--awb-caption-title-line-height:var(--h2_typography-line-height);--awb-caption-title-letter-spacing:var(--h2_typography-letter-spacing);\"><span class=\" fusion-imageframe imageframe-none imageframe-1 hover-type-none\"><img decoding=\"async\" width=\"1600\" height=\"800\" title=\"simona-levi-activista\" src=\"https:\/\/xnet-x.net\/wp-content\/uploads\/2025\/12\/simona-levi-activista.jpg\" alt class=\"img-responsive wp-image-1460\" srcset=\"https:\/\/xnet-x.net\/wp-content\/uploads\/2025\/12\/simona-levi-activista-200x100.jpg 200w, https:\/\/xnet-x.net\/wp-content\/uploads\/2025\/12\/simona-levi-activista-400x200.jpg 400w, https:\/\/xnet-x.net\/wp-content\/uploads\/2025\/12\/simona-levi-activista-600x300.jpg 600w, https:\/\/xnet-x.net\/wp-content\/uploads\/2025\/12\/simona-levi-activista-800x400.jpg 800w, https:\/\/xnet-x.net\/wp-content\/uploads\/2025\/12\/simona-levi-activista-1200x600.jpg 1200w, https:\/\/xnet-x.net\/wp-content\/uploads\/2025\/12\/simona-levi-activista.jpg 1600w\" sizes=\"(max-width: 640px) 100vw, 1200px\" \/><\/span><\/div><div class=\"fusion-text fusion-text-1 fusion-text-no-margin\" style=\"--awb-text-transform:uppercase;--awb-text-color:var(--awb-color4);--awb-margin-top:20px;--awb-margin-bottom:0px;\"><p>Simona Levi (Fundadora) | Incid\u00e8ncia<\/p>\n<\/div><div class=\"fusion-text fusion-text-2 fusion-text-no-margin\" style=\"--awb-font-size:32px;--awb-line-height:1.3em;--awb-margin-top:0px;--awb-margin-bottom:0px;--awb-text-font-family:&quot;Inter&quot;;--awb-text-font-style:normal;--awb-text-font-weight:700;\"><p>Directora de teatre, dramaturga, estratega tecnopol\u00edtica, consultora independent i activista.<\/p>\n<\/div><\/div><\/div><\/div><\/div><div id=\"presentacion\" class=\"fusion-container-anchor\"><div class=\"fusion-fullwidth fullwidth-box fusion-builder-row-2 fusion-flex-container has-pattern-background has-mask-background nonhundred-percent-fullwidth non-hundred-percent-height-scrolling\" style=\"--awb-border-radius-top-left:0px;--awb-border-radius-top-right:0px;--awb-border-radius-bottom-right:0px;--awb-border-radius-bottom-left:0px;--awb-padding-top:30px;--awb-padding-bottom:0px;--awb-flex-wrap:wrap;\" ><div class=\"fusion-builder-row fusion-row fusion-flex-align-items-flex-start fusion-flex-justify-content-center fusion-flex-content-wrap\" style=\"max-width:1248px;margin-left: calc(-4% \/ 2 );margin-right: calc(-4% \/ 2 );\"><div class=\"fusion-layout-column fusion_builder_column fusion-builder-column-1 fusion_builder_column_3_4 3_4 fusion-flex-column\" style=\"--awb-bg-size:cover;--awb-width-large:75%;--awb-margin-top-large:0px;--awb-spacing-right-large:2.56%;--awb-margin-bottom-large:0px;--awb-spacing-left-large:2.56%;--awb-width-medium:75%;--awb-order-medium:0;--awb-spacing-right-medium:2.56%;--awb-spacing-left-medium:2.56%;--awb-width-small:100%;--awb-order-small:0;--awb-spacing-right-small:1.92%;--awb-spacing-left-small:1.92%;\" data-scroll-devices=\"small-visibility,medium-visibility,large-visibility\"><div class=\"fusion-column-wrapper fusion-column-has-shadow fusion-flex-justify-content-flex-start fusion-content-layout-column\"><div class=\"fusion-text fusion-text-3 fusion-text-no-margin\" style=\"--awb-line-height:1.3em;--awb-margin-top:20px;--awb-margin-bottom:0px;\"><p>Directora de teatre, dramaturga, estratega tecnopol\u00edtica, consultora independent i activista, l\u2019any 2017 la revista Rolling Stone va escollir Simona Levi com una de les 25 persones del m\u00f3n que estan donant forma al futur.<\/p>\n<p>L\u2019any 2021, David Fern\u00e1ndez de Castro i Bettina Walter van realitzar el documental L\u2019escletxa sobre la seva tasca en l\u2019\u00e0mbit dels drets democr\u00e0tics i digitals, produ\u00eft per la televisi\u00f3 p\u00fablica catalana dins del cicle Sense Ficci\u00f3.<\/p>\n<p>Des del 2018 dissenya i codirigeix el Curs de Postgrau en Tecnopol\u00edtica i Drets a l\u2019Era Digital, primer a la Universitat Pompeu Fabra i despr\u00e9s a la Universitat de Barcelona.<\/p>\n<p>Com a activista, en els darrers anys s\u2019ha centrat en la renovaci\u00f3 de la democr\u00e0cia a l\u2019era digital i la cultura lliure, aix\u00ed com en l\u2019\u00fas estrat\u00e8gic de les eines digitals per a l\u2019organitzaci\u00f3, la comunicaci\u00f3, l\u2019acci\u00f3 democr\u00e0tica i la lluita contra la corrupci\u00f3 d\u2019Estat.<\/p>\n<p>\u00c9s i ha estat divulgadora als mitjans i assessora d\u2019innombrables organitzacions ciutadanes i institucions, com ara el Grup de Treball sobre Sobirania Digital Europea i Eines i Infraestructures Digitals Comunes de la Direcci\u00f3 General de Planificaci\u00f3 Estrat\u00e8gica del Ministeri per a la Transformaci\u00f3 Digital del Govern d\u2019Espanya; la <a href=\"https:\/\/www.lamoncloa.gob.es\/presidente\/actividades\/Documents\/2021\/140721-Carta_Derechos_Digitales_RedEs.pdf\" target=\"_blank\" rel=\"noopener\">Secretaria d\u2019Estat de Digitalitzaci\u00f3 i Intel\u00b7lig\u00e8ncia Artificial del Govern d\u2019Espanya<\/a>; la <a href=\"http:\/\/web.archive.org\/web\/20220807221910\/https:\/\/politiquesdigitals.gencat.cat\/ca\/ciutadania\/drets-responsabilitats\/participacio\/#grup-coordinador\" target=\"_blank\" rel=\"noopener\">Direcci\u00f3 de Societat Digital i la Direcci\u00f3 General d\u2019Administraci\u00f3 Digital de la Generalitat de Catalunya<\/a> (en ambdues institucions ha estat membre del grup assessor per a la redacci\u00f3 de la Carta de Drets Digitals); el Departament de Just\u00edcia de la Generalitat de Catalunya en relaci\u00f3 amb la Llei de Defensa de les Persones Alertadores; el <a href=\"https:\/\/planderechosculturales.cultura.gob.es\/dam\/jcr:6724d89c-cb41-49d8-bb15-15dbb7c268f9\/dgdc-esp.pdf\" target=\"_blank\" rel=\"noopener\">Pla de Drets Culturals del Ministeri de Cultura<\/a>; Bithabitat \u2013 <a href=\"http:\/\/web.archive.org\/web\/20230116121500\/https:\/\/ajuntament.barcelona.cat\/digital\/sites\/default\/files\/compromis_per_limpuls_de_linnovacio_a_barcelona.pdf\" target=\"_blank\" rel=\"noopener\">Plataforma d\u2019Innovaci\u00f3 Urbana de l\u2019Ajuntament de Barcelona<\/a>; el <a href=\"https:\/\/i2cat.net\/\" target=\"_blank\" rel=\"noopener\">Centre de Recerca en Internet i Innovaci\u00f3 Digital Fundaci\u00f3 i2CAT<\/a>; el Consell Assessor de Drets Humans de la Generalitat de Catalunya; o l\u2019<a href=\"https:\/\/eapc.gencat.cat\/ca\/publicacions\/epum\/editorial-board\/\" target=\"_blank\" rel=\"noopener\">European Public Mosaic \u2013 Open Journal on Public Service<\/a> de l\u2019Escola d\u2019Administraci\u00f3 P\u00fablica de Catalunya, en temes dels seus \u00e0mbits d\u2019acci\u00f3 com els drets digitals i la renovaci\u00f3 de la democr\u00e0cia a l\u2019era actual; la cultura lliure; la llibertat d\u2019expressi\u00f3; la lluita contra la desinformaci\u00f3 sist\u00e8mica; i l\u2019\u00fas estrat\u00e8gic de les eines digitals per a l\u2019organitzaci\u00f3, la comunicaci\u00f3, l\u2019acci\u00f3 democr\u00e0tica i la lluita contra els abusos d\u2019Estat.<\/p>\n<p>Igualment, ha realitzat nombroses compareixences parlament\u00e0ries a escala nacional i internacional, com ara al Ministerial Forum for Creative Europe durant la presid\u00e8ncia txeca de la Uni\u00f3 Europea el 2009; la compareixen\u00e7a a la Comissi\u00f3 de Cultura del Congr\u00e9s dels Diputats espanyol el 2010; o a les comissions Anticorrupci\u00f3 (2016) i de Transpar\u00e8ncia (2019) del Parlament de Catalunya.<\/p>\n<\/div><\/div><\/div><\/div><\/div><\/div><div id=\"presentacion\" class=\"fusion-container-anchor\"><div class=\"fusion-fullwidth fullwidth-box fusion-builder-row-3 fusion-flex-container has-pattern-background has-mask-background nonhundred-percent-fullwidth non-hundred-percent-height-scrolling\" style=\"--awb-border-radius-top-left:0px;--awb-border-radius-top-right:0px;--awb-border-radius-bottom-right:0px;--awb-border-radius-bottom-left:0px;--awb-padding-top:30px;--awb-padding-bottom:0px;--awb-flex-wrap:wrap;\" ><div class=\"fusion-builder-row fusion-row fusion-flex-align-items-flex-start fusion-flex-justify-content-center fusion-flex-content-wrap\" style=\"max-width:1248px;margin-left: calc(-4% \/ 2 );margin-right: calc(-4% \/ 2 );\"><div class=\"fusion-layout-column fusion_builder_column fusion-builder-column-2 fusion_builder_column_3_4 3_4 fusion-flex-column\" style=\"--awb-bg-size:cover;--awb-width-large:75%;--awb-margin-top-large:0px;--awb-spacing-right-large:2.56%;--awb-margin-bottom-large:0px;--awb-spacing-left-large:2.56%;--awb-width-medium:75%;--awb-order-medium:0;--awb-spacing-right-medium:2.56%;--awb-spacing-left-medium:2.56%;--awb-width-small:100%;--awb-order-small:0;--awb-spacing-right-small:1.92%;--awb-spacing-left-small:1.92%;\" data-scroll-devices=\"small-visibility,medium-visibility,large-visibility\"><div class=\"fusion-column-wrapper fusion-column-has-shadow fusion-flex-justify-content-flex-start fusion-content-layout-column\"><div class=\"fusion-text fusion-text-4 fusion-text-no-margin\" style=\"--awb-font-size:20px;--awb-line-height:1.3em;--awb-margin-top:20px;--awb-margin-bottom:0px;--awb-text-font-family:&quot;Inter&quot;;--awb-text-font-style:normal;--awb-text-font-weight:700;\"><p>Activista<\/p>\n<\/div><div class=\"fusion-text fusion-text-5 fusion-text-no-margin\" style=\"--awb-line-height:1.3em;--awb-margin-top:20px;--awb-margin-bottom:30px;\"><p>Com a activista, en els darrers anys s\u2019ha centrat en la cultura lliure, la democr\u00e0cia digital i l\u2019\u00fas estrat\u00e8gic de les eines digitals per a l\u2019organitzaci\u00f3, la comunicaci\u00f3 tecnopol\u00edtica, l\u2019acci\u00f3 col\u00b7lectiva, la lluita contra la corrupci\u00f3 d\u2019Estat i la renovaci\u00f3 de la democr\u00e0cia. Impulsora de projectes com <a href=\"https:\/\/xnet-x.net\/\" target=\"_blank\" rel=\"noopener noreferrer\">Xnet<\/a> i <a href=\"https:\/\/15mparato.wordpress.com\/\" target=\"_blank\" rel=\"noopener noreferrer\">15MPARATO<\/a>, dissenya dispositius ciutadans per destapar la corrupci\u00f3 i la responsabilitat pol\u00edtica dels abusos sist\u00e8mics.<\/p>\n<p>Va ser una figura activa del <a href=\"https:\/\/es.wikipedia.org\/wiki\/Movimiento_15-M#Auton.C3.B3micos\" target=\"_blank\" rel=\"noopener noreferrer\">15M des de Barcelona<\/a> i dels moviments pel dret a l\u2019habitatge (<a href=\"https:\/\/es.wikipedia.org\/wiki\/Movimiento_por_una_vivienda_digna_en_Espa%C3%B1a\" target=\"_blank\" rel=\"noopener noreferrer\">V de Vivienda<\/a>), entre d\u2019altres.<\/p>\n<\/div><div class=\"awb-gallery-wrapper awb-gallery-wrapper-1 button-span-no\" style=\"--more-btn-alignment:center;\"><div style=\"margin:-5px;--awb-bordersize:0px;--awb-caption-title-size:12px;--awb-caption-margin-top:10px;--awb-caption-margin-bottom:10px;--awb-caption-title-font-family:&quot;Inter&quot;;--awb-caption-title-font-style:normal;--awb-caption-title-font-weight:300;\" class=\"fusion-gallery fusion-gallery-container fusion-grid-2 fusion-columns-total-4 fusion-gallery-layout-grid fusion-gallery-1\"><div style=\"padding:5px;\" class=\"fusion-grid-column fusion-gallery-column fusion-gallery-column-2 hover-type-none awb-imageframe-style awb-imageframe-style-below awb-imageframe-style-1\"><div class=\"fusion-gallery-image\"><a href=\"https:\/\/xnet-x.net\/wp-content\/uploads\/2025\/12\/simona-levi-vdevivienda.jpg\" rel=\"noreferrer\" data-rel=\"iLightbox[gallery_image_1]\" class=\"fusion-lightbox\" target=\"_self\"><img decoding=\"async\" src=\"https:\/\/xnet-x.net\/wp-content\/uploads\/2025\/12\/simona-levi-vdevivienda-460x295.jpg\" width=\"460\" height=\"295\" alt=\"\" title=\"V de Vivienda\" aria-label=\"V de Vivienda\" class=\"img-responsive wp-image-1462 fusion-gallery-image-size-fixed\"  \/><\/a><\/div><div class=\"awb-imageframe-caption-container\" style=\"text-align:left;\"><div class=\"awb-imageframe-caption\"><h2 class=\"awb-imageframe-caption-title\">V de Vivienda<\/h2><\/div><\/div><\/div><div style=\"padding:5px;\" class=\"fusion-grid-column fusion-gallery-column fusion-gallery-column-2 hover-type-none awb-imageframe-style awb-imageframe-style-below awb-imageframe-style-1\"><div class=\"fusion-gallery-image\"><a href=\"https:\/\/xnet-x.net\/wp-content\/uploads\/2025\/12\/simona-levi-activista-v-vivienda.jpg\" rel=\"noreferrer\" data-rel=\"iLightbox[gallery_image_1]\" class=\"fusion-lightbox\" target=\"_self\"><img decoding=\"async\" src=\"https:\/\/xnet-x.net\/wp-content\/uploads\/2025\/12\/simona-levi-activista-v-vivienda-460x295.jpg\" width=\"460\" height=\"295\" alt=\"\" title=\"simona-levi-activista-v-vivienda\" aria-label=\"simona-levi-activista-v-vivienda\" class=\"img-responsive wp-image-1468 fusion-gallery-image-size-fixed\"  \/><\/a><\/div><div class=\"awb-imageframe-caption-container\" style=\"text-align:left;\"><div class=\"awb-imageframe-caption\"><h2 class=\"awb-imageframe-caption-title\">simona-levi-activista-v-vivienda<\/h2><\/div><\/div><\/div><div class=\"clearfix\"><\/div><div style=\"padding:5px;\" class=\"fusion-grid-column fusion-gallery-column fusion-gallery-column-2 hover-type-none awb-imageframe-style awb-imageframe-style-below awb-imageframe-style-1\"><div class=\"fusion-gallery-image\"><a href=\"https:\/\/xnet-x.net\/wp-content\/uploads\/2025\/12\/simona-levi-15m-BCN.jpg\" rel=\"noreferrer\" data-rel=\"iLightbox[gallery_image_1]\" class=\"fusion-lightbox\" target=\"_self\"><img decoding=\"async\" src=\"https:\/\/xnet-x.net\/wp-content\/uploads\/2025\/12\/simona-levi-15m-BCN-460x295.jpg\" width=\"460\" height=\"295\" alt=\"\" title=\"15M Barcelona\" aria-label=\"15M Barcelona\" class=\"img-responsive wp-image-1464 fusion-gallery-image-size-fixed\"  \/><\/a><\/div><div class=\"awb-imageframe-caption-container\" style=\"text-align:left;\"><div class=\"awb-imageframe-caption\"><h2 class=\"awb-imageframe-caption-title\">15M Barcelona<\/h2><\/div><\/div><\/div><div style=\"padding:5px;\" class=\"fusion-grid-column fusion-gallery-column fusion-gallery-column-2 hover-type-none awb-imageframe-style awb-imageframe-style-below awb-imageframe-style-1\"><div class=\"fusion-gallery-image\"><a href=\"https:\/\/xnet-x.net\/wp-content\/uploads\/2025\/12\/simona-levi-speech.jpg\" rel=\"noreferrer\" data-rel=\"iLightbox[gallery_image_1]\" class=\"fusion-lightbox\" target=\"_self\"><img decoding=\"async\" src=\"https:\/\/xnet-x.net\/wp-content\/uploads\/2025\/12\/simona-levi-speech-460x295.jpg\" width=\"460\" height=\"295\" alt=\"\" title=\"15M Barcelona. Fotograf\u00eda de Edu Bayer\" aria-label=\"15M Barcelona. Fotograf\u00eda de Edu Bayer\" class=\"img-responsive wp-image-1466 fusion-gallery-image-size-fixed\"  \/><\/a><\/div><div class=\"awb-imageframe-caption-container\" style=\"text-align:left;\"><div class=\"awb-imageframe-caption\"><h2 class=\"awb-imageframe-caption-title\">15M Barcelona. Fotograf\u00eda de Edu Bayer<\/h2><\/div><\/div><\/div><div class=\"clearfix\"><\/div><\/div><\/div><\/div><\/div><\/div><\/div><\/div><div id=\"presentacion\" class=\"fusion-container-anchor\"><div class=\"fusion-fullwidth fullwidth-box fusion-builder-row-4 fusion-flex-container has-pattern-background has-mask-background nonhundred-percent-fullwidth non-hundred-percent-height-scrolling\" style=\"--awb-border-radius-top-left:0px;--awb-border-radius-top-right:0px;--awb-border-radius-bottom-right:0px;--awb-border-radius-bottom-left:0px;--awb-padding-top:30px;--awb-padding-bottom:0px;--awb-flex-wrap:wrap;\" ><div class=\"fusion-builder-row fusion-row fusion-flex-align-items-flex-start fusion-flex-justify-content-center fusion-flex-content-wrap\" style=\"max-width:1248px;margin-left: calc(-4% \/ 2 );margin-right: calc(-4% \/ 2 );\"><div class=\"fusion-layout-column fusion_builder_column fusion-builder-column-3 fusion_builder_column_3_4 3_4 fusion-flex-column\" style=\"--awb-bg-size:cover;--awb-width-large:75%;--awb-margin-top-large:0px;--awb-spacing-right-large:2.56%;--awb-margin-bottom-large:0px;--awb-spacing-left-large:2.56%;--awb-width-medium:75%;--awb-order-medium:0;--awb-spacing-right-medium:2.56%;--awb-spacing-left-medium:2.56%;--awb-width-small:100%;--awb-order-small:0;--awb-spacing-right-small:1.92%;--awb-spacing-left-small:1.92%;\" data-scroll-devices=\"small-visibility,medium-visibility,large-visibility\"><div class=\"fusion-column-wrapper fusion-column-has-shadow fusion-flex-justify-content-flex-start fusion-content-layout-column\"><div class=\"fusion-text fusion-text-6 fusion-text-no-margin\" style=\"--awb-font-size:20px;--awb-line-height:1.3em;--awb-margin-top:20px;--awb-margin-bottom:0px;--awb-text-font-family:&quot;Inter&quot;;--awb-text-font-style:normal;--awb-text-font-weight:700;\"><p>Activista. Creaci\u00f3 de dispositius d'acci\u00f3<\/p>\n<\/div><div class=\"fusion-text fusion-text-7 fusion-text-no-margin\" style=\"--awb-line-height:1.3em;--awb-margin-top:20px;--awb-margin-bottom:30px;\"><p><a href=\"https:\/\/xnet-x.net\/\" target=\"_blank\" rel=\"noopener noreferrer\"><strong>Xnet<\/strong><\/a> (<strong>anteriorment EXGAE<\/strong>): l\u2019any 2008 impulsa la fundaci\u00f3 del projecte EXGAE involucrant-hi altres activistes, professors, geeks i persones afectades pels abusos de la Societat General d\u2019Autors i altres entitats de gesti\u00f3 de drets d\u2019autor.<\/p>\n<p>EXGAE proposa models alternatius per a la difusi\u00f3 cultural, la gesti\u00f3 dels drets d\u2019autor, la defensa d\u2019Internet i la democr\u00e0cia a l\u2019era digital. L\u2019any 2010, EXGAE canvia el seu nom pel de Xnet, a causa de l\u2019esc\u00e0s sentit de l\u2019humor de la SGAE, que amena\u00e7a amb demandar per vulneraci\u00f3 de la llei de marques i patents. Des d\u2019aleshores, Xnet treballa en l\u2019\u00e0mbit dels drets digitals, les dades i la democr\u00e0cia en xarxa (mecanismes de participaci\u00f3 i control ciutad\u00e0 del poder i de les institucions); la defensa d\u2019un Internet lliure i neutral; la lliure circulaci\u00f3 de la cultura, el coneixement i la informaci\u00f3, i la defensa del periodisme ciutad\u00e0 pel dret a saber, informar i estar informats; la lluita legal, t\u00e8cnica i comunicativa contra la corrupci\u00f3; i la tecnopol\u00edtica entesa com la pr\u00e0ctica i l\u2019acci\u00f3 en xarxa per a l\u2019empoderament, la just\u00edcia i la transformaci\u00f3 social.<\/p>\n<p>Des de la seva fundaci\u00f3, Simona Levi ha coordinat el projecte.<\/p>\n<\/div><\/div><\/div><\/div><\/div><\/div><div id=\"presentacion\" class=\"fusion-container-anchor\"><div class=\"fusion-fullwidth fullwidth-box fusion-builder-row-5 fusion-flex-container has-pattern-background has-mask-background nonhundred-percent-fullwidth non-hundred-percent-height-scrolling\" style=\"--awb-border-radius-top-left:0px;--awb-border-radius-top-right:0px;--awb-border-radius-bottom-right:0px;--awb-border-radius-bottom-left:0px;--awb-padding-top:30px;--awb-padding-bottom:50px;--awb-background-color:var(--awb-color2);--awb-flex-wrap:wrap;\" ><div class=\"fusion-builder-row fusion-row fusion-flex-align-items-flex-start fusion-flex-justify-content-center fusion-flex-content-wrap\" style=\"max-width:1248px;margin-left: calc(-4% \/ 2 );margin-right: calc(-4% \/ 2 );\"><div class=\"fusion-layout-column fusion_builder_column fusion-builder-column-4 fusion_builder_column_3_4 3_4 fusion-flex-column\" style=\"--awb-bg-size:cover;--awb-width-large:75%;--awb-margin-top-large:0px;--awb-spacing-right-large:2.56%;--awb-margin-bottom-large:0px;--awb-spacing-left-large:2.56%;--awb-width-medium:75%;--awb-order-medium:0;--awb-spacing-right-medium:2.56%;--awb-spacing-left-medium:2.56%;--awb-width-small:100%;--awb-order-small:0;--awb-spacing-right-small:1.92%;--awb-spacing-left-small:1.92%;\" data-scroll-devices=\"small-visibility,medium-visibility,large-visibility\"><div class=\"fusion-column-wrapper fusion-column-has-shadow fusion-flex-justify-content-flex-start fusion-content-layout-column\"><div class=\"fusion-text fusion-text-8 fusion-text-no-margin\" style=\"--awb-font-size:20px;--awb-line-height:1.3em;--awb-margin-top:20px;--awb-margin-bottom:0px;--awb-text-font-family:&quot;Inter&quot;;--awb-text-font-style:normal;--awb-text-font-weight:700;\"><p>Destacat (actualizats el 2022):<\/p>\n<\/div><div class=\"fusion-text fusion-text-9 fusion-text-no-margin\" style=\"--awb-line-height:1.3em;--awb-margin-top:20px;--awb-margin-bottom:30px;\"><p><strong>Drets digitals i digitalitzaci\u00f3 respectuosa amb els drets humans<\/strong><\/p>\n<p>L\u2019any 2021, Levi dirigeix, a petici\u00f3 del president del <a href=\"https:\/\/xnet-x.net\/es\/parlamento-europeo-internet-derecho-humano-simona-levi-sassoli-vonderleyen-prodi-bernerslee\/\" target=\"_blank\" rel=\"noopener\">Parlament Europeu, David Sassoli<\/a>, un Reflection paper publicat per l\u2019European Parliament Research Service al Publications Office of the European Union, titulat \u00ab<a href=\"https:\/\/op.europa.eu\/en\/publication-detail\/-\/publication\/dae77969-7812-11ec-9136-01aa75ed71a1\" target=\"_blank\" rel=\"noopener\">Proposal for Sovereign and Democratic Digitalisation of Europe<\/a>\u00bb. Aquest treball es realitza com a resultat de la jornada de di\u00e0leg del president del Parlament Europeu, David Sassoli, amb Simona Levi, U. von der Leyen, presidenta de la Comissi\u00f3 Europea, l\u2019expresident R. Prodi i T. Berners-Lee, inventor de la web, titulada \u00abAcc\u00e9s a Internet: un nou dret hum\u00e0\u00bb, retransmesa en directe pel Parlament Europeu.<br \/>\nEl projecte inclou accions concretes en qu\u00e8 Levi est\u00e0 treballant.<\/p>\n<p>Des del 2019, Levi ha dissenyat i dirigeix el Pla de Digitalitzaci\u00f3 Democr\u00e0tica de l\u2019Educaci\u00f3 juntament amb fam\u00edlies, empreses de programari lliure i centres promotors.<br \/>\nEl Pla comporta la creaci\u00f3 d\u2019una eina inform\u00e0tica integral, auditable, \u00e0gil i interoperable, anomenada DD, per substituir les eines privatives de les Big Tech en tota l\u2019activitat dels centres educatius i, d\u2019altra banda, un programa de reforma del sistema educatiu per a la formaci\u00f3 digital. Fins ara, el Pla ja ha donat lloc a:<\/p>\n<ul>\n<li>El desenvolupament de l\u2019eina DD i la seva implementaci\u00f3 en 11 centres de la ciutat de Barcelona (des del 2021), en col\u00b7laboraci\u00f3 amb la Direcci\u00f3 d\u2019Innovaci\u00f3 Democr\u00e0tica de l\u2019Ajuntament i el Consorci d\u2019Educaci\u00f3 de la ciutat, i<\/li>\n<li>La realitzaci\u00f3 del I Curs Internacional d\u2019Educaci\u00f3 Digital Democr\u00e0tica i Open Edtech (2022), dirigit per Levi i reconegut com a 20 hores de formaci\u00f3 docent pel Departament d\u2019Educaci\u00f3 de la Generalitat. Aquest congr\u00e9s internacional ha generat recomanacions normatives i un grup de treball internacional permanent.<\/li>\n<\/ul>\n<p>Del 2019 al 2023 contribueix al projecte Gavius, dins del programa Urban Innovative Actions (UIA) de la Uni\u00f3 Europea, en l\u2019\u00e0mbit dels drets digitals i l\u2019\u00fas \u00e8tic de la tecnologia a les institucions locals en l\u2019\u00e0mbit de l\u2019ajuda social (ciutats de Gav\u00e0 i Matar\u00f3, juntament amb l\u2019Administraci\u00f3 Oberta de Catalunya i la Universitat Polit\u00e8cnica de Catalunya).<\/p>\n<p>Concretament, treballa la identificaci\u00f3, la llibertat d\u2019elecci\u00f3 i la participaci\u00f3 en l\u2019\u00e0mbit digital, aix\u00ed com els drets digitals en l\u2019\u00e0mbit de la intel\u00b7lig\u00e8ncia artificial aplicada per l\u2019Administraci\u00f3 P\u00fablica.<\/p>\n<p>Des del 2018, Levi treballa molt intensament en m\u00faltiples aspectes de la correcta adaptaci\u00f3 del Reglament General de Protecci\u00f3 de Dades de la Uni\u00f3 Europea, que protegeix la privacitat en l\u00ednia.<\/p>\n<p>Coordina les accions relacionades i l\u2019elaboraci\u00f3 de l\u2019informe i les propostes legislatives de Xnet sobre <a href=\"https:\/\/xnet-x.net\/datos-por-liebre-xnet-abusos-reforma-ley-proteccion-datos\/\" target=\"_blank\" rel=\"noopener\">Privacitat, Protecci\u00f3 de Dades vs Abusos Institucionalitzats<\/a>. Aquest projecte ha generat diverses accions davant d\u2019organismes europeus i nacionals en els \u00e0mbits electoral i dels abusos amb el cens electoral; de preservaci\u00f3 de la mem\u00f2ria; de la col\u00b7lisi\u00f3 entre la llei administrativa i la llei de transpar\u00e8ncia amb l\u2019esperit del Reglament de protecci\u00f3 de dades; i de la vulneraci\u00f3 de drets derivada de la privatitzaci\u00f3 per a les persones treballadores aut\u00f2nomes.<\/p>\n<p><strong>Sobre la llibertat d\u2019expressi\u00f3 en l\u00ednia i la seva relaci\u00f3 amb la desinformaci\u00f3 a l\u2019era digital<\/strong><\/p>\n<p>L\u2019any 2018 coordina l\u2019informe \u00ab#<a href=\"https:\/\/xnet-x.net\/informe-fake-news-desinformacion\/\" target=\"_blank\" rel=\"noopener\">FakeYou: Governs, partits pol\u00edtics, mitjans de comunicaci\u00f3, corporacions, grans fortunes<\/a>: monopolis de la manipulaci\u00f3 de la informaci\u00f3 i amenaces a la llibertat d\u2019expressi\u00f3\u00bb, que es transforma en llibre el 2020 \u2014amb dues edicions\u2014 i en una adaptaci\u00f3 per a p\u00fablic infantil el 2021 (tradu\u00efda al portugu\u00e8s).<\/p>\n<p>El 2020 dissenya les <a href=\"https:\/\/xnet-x.net\/ley-fakeyou\/\" target=\"_blank\" rel=\"noopener\">recomanacions de pol\u00edtica p\u00fablica<\/a> basades en l\u2019informe \u00ab#FakeYou: governs, partits pol\u00edtics, mitjans de comunicaci\u00f3, corporacions, grans fortunes: monopolis de la manipulaci\u00f3 de la informaci\u00f3 i amenaces a la llibertat d\u2019expressi\u00f3\u00bb. Aquest treball deriva en nombroses intervencions en l\u2019\u00e0mbit de la llibertat d\u2019expressi\u00f3, la desinformaci\u00f3 i el discurs d\u2019odi.<\/p>\n<p><strong>Sobre l\u2019acc\u00e9s a la cultura, la informaci\u00f3 i el coneixement a l\u2019era digital<\/strong><\/p>\n<p>Des del 2008, fomenta les llic\u00e8ncies lliures per millorar l\u2019acc\u00e9s a la cultura, la informaci\u00f3 i el coneixement a l\u2019era digital, aix\u00ed com diverses propostes de reforma legislativa en els \u00e0mbits de l\u2019Open Data, l\u2019open source i l\u2019open access\/open science. El 2011 apareix a Televisi\u00f3 Espanyola en el documental \u00ab<a href=\"https:\/\/player.vimeo.com\/video\/17315246\" target=\"_blank\" rel=\"noopener\">Copiad, malditos<\/a>\u00bb, dirigit per St\u00e9phane M. Grueso. El 2012 coordina el projecte europeu \u00ab<a href=\"https:\/\/in-progress.fcforum.net\/creativity\/report\/\" target=\"_blank\" rel=\"noopener\">Creativitat: models innovadors de producci\u00f3 i acc\u00e9s<\/a>\u00bb. El 2013 facilita l\u2019aplicaci\u00f3 de la primera llic\u00e8ncia Creative Commons per a un documental a la televisi\u00f3 p\u00fablica catalana (No-Res).<\/p>\n<p>Genera diversos dispositius multitudinaris sobre aquesta mat\u00e8ria:<\/p>\n<ul>\n<li>L\u2019any 2010 impulsa la creaci\u00f3 de Red-Sostenible (esmentada als *Cablegate* difosos per <a href=\"https:\/\/wikileaks.org\/plusd\/cables\/10MADRID42_a.html\" target=\"_blank\" rel=\"noopener\">Wikileaks<\/a>).<\/li>\n<li>Del 2009 al 2015 <a href=\"https:\/\/fcforum.net\/\" target=\"_blank\" rel=\"noopener\">lidera i dissenya el FCForum<\/a>, observatori internacional de drets democr\u00e0tics a l\u2019era digital: esdeveniment p\u00fablic de disseny de pol\u00edtiques amb una xarxa internacional de 150 especialistes durant set edicions, amb les corresponents recomanacions legislatives.<\/li>\n<li>Del 2008 al 2013 crea <a href=\"https:\/\/xnet-x.net\/contactanos-para\/the-oxcars\/\" target=\"_blank\" rel=\"noopener\">els OXcars<\/a> (sis edicions), el major espectacle de cultura lliure d\u2019Europa. Aforament: 2.000 persones.<\/li>\n<li>L\u2019any 2008 lidera el <a href=\"https:\/\/xnet-x.net\/es\/contactanos-para\/portal-de-cultura-libre\/\" target=\"_blank\" rel=\"noopener\">repositori<\/a> d\u2019eines i assessorament per a la poblaci\u00f3.<\/li>\n<\/ul>\n<p><strong>Innovaci\u00f3 democr\u00e0tica i lluita contra (la corrupci\u00f3 i) els abusos sist\u00e8mics, i per la integritat institucional<\/strong><\/p>\n<p>\u00c0mbit en qu\u00e8 treballa des del 2012, quan funda el <a href=\"https:\/\/15mparato.wordpress.com\/\" target=\"_blank\" rel=\"noopener\">dispositiu ciutad\u00e0 que impulsa el cas Bankia<\/a> i treu a la llum les <a href=\"http:\/\/correosdeblesa.com\/auth\/login\/?_path=%2F\" target=\"_blank\" rel=\"noopener\">targetes black<\/a>, fet que comporta la condemna (2018) de 65 pol\u00edtics i banquers, entre ells l\u2019exministre d\u2019Economia i expresident del Fons Monetari Internacional, i permet la devoluci\u00f3 a les persones afectades d\u2019accions i preferents per valor de gaireb\u00e9 9.000 milions d\u2019euros.<\/p>\n<p>Pionera en protecci\u00f3 d\u2019alertadors i en b\u00fasties de den\u00fancia an\u00f2nimes i segures, l\u2019any 2019 registra al <a href=\"https:\/\/xnet-x.net\/es\/rueda-prensa-xnet-primera-ley-alertadores-ue\/\" target=\"_blank\" rel=\"noopener\">Congr\u00e9s espanyol<\/a> i al Parlament de Catalunya la primera transposici\u00f3 de la Directiva europea per a la protecci\u00f3 de les persones alertadores i informants, i <a href=\"https:\/\/xnet-x.net\/es\/proposicion-ley-proteccion-integral-alertadores\/\" target=\"_blank\" rel=\"noopener\">genera una plantilla<\/a> de transposici\u00f3 que pugui servir a altres pa\u00efsos.<\/p>\n<p>El 2018 planteja un sistema de <a href=\"https:\/\/xnet-x.net\/hazlo-tu-proposiciones-ley-congreso\/\" target=\"_blank\" rel=\"noopener\">registre de proposicions legislatives<\/a> DIY per al Congr\u00e9s dels Diputats i els parlaments.<\/p>\n<p>Especialista en litigi estrat\u00e8gic per a la transformaci\u00f3 social, des del 2018 treballa intensament per millorar la <a href=\"https:\/\/xnet-x.net\/es\/aceptadas-nuestras-enmiendas-en-defensa-alertadores-whistelblowers\/\" target=\"_blank\" rel=\"noopener\">legislaci\u00f3 nacional i europea<\/a> sobre <a href=\"https:\/\/xnet-x.net\/es\/ley-demandas-colectivas-acumuladas\/\" target=\"_blank\" rel=\"noopener\">demandes col\u00b7lectives<\/a> i les SLAPPs.<\/p>\n<p>Els anys 2017 impulsa i obre el <a href=\"https:\/\/xnet-x.net\/es\/buzon-xnet\/\" target=\"_blank\" rel=\"noopener\">primer canal institucional de den\u00fancia d\u2019irregularitats, an\u00f2nim i segur<\/a> basat en Globaleaks a l\u2019Ajuntament de Barcelona. Posteriorment, replica aquest prototip a moltes altres institucions p\u00fabliques i privades (actualment m\u00e9s de 10). Contribueix a l\u2019esmena de la Directiva europea de whistleblowers.<\/p>\n<p>Els anys 2016-2017, la seva obra <a href=\"https:\/\/xnet-x.net\/hazte-banquero\/\">\u00abHazte banquero\u00bb<\/a>, sobre el cas Bankia i com combatre la corrupci\u00f3 amb eines digitals, escrita amb Sergio Salgado, arriba als 10.000 espectadors.<\/p>\n<p>L\u2019any 2015 es produeix la divulgaci\u00f3 p\u00fablica i l\u2019esc\u00e0ndol dels Correus de Blesa: es destapen les targetes black.<\/p>\n<p>El 2015 funda els <a href=\"https:\/\/www.lasexta.com\/programas\/sexta-columna\/simona-levi-grupo-ciudadano-corrupcion-gente-que-denuncia-corrupcion-sufre-muchas-represalias_201601225723dc946584a81fd8821897.html\" target=\"_blank\" rel=\"noopener\">Grups Ciutadans Contra la Corrupci\u00f3<\/a> a escala estatal i de Catalunya. Obertura del canal an\u00f2nim de Xnet de den\u00fancia d\u2019irregularitats. Xnet cofund\u00e0 F\u00edltrala l\u2019any anterior.<\/p>\n<\/div><div class=\"awb-gallery-wrapper awb-gallery-wrapper-2 button-span-no\" style=\"--more-btn-alignment:center;\"><div style=\"margin:-5px;--awb-bordersize:0px;--awb-caption-title-size:12px;--awb-caption-margin-top:10px;--awb-caption-margin-bottom:10px;--awb-caption-title-font-family:&quot;Inter&quot;;--awb-caption-title-font-style:normal;--awb-caption-title-font-weight:300;\" class=\"fusion-gallery fusion-gallery-container fusion-grid-3 fusion-columns-total-3 fusion-gallery-layout-grid fusion-gallery-2\"><div style=\"padding:5px;\" class=\"fusion-grid-column fusion-gallery-column fusion-gallery-column-3 hover-type-none\"><div class=\"fusion-gallery-image\"><a href=\"https:\/\/xnet-x.net\/wp-content\/uploads\/2025\/12\/Simona-Levi-Innmotion-speech.jpg\" rel=\"noreferrer\" data-rel=\"iLightbox[gallery_image_2]\" class=\"fusion-lightbox\" target=\"_self\"><img decoding=\"async\" src=\"https:\/\/xnet-x.net\/wp-content\/uploads\/2025\/12\/Simona-Levi-Innmotion-speech-460x295.jpg\" width=\"460\" height=\"295\" alt=\"\" title=\"Simona-Levi-Innmotion-speech\" aria-label=\"Simona-Levi-Innmotion-speech\" class=\"img-responsive wp-image-1470 fusion-gallery-image-size-fixed\"  \/><\/a><\/div><\/div><div style=\"padding:5px;\" class=\"fusion-grid-column fusion-gallery-column fusion-gallery-column-3 hover-type-none\"><div class=\"fusion-gallery-image\"><a href=\"https:\/\/xnet-x.net\/wp-content\/uploads\/2025\/12\/Simona-Levi-speech-1.jpg\" rel=\"noreferrer\" data-rel=\"iLightbox[gallery_image_2]\" class=\"fusion-lightbox\" target=\"_self\"><img decoding=\"async\" src=\"https:\/\/xnet-x.net\/wp-content\/uploads\/2025\/12\/Simona-Levi-speech-1-460x295.jpg\" width=\"460\" height=\"295\" alt=\"\" title=\"Simona-Levi-speech\" aria-label=\"Simona-Levi-speech\" class=\"img-responsive wp-image-1472 fusion-gallery-image-size-fixed\"  \/><\/a><\/div><\/div><div class=\"clearfix\"><\/div><div style=\"padding:5px;\" class=\"fusion-grid-column fusion-gallery-column fusion-gallery-column-3 hover-type-none\"><div class=\"fusion-gallery-image\"><a href=\"https:\/\/xnet-x.net\/wp-content\/uploads\/2025\/12\/Simona-Levi-Xnet.jpg\" rel=\"noreferrer\" data-rel=\"iLightbox[gallery_image_2]\" class=\"fusion-lightbox\" target=\"_self\"><img decoding=\"async\" src=\"https:\/\/xnet-x.net\/wp-content\/uploads\/2025\/12\/Simona-Levi-Xnet-460x295.jpg\" width=\"460\" height=\"295\" alt=\"\" title=\"Simona-Levi-Xnet\" aria-label=\"Simona-Levi-Xnet\" class=\"img-responsive wp-image-1474 fusion-gallery-image-size-fixed\"  \/><\/a><\/div><\/div><\/div><\/div><\/div><\/div><\/div><\/div><\/div><div id=\"presentacion\" class=\"fusion-container-anchor\"><div class=\"fusion-fullwidth fullwidth-box fusion-builder-row-6 fusion-flex-container has-pattern-background has-mask-background nonhundred-percent-fullwidth non-hundred-percent-height-scrolling\" style=\"--awb-border-radius-top-left:0px;--awb-border-radius-top-right:0px;--awb-border-radius-bottom-right:0px;--awb-border-radius-bottom-left:0px;--awb-padding-top:30px;--awb-padding-bottom:0px;--awb-flex-wrap:wrap;\" ><div class=\"fusion-builder-row fusion-row fusion-flex-align-items-flex-start fusion-flex-justify-content-center fusion-flex-content-wrap\" style=\"max-width:1248px;margin-left: calc(-4% \/ 2 );margin-right: calc(-4% \/ 2 );\"><div class=\"fusion-layout-column fusion_builder_column fusion-builder-column-5 fusion_builder_column_3_4 3_4 fusion-flex-column\" style=\"--awb-bg-size:cover;--awb-width-large:75%;--awb-margin-top-large:0px;--awb-spacing-right-large:2.56%;--awb-margin-bottom-large:0px;--awb-spacing-left-large:2.56%;--awb-width-medium:75%;--awb-order-medium:0;--awb-spacing-right-medium:2.56%;--awb-spacing-left-medium:2.56%;--awb-width-small:100%;--awb-order-small:0;--awb-spacing-right-small:1.92%;--awb-spacing-left-small:1.92%;\" data-scroll-devices=\"small-visibility,medium-visibility,large-visibility\"><div class=\"fusion-column-wrapper fusion-column-has-shadow fusion-flex-justify-content-flex-start fusion-content-layout-column\"><div class=\"fusion-text fusion-text-10 fusion-text-no-margin\" style=\"--awb-font-size:20px;--awb-line-height:1.3em;--awb-margin-top:20px;--awb-margin-bottom:0px;--awb-text-font-family:&quot;Inter&quot;;--awb-text-font-style:normal;--awb-text-font-weight:700;\"><p>Dispositius que ha generat amb Xnet<\/p>\n<\/div><div class=\"fusion-text fusion-text-11\" style=\"--awb-font-size:18px;--awb-line-height:1.3em;--awb-margin-top:20px;--awb-text-font-family:&quot;Inter&quot;;--awb-text-font-style:normal;--awb-text-font-weight:600;\"><p>DIGITALITZACI\u00d3 DEMOCR\u00c0TICA<\/p>\n<\/div><div class=\"fusion-text fusion-text-12 fusion-text-no-margin\" style=\"--awb-line-height:1.3em;--awb-margin-top:0px;--awb-margin-bottom:30px;\"><p><strong><a href=\"https:\/\/digitalizacion-democratica.xnet-x.net\/\" target=\"_blank\" rel=\"noopener\">Proposta per a una digitalitzaci\u00f3 sobirana i democr\u00e0tica d\u2019Europa<\/a><\/strong><br \/>\nInforme encarregat per la presid\u00e8ncia del Parlament Europeu per a una digitalitzaci\u00f3 inclusiva i respectuosa amb els drets fonamentals. A partir de les accions concretes coordinades per Levi en l\u2019\u00e0mbit educatiu, es dissenyen l\u00ednies d\u2019actuaci\u00f3 que es posen en pr\u00e0ctica, aix\u00ed com recomanacions de pol\u00edtiques p\u00fabliques i legislatives.<\/p>\n<p><strong><a href=\"https:\/\/xnet-x.net\/es\/presentamos-dd-herramienta-digitalizacion-democratica-educacion\/\" target=\"_blank\" rel=\"noopener\">Pla de Digitalitzaci\u00f3 Democr\u00e0tica en l\u2019\u00e0mbit de l\u2019educaci\u00f3 i DD<\/a><\/strong><br \/>\nDisseny i pilotatge d\u2019infraestructures per als serveis p\u00fablics amb la sobirania i els drets digitals de la ciutadania al centre.<\/p>\n<p><strong><a href=\"https:\/\/curso.digitalizacion-democratica.xnet-x.net\/\" target=\"_blank\" rel=\"noopener\">Curs\/congr\u00e9s Internacional d\u2019Educaci\u00f3 Digital Democr\u00e0tica i Open Edtech<\/a><\/strong><br \/>\nPer dotar d\u2019eines d\u2019an\u00e0lisi els centres educatius, el professorat, la comunitat educativa, les i els legisladors i el p\u00fablic en general, amb l\u2019objectiu d\u2019entendre el context i la cultura digital i de plantejar el disseny de pedagogies des d\u2019una perspectiva innovadora, \u00e0gil i respectuosa amb els drets humans.<\/p>\n<\/div><div class=\"fusion-image-element \" style=\"--awb-caption-title-font-family:var(--h2_typography-font-family);--awb-caption-title-font-weight:var(--h2_typography-font-weight);--awb-caption-title-font-style:var(--h2_typography-font-style);--awb-caption-title-size:var(--h2_typography-font-size);--awb-caption-title-transform:var(--h2_typography-text-transform);--awb-caption-title-line-height:var(--h2_typography-line-height);--awb-caption-title-letter-spacing:var(--h2_typography-letter-spacing);\"><span class=\" fusion-imageframe imageframe-none imageframe-2 hover-type-none\"><img decoding=\"async\" width=\"1024\" height=\"430\" title=\"simona-levi-congress-DD\" src=\"https:\/\/xnet-x.net\/wp-content\/uploads\/2025\/12\/simona-levi-congress-DD.jpg\" alt class=\"img-responsive wp-image-1476\" srcset=\"https:\/\/xnet-x.net\/wp-content\/uploads\/2025\/12\/simona-levi-congress-DD-200x84.jpg 200w, https:\/\/xnet-x.net\/wp-content\/uploads\/2025\/12\/simona-levi-congress-DD-400x168.jpg 400w, https:\/\/xnet-x.net\/wp-content\/uploads\/2025\/12\/simona-levi-congress-DD-600x252.jpg 600w, https:\/\/xnet-x.net\/wp-content\/uploads\/2025\/12\/simona-levi-congress-DD-800x336.jpg 800w, https:\/\/xnet-x.net\/wp-content\/uploads\/2025\/12\/simona-levi-congress-DD.jpg 1024w\" sizes=\"(max-width: 640px) 100vw, 1024px\" \/><\/span><\/div><\/div><\/div><div class=\"fusion-layout-column fusion_builder_column fusion-builder-column-6 fusion_builder_column_3_4 3_4 fusion-flex-column\" style=\"--awb-bg-size:cover;--awb-width-large:75%;--awb-margin-top-large:30px;--awb-spacing-right-large:2.56%;--awb-margin-bottom-large:0px;--awb-spacing-left-large:2.56%;--awb-width-medium:75%;--awb-order-medium:0;--awb-spacing-right-medium:2.56%;--awb-spacing-left-medium:2.56%;--awb-width-small:100%;--awb-order-small:0;--awb-spacing-right-small:1.92%;--awb-spacing-left-small:1.92%;\" data-scroll-devices=\"small-visibility,medium-visibility,large-visibility\"><div class=\"fusion-column-wrapper fusion-column-has-shadow fusion-flex-justify-content-flex-start fusion-content-layout-column\"><div class=\"fusion-text fusion-text-13\" style=\"--awb-font-size:18px;--awb-line-height:1.3em;--awb-margin-top:20px;--awb-text-font-family:&quot;Inter&quot;;--awb-text-font-style:normal;--awb-text-font-weight:600;\"><p>CULTURA LLIURE<\/p>\n<\/div><div class=\"fusion-text fusion-text-14 fusion-text-no-margin\" style=\"--awb-line-height:1.3em;--awb-margin-top:0px;--awb-margin-bottom:30px;\"><p><a href=\"https:\/\/xnet-x.net\/contactanos-para\/the-oxcars\/\" target=\"_blank\" rel=\"noopener noreferrer\"><strong>OXcars<\/strong><\/a> <strong>\u2013 El major esdeveniment de la cultura lliure de tots els temps:<\/strong> Simona escriu el gui\u00f3 i dirigeix la posada en escena de l\u2019espectacle, una mena de marat\u00f3-gala no competitiva celebrada anualment del 2008 al 2013 a Barcelona per visibilitzar la creaci\u00f3 i la distribuci\u00f3 cultural realitzades sota els paradigmes de la cultura lliure i compartida i de la defensa d\u2019un Internet neutral. A trav\u00e9s de mostres i mencions d\u2019obres de diverses categories, s\u2019hi presenten de manera par\u00f2dica solucions legals reals.<\/p>\n<\/div><div class=\"fusion-builder-row fusion-builder-row-inner fusion-row fusion-flex-align-items-flex-start fusion-flex-justify-content-center fusion-flex-content-wrap\" style=\"--awb-flex-grow:0;--awb-flex-grow-medium:0;--awb-flex-grow-small:0;--awb-flex-shrink:0;--awb-flex-shrink-medium:0;--awb-flex-shrink-small:0;width:104% !important;max-width:104% !important;margin-left: calc(-4% \/ 2 );margin-right: calc(-4% \/ 2 );\"><div class=\"fusion-layout-column fusion_builder_column_inner fusion-builder-nested-column-0 fusion_builder_column_inner_1_3 1_3 fusion-flex-column\" style=\"--awb-bg-color:var(--awb-color2);--awb-bg-color-hover:var(--awb-color2);--awb-bg-size:cover;--awb-width-large:33.333333333333%;--awb-margin-top-large:0px;--awb-spacing-right-large:5.76%;--awb-margin-bottom-large:20px;--awb-spacing-left-large:5.76%;--awb-width-medium:33.333333333333%;--awb-order-medium:0;--awb-spacing-right-medium:5.76%;--awb-spacing-left-medium:5.76%;--awb-width-small:100%;--awb-order-small:0;--awb-spacing-right-small:1.92%;--awb-spacing-left-small:1.92%;\" data-scroll-devices=\"small-visibility,medium-visibility,large-visibility\"><div class=\"fusion-column-wrapper fusion-column-has-shadow fusion-flex-justify-content-flex-start fusion-content-layout-column\"><div class=\"fusion-text fusion-text-15 fusion-text-no-margin\" style=\"--awb-text-color:var(--awb-color4);--awb-margin-top:10px;--awb-margin-bottom:10px;--awb-text-font-family:&quot;Inter&quot;;--awb-text-font-style:normal;--awb-text-font-weight:700;\"><p style=\"text-align: center;\">Oxcars 2013<\/p>\n<\/div><div class=\"fusion-video fusion-youtube\" style=\"--awb-max-width:600px;--awb-max-height:350px;\"><div class=\"video-shortcode\"><div class=\"fluid-width-video-wrapper\" style=\"padding-top:58.33%;\" ><iframe title=\"YouTube video player 1\" src=\"https:\/\/www.youtube.com\/embed\/CFjoh5rzJ4c?wmode=transparent&autoplay=0\" width=\"600\" height=\"350\" allowfullscreen allow=\"autoplay; clipboard-write; encrypted-media; gyroscope; picture-in-picture;\"><\/iframe><\/div><\/div><\/div><div class=\"fusion-text fusion-text-16 fusion-text-no-margin\" style=\"--awb-font-size:13px;--awb-text-color:var(--awb-color7);--awb-margin-top:10px;--awb-margin-bottom:10px;--awb-text-font-family:&quot;Inter&quot;;--awb-text-font-style:normal;--awb-text-font-weight:300;\"><p style=\"text-align: center;\"><a title=\"ir a la web de Oxcars 2013\" href=\"https:\/\/oxcars13.xnet-x.net\/\" target=\"_blank\" rel=\"noopener noreferrer\">M\u00e1s info sobre Oxcars 2013<\/a><\/p>\n<\/div><\/div><\/div><div class=\"fusion-layout-column fusion_builder_column_inner fusion-builder-nested-column-1 fusion_builder_column_inner_1_3 1_3 fusion-flex-column\" style=\"--awb-bg-color:var(--awb-color2);--awb-bg-color-hover:var(--awb-color2);--awb-bg-size:cover;--awb-width-large:33.333333333333%;--awb-margin-top-large:0px;--awb-spacing-right-large:5.76%;--awb-margin-bottom-large:20px;--awb-spacing-left-large:5.76%;--awb-width-medium:33.333333333333%;--awb-order-medium:0;--awb-spacing-right-medium:5.76%;--awb-spacing-left-medium:5.76%;--awb-width-small:100%;--awb-order-small:0;--awb-spacing-right-small:1.92%;--awb-spacing-left-small:1.92%;\" data-scroll-devices=\"small-visibility,medium-visibility,large-visibility\"><div class=\"fusion-column-wrapper fusion-column-has-shadow fusion-flex-justify-content-flex-start fusion-content-layout-column\"><div class=\"fusion-text fusion-text-17 fusion-text-no-margin\" style=\"--awb-text-color:var(--awb-color4);--awb-margin-top:10px;--awb-margin-bottom:10px;--awb-text-font-family:&quot;Inter&quot;;--awb-text-font-style:normal;--awb-text-font-weight:700;\"><p style=\"text-align: center;\">Oxcars 2012<\/p>\n<\/div><div class=\"fusion-video fusion-youtube\" style=\"--awb-max-width:600px;--awb-max-height:350px;\"><div class=\"video-shortcode\"><div class=\"fluid-width-video-wrapper\" style=\"padding-top:58.33%;\" ><iframe title=\"YouTube video player 2\" src=\"https:\/\/www.youtube.com\/embed\/42OWl61i8us?wmode=transparent&autoplay=0\" width=\"600\" height=\"350\" allowfullscreen allow=\"autoplay; clipboard-write; encrypted-media; gyroscope; picture-in-picture;\"><\/iframe><\/div><\/div><\/div><div class=\"fusion-text fusion-text-18 fusion-text-no-margin\" style=\"--awb-font-size:13px;--awb-text-color:var(--awb-color7);--awb-margin-top:10px;--awb-margin-bottom:10px;--awb-text-font-family:&quot;Inter&quot;;--awb-text-font-style:normal;--awb-text-font-weight:300;\"><p style=\"text-align: center;\"><a title=\"ir a la web de Oxcars 2012\" href=\"https:\/\/oxcars12.xnet-x.net\/\" target=\"_blank\" rel=\"noopener noreferrer\">M\u00e1s info sobre Oxcars 2012<\/a><\/p>\n<\/div><\/div><\/div><div class=\"fusion-layout-column fusion_builder_column_inner fusion-builder-nested-column-2 fusion_builder_column_inner_1_3 1_3 fusion-flex-column\" style=\"--awb-bg-color:var(--awb-color2);--awb-bg-color-hover:var(--awb-color2);--awb-bg-size:cover;--awb-width-large:33.333333333333%;--awb-margin-top-large:0px;--awb-spacing-right-large:5.76%;--awb-margin-bottom-large:20px;--awb-spacing-left-large:5.76%;--awb-width-medium:33.333333333333%;--awb-order-medium:0;--awb-spacing-right-medium:5.76%;--awb-spacing-left-medium:5.76%;--awb-width-small:100%;--awb-order-small:0;--awb-spacing-right-small:1.92%;--awb-spacing-left-small:1.92%;\" data-scroll-devices=\"small-visibility,medium-visibility,large-visibility\"><div class=\"fusion-column-wrapper fusion-column-has-shadow fusion-flex-justify-content-flex-start fusion-content-layout-column\"><div class=\"fusion-text fusion-text-19 fusion-text-no-margin\" style=\"--awb-text-color:var(--awb-color4);--awb-margin-top:10px;--awb-margin-bottom:10px;--awb-text-font-family:&quot;Inter&quot;;--awb-text-font-style:normal;--awb-text-font-weight:700;\"><p style=\"text-align: center;\">Oxcars 2011<\/p>\n<\/div><div class=\"fusion-video fusion-youtube\" style=\"--awb-max-width:600px;--awb-max-height:350px;\"><div class=\"video-shortcode\"><div class=\"fluid-width-video-wrapper\" style=\"padding-top:58.33%;\" ><iframe title=\"YouTube video player 3\" src=\"https:\/\/www.youtube.com\/embed\/4af4M05vtkM?wmode=transparent&autoplay=0\" width=\"600\" height=\"350\" allowfullscreen allow=\"autoplay; clipboard-write; encrypted-media; gyroscope; picture-in-picture;\"><\/iframe><\/div><\/div><\/div><div class=\"fusion-text fusion-text-20 fusion-text-no-margin\" style=\"--awb-font-size:13px;--awb-text-color:var(--awb-color7);--awb-margin-top:10px;--awb-margin-bottom:10px;--awb-text-font-family:&quot;Inter&quot;;--awb-text-font-style:normal;--awb-text-font-weight:300;\"><p style=\"text-align: center;\"><a title=\"ir a la web de Oxcars 2011\" href=\"https:\/\/oxcars11.xnet-x.net\/\" target=\"_blank\" rel=\"noopener noreferrer\">M\u00e1s info sobre Oxcars 2011<\/a><\/p>\n<\/div><\/div><\/div><div class=\"fusion-layout-column fusion_builder_column_inner fusion-builder-nested-column-3 fusion_builder_column_inner_1_3 1_3 fusion-flex-column\" style=\"--awb-bg-color:var(--awb-color2);--awb-bg-color-hover:var(--awb-color2);--awb-bg-size:cover;--awb-width-large:33.333333333333%;--awb-margin-top-large:0px;--awb-spacing-right-large:5.76%;--awb-margin-bottom-large:20px;--awb-spacing-left-large:5.76%;--awb-width-medium:33.333333333333%;--awb-order-medium:0;--awb-spacing-right-medium:5.76%;--awb-spacing-left-medium:5.76%;--awb-width-small:100%;--awb-order-small:0;--awb-spacing-right-small:1.92%;--awb-spacing-left-small:1.92%;\" data-scroll-devices=\"small-visibility,medium-visibility,large-visibility\"><div class=\"fusion-column-wrapper fusion-column-has-shadow fusion-flex-justify-content-flex-start fusion-content-layout-column\"><div class=\"fusion-text fusion-text-21 fusion-text-no-margin\" style=\"--awb-text-color:var(--awb-color4);--awb-margin-top:10px;--awb-margin-bottom:10px;--awb-text-font-family:&quot;Inter&quot;;--awb-text-font-style:normal;--awb-text-font-weight:700;\"><p style=\"text-align: center;\">Oxcars 2010<\/p>\n<\/div><div class=\"fusion-video fusion-youtube\" style=\"--awb-max-width:600px;--awb-max-height:350px;\"><div class=\"video-shortcode\"><div class=\"fluid-width-video-wrapper\" style=\"padding-top:58.33%;\" ><iframe title=\"YouTube video player 4\" src=\"https:\/\/www.youtube.com\/embed\/xRFXm2Ge9vw?wmode=transparent&autoplay=0\" width=\"600\" height=\"350\" allowfullscreen allow=\"autoplay; clipboard-write; encrypted-media; gyroscope; picture-in-picture;\"><\/iframe><\/div><\/div><\/div><div class=\"fusion-text fusion-text-22 fusion-text-no-margin\" style=\"--awb-font-size:13px;--awb-text-color:var(--awb-color7);--awb-margin-top:10px;--awb-margin-bottom:10px;--awb-text-font-family:&quot;Inter&quot;;--awb-text-font-style:normal;--awb-text-font-weight:300;\"><p style=\"text-align: center;\"><a title=\"ir a la web de Oxcars 2010\" href=\"https:\/\/oxcars10.xnet-x.net\/\" target=\"_blank\" rel=\"noopener noreferrer\">M\u00e1s info sobre Oxcars 2010<\/a><\/p>\n<\/div><\/div><\/div><div class=\"fusion-layout-column fusion_builder_column_inner fusion-builder-nested-column-4 fusion_builder_column_inner_1_3 1_3 fusion-flex-column\" style=\"--awb-bg-color:var(--awb-color2);--awb-bg-color-hover:var(--awb-color2);--awb-bg-size:cover;--awb-width-large:33.333333333333%;--awb-margin-top-large:0px;--awb-spacing-right-large:5.76%;--awb-margin-bottom-large:20px;--awb-spacing-left-large:5.76%;--awb-width-medium:33.333333333333%;--awb-order-medium:0;--awb-spacing-right-medium:5.76%;--awb-spacing-left-medium:5.76%;--awb-width-small:100%;--awb-order-small:0;--awb-spacing-right-small:1.92%;--awb-spacing-left-small:1.92%;\" data-scroll-devices=\"small-visibility,medium-visibility,large-visibility\"><div class=\"fusion-column-wrapper fusion-column-has-shadow fusion-flex-justify-content-flex-start fusion-content-layout-column\"><div class=\"fusion-text fusion-text-23 fusion-text-no-margin\" style=\"--awb-text-color:var(--awb-color4);--awb-margin-top:10px;--awb-margin-bottom:10px;--awb-text-font-family:&quot;Inter&quot;;--awb-text-font-style:normal;--awb-text-font-weight:700;\"><p style=\"text-align: center;\">Oxcars 2009<\/p>\n<\/div><div class=\"fusion-video fusion-youtube\" style=\"--awb-max-width:600px;--awb-max-height:350px;\"><div class=\"video-shortcode\"><div class=\"fluid-width-video-wrapper\" style=\"padding-top:58.33%;\" ><iframe title=\"YouTube video player 5\" src=\"https:\/\/www.youtube.com\/embed\/mp2e6DVDtDc?wmode=transparent&autoplay=0\" width=\"600\" height=\"350\" allowfullscreen allow=\"autoplay; clipboard-write; encrypted-media; gyroscope; picture-in-picture;\"><\/iframe><\/div><\/div><\/div><div class=\"fusion-text fusion-text-24 fusion-text-no-margin\" style=\"--awb-font-size:13px;--awb-text-color:var(--awb-color7);--awb-margin-top:10px;--awb-margin-bottom:10px;--awb-text-font-family:&quot;Inter&quot;;--awb-text-font-style:normal;--awb-text-font-weight:300;\"><p style=\"text-align: center;\"><a title=\"ir a la web de Oxcars 2009\" href=\"https:\/\/oxcars09.xnet-x.net\/\" target=\"_blank\" rel=\"noopener noreferrer\">M\u00e1s info sobre Oxcars 2009<\/a><\/p>\n<\/div><\/div><\/div><div class=\"fusion-layout-column fusion_builder_column_inner fusion-builder-nested-column-5 fusion_builder_column_inner_1_3 1_3 fusion-flex-column\" style=\"--awb-bg-color:var(--awb-color2);--awb-bg-color-hover:var(--awb-color2);--awb-bg-size:cover;--awb-width-large:33.333333333333%;--awb-margin-top-large:0px;--awb-spacing-right-large:5.76%;--awb-margin-bottom-large:20px;--awb-spacing-left-large:5.76%;--awb-width-medium:33.333333333333%;--awb-order-medium:0;--awb-spacing-right-medium:5.76%;--awb-spacing-left-medium:5.76%;--awb-width-small:100%;--awb-order-small:0;--awb-spacing-right-small:1.92%;--awb-spacing-left-small:1.92%;\" data-scroll-devices=\"small-visibility,medium-visibility,large-visibility\"><div class=\"fusion-column-wrapper fusion-column-has-shadow fusion-flex-justify-content-flex-start fusion-content-layout-column\"><div class=\"fusion-text fusion-text-25 fusion-text-no-margin\" style=\"--awb-text-color:var(--awb-color4);--awb-margin-top:10px;--awb-margin-bottom:10px;--awb-text-font-family:&quot;Inter&quot;;--awb-text-font-style:normal;--awb-text-font-weight:700;\"><p style=\"text-align: center;\">Oxcars 2008<\/p>\n<\/div><div class=\"fusion-video fusion-youtube\" style=\"--awb-max-width:600px;--awb-max-height:350px;\"><div class=\"video-shortcode\"><div class=\"fluid-width-video-wrapper\" style=\"padding-top:58.33%;\" ><iframe title=\"YouTube video player 6\" src=\"https:\/\/www.youtube.com\/embed\/nWb57io6P98?wmode=transparent&autoplay=0\" width=\"600\" height=\"350\" allowfullscreen allow=\"autoplay; clipboard-write; encrypted-media; gyroscope; picture-in-picture;\"><\/iframe><\/div><\/div><\/div><div class=\"fusion-text fusion-text-26 fusion-text-no-margin\" style=\"--awb-font-size:13px;--awb-text-color:var(--awb-color7);--awb-margin-top:10px;--awb-margin-bottom:10px;--awb-text-font-family:&quot;Inter&quot;;--awb-text-font-style:normal;--awb-text-font-weight:300;\"><p style=\"text-align: center;\"><a title=\"ir a la web de Oxcars 2008\" href=\"https:\/\/xnet-x.net\/proyectos\/oxcars-08\/\" target=\"_blank\" rel=\"noopener noreferrer\">M\u00e1s info sobre Oxcars 2008<\/a><\/p>\n<\/div><\/div><\/div><\/div><div class=\"fusion-text fusion-text-27 fusion-text-no-margin\" style=\"--awb-line-height:1.3em;--awb-margin-top:0px;--awb-margin-bottom:30px;\"><p><a href=\"http:\/\/fcforum.net\/\" target=\"_blank\" rel=\"noopener noreferrer\"><strong>Free Culture Forum<\/strong><\/a><\/p>\n<div id=\"attachment_11323\" class=\"wp-caption alignright\">\n<p>\u00a0<\/p>\n<p id=\"caption-attachment-11323\" class=\"wp-caption-text\">\u00a0<\/p>\n<\/div>\n<p>\u2013 <strong>Observatori Internacional de Drets Democr\u00e0tics a l\u2019Era Digital<\/strong>: Simona Levi \u00e9s coordinadora, programadora i directora del Free Culture Forum des del 2009, una trobada internacional que reuneix a Barcelona organitzacions i expertes per crear un marc estrat\u00e8gic global i una estructura de coordinaci\u00f3 internacional.<\/p>\n<p><strong><a href=\"https:\/\/xnet-x.net\/sinde-pirate\/\" target=\"_blank\" rel=\"noopener noreferrer\">Sinde Pirate<\/a><\/strong><\/p>\n<p><a href=\"https:\/\/xnet-x.net\/molina-pirate\/\" target=\"_blank\" rel=\"noopener noreferrer\">Molina Pirate<\/a><\/p>\n<p><strong><a href=\"http:\/\/redsostenible.wikia.com\/wiki\/RedSostenible\" target=\"_blank\" rel=\"noopener noreferrer\">Red Sostenible<\/a><\/strong>: Impulsa la fundaci\u00f3 d\u2019aquesta plataforma ciutadana creada el gener de 2010, que va ser una de les principals coordinacions contra la Llei Sinde.<br \/>Va ser una xarxa de coordinaci\u00f3 i intervenci\u00f3 a escala estatal que va aglutinar organitzacions d\u2019internautes, bloguers i periodistes, expertes en tecnologies de la comunicaci\u00f3 digital, creadores, juristes especialitzats en drets digitals i d\u2019autor, col\u00b7lectius de productores, empresariat i organitzacions d\u2019usuaris.<\/p>\n<p><strong><a href=\"http:\/\/d-evolution.fcforum.net\/\" target=\"_blank\" rel=\"noopener noreferrer\">(D\u2019) Evolution Summit<\/a>, cimera ciutadana<\/strong>:<\/p>\n<div id=\"attachment_28162\" class=\"wp-caption alignright\">\u00a0<\/div>\n<p>Dissenya i dirigeix aquesta acci\u00f3 multitudin\u00e0ria al carrer, que es va situar com a punt de contrainformaci\u00f3 durant la trobada de ministres de Cultura de la Comunitat Europea, reunits a Barcelona en el marc de la Presid\u00e8ncia espanyola de la Uni\u00f3 Europea.<\/p>\n<\/div><div class=\"awb-gallery-wrapper awb-gallery-wrapper-3 button-span-no\" style=\"--more-btn-alignment:center;\"><div style=\"margin:-5px;--awb-bordersize:0px;--awb-caption-title-size:12px;--awb-caption-margin-top:10px;--awb-caption-margin-bottom:10px;--awb-caption-title-font-family:&quot;Inter&quot;;--awb-caption-title-font-style:normal;--awb-caption-title-font-weight:300;\" class=\"fusion-gallery fusion-gallery-container fusion-grid-2 fusion-columns-total-2 fusion-gallery-layout-grid fusion-gallery-3\"><div style=\"padding:5px;\" class=\"fusion-grid-column fusion-gallery-column fusion-gallery-column-2 hover-type-none awb-imageframe-style awb-imageframe-style-below awb-imageframe-style-3\"><div class=\"fusion-gallery-image\"><a href=\"https:\/\/xnet-x.net\/wp-content\/uploads\/2025\/12\/simona-levi-fcforum.jpg\" rel=\"noreferrer\" data-rel=\"iLightbox[gallery_image_3]\" class=\"fusion-lightbox\" target=\"_self\"><img decoding=\"async\" src=\"https:\/\/xnet-x.net\/wp-content\/uploads\/2025\/12\/simona-levi-fcforum-460x295.jpg\" width=\"460\" height=\"295\" alt=\"\" title=\"Free Culture Forum\" aria-label=\"Free Culture Forum\" class=\"img-responsive wp-image-1478 fusion-gallery-image-size-fixed\"  \/><\/a><\/div><div class=\"awb-imageframe-caption-container\" style=\"text-align:left;\"><div class=\"awb-imageframe-caption\"><h2 class=\"awb-imageframe-caption-title\">Free Culture Forum<\/h2><\/div><\/div><\/div><div class=\"clearfix\"><\/div><div style=\"padding:5px;\" class=\"fusion-grid-column fusion-gallery-column fusion-gallery-column-2 hover-type-none awb-imageframe-style awb-imageframe-style-below awb-imageframe-style-3\"><div class=\"fusion-gallery-image\"><a href=\"https:\/\/xnet-x.net\/wp-content\/uploads\/2025\/12\/simona-levi-evolution-summit.jpg\" rel=\"noreferrer\" data-rel=\"iLightbox[gallery_image_3]\" class=\"fusion-lightbox\" target=\"_self\"><img decoding=\"async\" src=\"https:\/\/xnet-x.net\/wp-content\/uploads\/2025\/12\/simona-levi-evolution-summit-460x295.jpg\" width=\"460\" height=\"295\" alt=\"\" title=\"(D\u2019) Evolution Summit\" aria-label=\"(D\u2019) Evolution Summit\" class=\"img-responsive wp-image-1480 fusion-gallery-image-size-fixed\"  \/><\/a><\/div><div class=\"awb-imageframe-caption-container\" style=\"text-align:left;\"><div class=\"awb-imageframe-caption\"><h2 class=\"awb-imageframe-caption-title\">(D\u2019) Evolution Summit<\/h2><\/div><\/div><\/div><\/div><\/div><\/div><\/div><\/div><\/div><\/div><div id=\"presentacion\" class=\"fusion-container-anchor\"><div class=\"fusion-fullwidth fullwidth-box fusion-builder-row-7 fusion-flex-container has-pattern-background has-mask-background nonhundred-percent-fullwidth non-hundred-percent-height-scrolling\" style=\"--awb-border-radius-top-left:0px;--awb-border-radius-top-right:0px;--awb-border-radius-bottom-right:0px;--awb-border-radius-bottom-left:0px;--awb-padding-top:30px;--awb-padding-bottom:0px;--awb-flex-wrap:wrap;\" ><div class=\"fusion-builder-row fusion-row fusion-flex-align-items-flex-start fusion-flex-justify-content-center fusion-flex-content-wrap\" style=\"max-width:1248px;margin-left: calc(-4% \/ 2 );margin-right: calc(-4% \/ 2 );\"><div class=\"fusion-layout-column fusion_builder_column fusion-builder-column-7 fusion_builder_column_3_4 3_4 fusion-flex-column\" style=\"--awb-bg-size:cover;--awb-width-large:75%;--awb-margin-top-large:0px;--awb-spacing-right-large:2.56%;--awb-margin-bottom-large:0px;--awb-spacing-left-large:2.56%;--awb-width-medium:75%;--awb-order-medium:0;--awb-spacing-right-medium:2.56%;--awb-spacing-left-medium:2.56%;--awb-width-small:100%;--awb-order-small:0;--awb-spacing-right-small:1.92%;--awb-spacing-left-small:1.92%;\" data-scroll-devices=\"small-visibility,medium-visibility,large-visibility\"><div class=\"fusion-column-wrapper fusion-column-has-shadow fusion-flex-justify-content-flex-start fusion-content-layout-column\"><div class=\"fusion-text fusion-text-28\" style=\"--awb-font-size:18px;--awb-line-height:1.3em;--awb-margin-top:20px;--awb-text-font-family:&quot;Inter&quot;;--awb-text-font-style:normal;--awb-text-font-weight:600;\"><p>REGENERACI\u00d3 DEMOCR\u00c0TICA<\/p>\n<\/div><div class=\"fusion-text fusion-text-29 fusion-text-no-margin\" style=\"--awb-line-height:1.3em;--awb-margin-top:0px;--awb-margin-bottom:30px;\"><p><a href=\"https:\/\/es.wikipedia.org\/wiki\/15MpaRato\" target=\"_blank\" rel=\"noopener noreferrer\"><strong>15MPARATO<\/strong><\/a>: Simona impulsa la campanya ciutadana que l\u2019any 2012 va obrir el que avui coneixem com el cas Bankia.<\/p>\n<p><strong>Grups Ciutadans Contra la Corrupci\u00f3 a escala estatal i de Catalunya<\/strong>: coordinaci\u00f3 de la col\u00b7laboraci\u00f3 entre grups i persones ja actives en mat\u00e8ria d\u2019anticorrupci\u00f3 dins d\u2019una xarxa activa, estable, coordinada i col\u00b7laborativa contra la corrupci\u00f3.<\/p>\n<p><a href=\"https:\/\/aritmetica20n.wordpress.com\/\" target=\"_blank\" rel=\"noopener\"><strong>Aritm\u00e8tica20N<\/strong><\/a>: per a les eleccions generals del 2011, impulsa i crea, juntament amb una altra persona, el dispositiu an\u00f2nim Aritm\u00e8tica20N.<br \/>\nLa pol\u00edtica s\u00f3n idees, les eleccions c\u00e0lculs: una taula de c\u00e0lculs per trencar amb el bipartidisme que havia ocupat l\u2019espai electoral fins aleshores. La taula rep 600.000 visites en 5 dies i esdev\u00e9 un mecanisme rellevant en aquelles eleccions.<\/p>\n<p><a href=\"https:\/\/partidox.org\/\" target=\"_blank\" rel=\"noopener noreferrer\"><strong>Partido X<\/strong><\/a>: impulsora del primer partit nascut a partir d\u2019un grup de persones afins al 15M i als moviments de la cultura lliure. Aquest partit antipartit experimental \u00e9s un prototip \u00fanic, no ideol\u00f2gic, basat en la l\u00f2gica i la metodologia, i defensa un model de democr\u00e0cia monitoritzada i participada per la ciutadania, explotant el potencial pol\u00edtic de les eines digitals de comunicaci\u00f3.<\/p>\n<\/div><div class=\"awb-gallery-wrapper awb-gallery-wrapper-4 button-span-no\" style=\"--more-btn-alignment:center;\"><div style=\"margin:-5px;--awb-bordersize:0px;--awb-caption-title-size:12px;--awb-caption-margin-top:10px;--awb-caption-margin-bottom:10px;--awb-caption-title-font-family:&quot;Inter&quot;;--awb-caption-title-font-style:normal;--awb-caption-title-font-weight:300;\" class=\"fusion-gallery fusion-gallery-container fusion-grid-3 fusion-columns-total-3 fusion-gallery-layout-grid fusion-gallery-4\"><div style=\"padding:5px;\" class=\"fusion-grid-column fusion-gallery-column fusion-gallery-column-3 hover-type-none awb-imageframe-style awb-imageframe-style-below awb-imageframe-style-4\"><div class=\"fusion-gallery-image\"><a href=\"https:\/\/xnet-x.net\/wp-content\/uploads\/2025\/12\/simona-levi-15MpaRato-768x423-1.jpg\" rel=\"noreferrer\" data-rel=\"iLightbox[gallery_image_4]\" class=\"fusion-lightbox\" target=\"_self\"><img decoding=\"async\" src=\"https:\/\/xnet-x.net\/wp-content\/uploads\/2025\/12\/simona-levi-15MpaRato-768x423-1-460x295.jpg\" width=\"460\" height=\"295\" alt=\"\" title=\"15MPARATO &#8211; Fotograf\u00eda de Edu Bayer\" aria-label=\"15MPARATO &#8211; Fotograf\u00eda de Edu Bayer\" class=\"img-responsive wp-image-1482 fusion-gallery-image-size-fixed\"  \/><\/a><\/div><div class=\"awb-imageframe-caption-container\" style=\"text-align:left;\"><div class=\"awb-imageframe-caption\"><h2 class=\"awb-imageframe-caption-title\">15MPARATO &#8211; Fotograf\u00eda de Edu Bayer<\/h2><\/div><\/div><\/div><div style=\"padding:5px;\" class=\"fusion-grid-column fusion-gallery-column fusion-gallery-column-3 hover-type-none awb-imageframe-style awb-imageframe-style-below awb-imageframe-style-4\"><div class=\"fusion-gallery-image\"><a href=\"https:\/\/xnet-x.net\/wp-content\/uploads\/2025\/12\/simona-levi-15mparato.jpg\" rel=\"noreferrer\" data-rel=\"iLightbox[gallery_image_4]\" class=\"fusion-lightbox\" target=\"_self\"><img decoding=\"async\" src=\"https:\/\/xnet-x.net\/wp-content\/uploads\/2025\/12\/simona-levi-15mparato-460x295.jpg\" width=\"460\" height=\"295\" alt=\"\" title=\"15MPARATO\" aria-label=\"15MPARATO\" class=\"img-responsive wp-image-1484 fusion-gallery-image-size-fixed\"  \/><\/a><\/div><div class=\"awb-imageframe-caption-container\" style=\"text-align:left;\"><div class=\"awb-imageframe-caption\"><h2 class=\"awb-imageframe-caption-title\">15MPARATO<\/h2><\/div><\/div><\/div><div style=\"padding:5px;\" class=\"fusion-grid-column fusion-gallery-column fusion-gallery-column-3 hover-type-none awb-imageframe-style awb-imageframe-style-below awb-imageframe-style-4\"><div class=\"fusion-gallery-image\"><a href=\"https:\/\/xnet-x.net\/wp-content\/uploads\/2025\/12\/simona-levi-15m-aniversari.jpg\" rel=\"noreferrer\" data-rel=\"iLightbox[gallery_image_4]\" class=\"fusion-lightbox\" target=\"_self\"><img decoding=\"async\" src=\"https:\/\/xnet-x.net\/wp-content\/uploads\/2025\/12\/simona-levi-15m-aniversari-460x295.jpg\" width=\"460\" height=\"295\" alt=\"\" title=\"15MPARATO\" aria-label=\"15MPARATO\" class=\"img-responsive wp-image-1486 fusion-gallery-image-size-fixed\"  \/><\/a><\/div><div class=\"awb-imageframe-caption-container\" style=\"text-align:left;\"><div class=\"awb-imageframe-caption\"><h2 class=\"awb-imageframe-caption-title\">15MPARATO<\/h2><\/div><\/div><\/div><div class=\"clearfix\"><\/div><\/div><\/div><\/div><\/div><div class=\"fusion-layout-column fusion_builder_column fusion-builder-column-8 fusion_builder_column_3_4 3_4 fusion-flex-column\" style=\"--awb-bg-size:cover;--awb-width-large:75%;--awb-margin-top-large:0px;--awb-spacing-right-large:2.56%;--awb-margin-bottom-large:0px;--awb-spacing-left-large:2.56%;--awb-width-medium:75%;--awb-order-medium:0;--awb-spacing-right-medium:2.56%;--awb-spacing-left-medium:2.56%;--awb-width-small:100%;--awb-order-small:0;--awb-spacing-right-small:1.92%;--awb-spacing-left-small:1.92%;\" data-scroll-devices=\"small-visibility,medium-visibility,large-visibility\"><div class=\"fusion-column-wrapper fusion-column-has-shadow fusion-flex-justify-content-flex-start fusion-content-layout-column\"><div class=\"fusion-text fusion-text-30\" style=\"--awb-font-size:18px;--awb-line-height:1.3em;--awb-text-transform:uppercase;--awb-margin-top:20px;--awb-text-font-family:&quot;Inter&quot;;--awb-text-font-style:normal;--awb-text-font-weight:600;\"><p>Publicacions, investigacions, confer\u00e8ncies, doc\u00e8ncia, assessories<\/p>\n<\/div><div class=\"fusion-text fusion-text-31 fusion-text-no-margin\" style=\"--awb-line-height:1.3em;--awb-margin-top:0px;--awb-margin-bottom:30px;\"><p>\u00c9s autora de diversos llibres, entre els quals destaquen \u00ab<a href=\"https:\/\/xnet-x.net\/es\/digitalizacion-democratica-soberania-digital-personas\/\" target=\"_blank\" rel=\"noopener\"><strong>Digitalitzaci\u00f3 Democr\u00e0tica. Sobirania Digital per a les Persones<\/strong><\/a>\u00bb (Rayo Verde, 2024); \u00ab<strong><a href=\"https:\/\/xnet-x.net\/en\/fakeyou-disinformation-free-download\/\" target=\"_blank\" rel=\"noopener\">Fake You \u2013 An Activist\u2019s Guide to Defeating Disinformation<\/a><\/strong> \u2013 Don\u2019t blame the people, don\u2019t blame the Internet. Blame the power\u00bb (Xnet, 2024); \u00ab<strong><a href=\"https:\/\/xnet-x.net\/es\/informe-fake-news-desinformacion\/\" target=\"_blank\" rel=\"noopener\">#FakeYou \u2014 Fake news i desinformaci\u00f3<\/a><\/strong> \u2013 Governs, partits pol\u00edtics, mitjans de comunicaci\u00f3 de masses, corporacions, grans fortunes: monopolis de la manipulaci\u00f3 informativa i retallades de la llibertat d\u2019expressi\u00f3\u00bb (Rayo Verde, 2019); \u00ab<strong><a href=\"https:\/\/xnet-x.net\/es\/votar-y-cobrar-la-impunidad-como-forma-de-gobierno\/\" target=\"_blank\" rel=\"noopener\">Votar i cobrar. La impunitat com a forma de govern<\/a><\/strong>\u00bb (Capit\u00e1n Swing, 2017); \u00ab<strong>Tecnopol\u00edtica, internet i r-evolucions<\/strong>\u00bb i \u00ab<strong>Cultura lliure digital \u2013 Nocions b\u00e0siques per defensar all\u00f2 que \u00e9s de tothom<\/strong>\u00bb, aquests dos darrers publicats l\u2019any 2012 per l\u2019editorial Icaria.<\/p>\n<p>Ofereix confer\u00e8ncies, doc\u00e8ncia i assessorament en <strong>castell\u00e0 i catal\u00e0, angl\u00e8s, franc\u00e8s i itali\u00e0<\/strong> en espais tan diversos com:<\/p>\n<p>Parlament Europeu, Columbia University, Universitat Pompeu Fabra, Goldsmiths University of London, London School of Economics, comissions del Parlament Europeu, comissions del Parlament de Catalunya, comissions del Parlament espanyol, Comissi\u00f3 Digital Agenda de la UE, Comissi\u00f3 de Mercat Interior de la UE, Comissi\u00f3 de Cultura i Educaci\u00f3 de la UE, OSCE (Organization for Security and Co-operation in Europe), Bangor University of London, Hertie School of Governance (Berl\u00edn), Oficina per la Transpar\u00e8ncia de l\u2019Ajuntament de Barcelona, Universitat de Barcelona, King\u2019s College London, Universitat Oberta de Catalunya, Universitat Aut\u00f2noma de Barcelona, Universidad Complutense, Universidad de Alicante, Universidad Pablo de Olavide de Sevilla, Barcelona IGOP \u2013 Universitat d\u2019Estiu, Universit\u00e9 d\u2019\u00c9vry, Ars Electronica, Ambaixada del Brasil, Annual Open Knowledge Conference, reuni\u00f3 anual de l\u2019IETM, OuiShare Fest, Museo Reina Sof\u00eda, The Logan\u2013CIJ Symposium, Transmediale Festival, Internet Freedom Festival, Cadesyc, Casa Bertolt Brecht de Montevideo, Taller Communia (Luxemburg), Buenos Aires Creative Commons Film Festival, Circumvention, Getafe Negro, Economies of the Commons, Primavera Sound, Rototom Festival, Institut del Teatre de Barcelona, Circolo degli Artisti de Mil\u00e0, Postgrau d\u2019arts esc\u00e8niques de FiraT\u00e0rrega, Action Europe, Right International Spain, DSI Advisory Group, Museu d\u2019Hist\u00f2ria de Catalunya, Museo de Arte Contempor\u00e1neo de Castilla y Le\u00f3n, Casa Invisible de M\u00e0laga, European University Institute de Flor\u00e8ncia, Facultat de Comunicaci\u00f3 i Periodisme de M\u00e0laga, Circolo Arci de Roma, International Institute for Education and Research d\u2019Amsterdam, BAU Barcelona, Taller de M\u00fasics, Attac \u00c0ustria, Attac Barcelona, Jornades de Formaci\u00f3 en Comunicaci\u00f3 de la CUP, Les Verts Europ\u00e9ens, Traficantes de Sue\u00f1os, MediaLab Prado, Confavc, Festival FICOD, #Redada al CCCB, re:publica Europa (Berl\u00edn), Relais Culture Europe, Media Squares, LATU \u2013 Laboratori de Tecnologia de l\u2019Uruguai, Tramallol Cooperativa, Agora99 \u2013 European Meeting on Debt, Rights and Democracy, Facultat d\u2019Inform\u00e0tica de Barcelona, Institute of Network Cultures, F\u00f2rum Indigesti\u00f3, Editorial Virus, Fundaci\u00f3 Francesc Ferrer i Gu\u00e0rdia, Associaci\u00f3 de Dones Emprenedores de Barcelona, Pantera Rossa de Saragossa, 4S\/EASST, IDHC, Disruption Lab, I Seminari Internacional de Transpar\u00e8ncia Metropolitana, Het Nieuwe Instituut, MACBA\u2026<\/p>\n<p>Tertuliana d\u2019actualitat, ha participat de manera recurrent a <em>El mat\u00ed<\/em> de Catalunya R\u00e0dio i a <em>A vivir<\/em> de la Cadena SER.<\/p>\n<\/div><div class=\"awb-gallery-wrapper awb-gallery-wrapper-5 button-span-no\" style=\"--more-btn-alignment:center;\"><div style=\"margin:-30px;--awb-bordersize:0px;--awb-caption-title-size:12px;--awb-caption-margin-top:10px;--awb-caption-margin-bottom:10px;--awb-caption-title-font-family:&quot;Inter&quot;;--awb-caption-title-font-style:normal;--awb-caption-title-font-weight:300;\" class=\"fusion-gallery fusion-gallery-container fusion-grid-3 fusion-columns-total-3 fusion-gallery-layout-grid fusion-gallery-5\"><div style=\"padding:30px;\" class=\"fusion-grid-column fusion-gallery-column fusion-gallery-column-3 hover-type-none\"><div class=\"fusion-gallery-image\"><a href=\"https:\/\/xnet-x.net\/wp-content\/uploads\/2025\/12\/votar-cobrar.png\" rel=\"noreferrer\" data-rel=\"iLightbox[gallery_image_5]\" class=\"fusion-lightbox\" target=\"_self\"><img decoding=\"async\" src=\"https:\/\/xnet-x.net\/wp-content\/uploads\/2025\/12\/votar-cobrar.png\" width=\"250\" height=\"397\" alt=\"\" title=\"votar-cobrar\" aria-label=\"votar-cobrar\" class=\"img-responsive wp-image-1438\" srcset=\"https:\/\/xnet-x.net\/wp-content\/uploads\/2025\/12\/votar-cobrar-200x318.png 200w, https:\/\/xnet-x.net\/wp-content\/uploads\/2025\/12\/votar-cobrar.png 250w\" sizes=\"(min-width: 2200px) 100vw, (min-width: 784px) 380px, (min-width: 712px) 570px, (min-width: 640px) 712px, \" \/><\/a><\/div><\/div><div style=\"padding:30px;\" class=\"fusion-grid-column fusion-gallery-column fusion-gallery-column-3 hover-type-none\"><div class=\"fusion-gallery-image\"><a href=\"https:\/\/xnet-x.net\/wp-content\/uploads\/2025\/12\/fake-you.jpg\" rel=\"noreferrer\" data-rel=\"iLightbox[gallery_image_5]\" class=\"fusion-lightbox\" target=\"_self\"><img decoding=\"async\" src=\"https:\/\/xnet-x.net\/wp-content\/uploads\/2025\/12\/fake-you.jpg\" width=\"774\" height=\"1200\" alt=\"\" title=\"fake-you\" aria-label=\"fake-you\" class=\"img-responsive wp-image-1452\" srcset=\"https:\/\/xnet-x.net\/wp-content\/uploads\/2025\/12\/fake-you-200x310.jpg 200w, https:\/\/xnet-x.net\/wp-content\/uploads\/2025\/12\/fake-you-400x620.jpg 400w, https:\/\/xnet-x.net\/wp-content\/uploads\/2025\/12\/fake-you-600x930.jpg 600w, https:\/\/xnet-x.net\/wp-content\/uploads\/2025\/12\/fake-you.jpg 774w\" sizes=\"(min-width: 2200px) 100vw, (min-width: 784px) 380px, (min-width: 712px) 570px, (min-width: 640px) 712px, \" \/><\/a><\/div><\/div><div style=\"padding:30px;\" class=\"fusion-grid-column fusion-gallery-column fusion-gallery-column-3 hover-type-none\"><div class=\"fusion-gallery-image\"><a href=\"https:\/\/xnet-x.net\/wp-content\/uploads\/2025\/12\/digitalizacion-democratica.jpg\" rel=\"noreferrer\" data-rel=\"iLightbox[gallery_image_5]\" class=\"fusion-lightbox\" target=\"_self\"><img decoding=\"async\" src=\"https:\/\/xnet-x.net\/wp-content\/uploads\/2025\/12\/digitalizacion-democratica.jpg\" width=\"774\" height=\"1200\" alt=\"\" title=\"digitalizacion-democratica\" aria-label=\"digitalizacion-democratica\" class=\"img-responsive wp-image-1456\" srcset=\"https:\/\/xnet-x.net\/wp-content\/uploads\/2025\/12\/digitalizacion-democratica-200x310.jpg 200w, https:\/\/xnet-x.net\/wp-content\/uploads\/2025\/12\/digitalizacion-democratica-400x620.jpg 400w, https:\/\/xnet-x.net\/wp-content\/uploads\/2025\/12\/digitalizacion-democratica-600x930.jpg 600w, https:\/\/xnet-x.net\/wp-content\/uploads\/2025\/12\/digitalizacion-democratica.jpg 774w\" sizes=\"(min-width: 2200px) 100vw, (min-width: 784px) 380px, (min-width: 712px) 570px, (min-width: 640px) 712px, \" \/><\/a><\/div><\/div><div class=\"clearfix\"><\/div><\/div><\/div><\/div><\/div><div class=\"fusion-layout-column fusion_builder_column fusion-builder-column-9 fusion_builder_column_3_4 3_4 fusion-flex-column\" style=\"--awb-bg-size:cover;--awb-width-large:75%;--awb-margin-top-large:30px;--awb-spacing-right-large:2.56%;--awb-margin-bottom-large:0px;--awb-spacing-left-large:2.56%;--awb-width-medium:75%;--awb-order-medium:0;--awb-spacing-right-medium:2.56%;--awb-spacing-left-medium:2.56%;--awb-width-small:100%;--awb-order-small:0;--awb-spacing-right-small:1.92%;--awb-spacing-left-small:1.92%;\" data-scroll-devices=\"small-visibility,medium-visibility,large-visibility\"><div class=\"fusion-column-wrapper fusion-column-has-shadow fusion-flex-justify-content-flex-start fusion-content-layout-column\"><div class=\"fusion-text fusion-text-32\" style=\"--awb-font-size:18px;--awb-line-height:1.3em;--awb-text-transform:uppercase;--awb-margin-top:20px;--awb-text-font-family:&quot;Inter&quot;;--awb-text-font-style:normal;--awb-text-font-weight:600;\"><p>Directora de teatre, dramaturga, guionista, gestora cultural<\/p>\n<\/div><div class=\"fusion-text fusion-text-33 fusion-text-no-margin\" style=\"--awb-line-height:1.3em;--awb-margin-top:0px;--awb-margin-bottom:30px;\"><p>Entre 1989 i 1993 va actuar amb les companyies Talking Pictures i <a href=\"https:\/\/www.peperibas.com\/libros\/ninos-malos\/simona-levi\" target=\"_blank\" rel=\"noopener\">Zotal<\/a>, entre d\u2019altres. L\u2019any 1993 posa en marxa al barri del Raval de Barcelona la sala <a href=\"https:\/\/conservas.click\/sala\/\" target=\"_blank\" rel=\"noopener noreferrer\">Conserves<\/a>, un espai per promoure la creaci\u00f3 esc\u00e8nica local independent i innovadora a trav\u00e9s de l\u2019autoproducci\u00f3, programant cicles d\u2019accions esc\u00e8niques totals en qu\u00e8 es busca la complicitat i la corresponsabilitat del p\u00fablic.<\/p>\n<p>La magnitud i la notorietat que adquireixen aquests cicles, sempre desbordats per la gran aflu\u00e8ncia de p\u00fablic, la porten a buscar espais amb m\u00e9s aforament dins d\u2019institucions culturals.<\/p>\n<p>L\u2019any 1999 programa un cicle d\u2019espectacles al <a href=\"https:\/\/www.cccb.org\/es\/participantes\/ficha\/conservas\/12710\" target=\"_blank\" rel=\"noopener noreferrer\">Mercat de les Flors de Barcelona<\/a> i, l\u2019any 2001, crea i dirigeix el festival d\u2019Arts Esc\u00e8niques Aplicades InnMotion, celebrat al <a href=\"https:\/\/www.cccb.org\/es\/proyectos\/ficha\/innmotion\/212769\" target=\"_blank\" rel=\"noopener noreferrer\">Centre de Cultura Contempor\u00e0nia de Barcelona<\/a> durant el <a href=\"https:\/\/elpais.com\/diario\/2001\/07\/07\/catalunya\/994468063_850215.html\" target=\"_blank\" rel=\"noopener noreferrer\">Festival Grec<\/a> de la ciutat, amb l\u2019aflu\u00e8ncia de milers de persones. <a href=\"http:\/\/conservas.tk\/festivales\/innmotion\/\" target=\"_blank\" rel=\"noopener noreferrer\">InnMotion<\/a>, que finalment esdev\u00e9 biennal, va ser un festival de refer\u00e8ncia nacional, estatal i internacional al llarg de les seves cinc edicions.<\/p>\n<\/div><div class=\"awb-gallery-wrapper awb-gallery-wrapper-6 button-span-no\" style=\"--more-btn-alignment:center;margin-bottom:60px;\"><div style=\"margin:-5px;--awb-bordersize:0px;--awb-caption-title-size:12px;--awb-caption-margin-top:10px;--awb-caption-margin-bottom:10px;--awb-caption-title-font-family:&quot;Inter&quot;;--awb-caption-title-font-style:normal;--awb-caption-title-font-weight:300;\" class=\"fusion-gallery fusion-gallery-container fusion-grid-4 fusion-columns-total-4 fusion-gallery-layout-grid fusion-gallery-6\"><div style=\"padding:5px;\" class=\"fusion-grid-column fusion-gallery-column fusion-gallery-column-4 hover-type-none\"><div class=\"fusion-gallery-image\"><a href=\"https:\/\/xnet-x.net\/wp-content\/uploads\/2025\/12\/simona-levi-conservas-sala.jpg\" rel=\"noreferrer\" data-rel=\"iLightbox[gallery_image_6]\" class=\"fusion-lightbox\" target=\"_self\"><img decoding=\"async\" src=\"https:\/\/xnet-x.net\/wp-content\/uploads\/2025\/12\/simona-levi-conservas-sala-320x202.jpg\" width=\"320\" height=\"202\" alt=\"\" title=\"simona-levi-conservas-sala\" aria-label=\"simona-levi-conservas-sala\" class=\"img-responsive wp-image-1488 fusion-gallery-image-size-fixed\" srcset=\"https:\/\/xnet-x.net\/wp-content\/uploads\/2025\/12\/simona-levi-conservas-sala-320x202.jpg 320w, https:\/\/xnet-x.net\/wp-content\/uploads\/2025\/12\/simona-levi-conservas-sala-700x441.jpg 700w\" sizes=\"(max-width: 320px) 100vw, 320px\" \/><\/a><\/div><\/div><div class=\"clearfix\"><\/div><div style=\"padding:5px;\" class=\"fusion-grid-column fusion-gallery-column fusion-gallery-column-4 hover-type-none\"><div class=\"fusion-gallery-image\"><a href=\"https:\/\/xnet-x.net\/wp-content\/uploads\/2025\/12\/simona-levi-femina-exmachina.jpg\" rel=\"noreferrer\" data-rel=\"iLightbox[gallery_image_6]\" class=\"fusion-lightbox\" target=\"_self\"><img decoding=\"async\" src=\"https:\/\/xnet-x.net\/wp-content\/uploads\/2025\/12\/simona-levi-femina-exmachina-320x202.jpg\" width=\"320\" height=\"202\" alt=\"\" title=\"simona-levi-femina-exmachina\" aria-label=\"simona-levi-femina-exmachina\" class=\"img-responsive wp-image-1492 fusion-gallery-image-size-fixed\" srcset=\"https:\/\/xnet-x.net\/wp-content\/uploads\/2025\/12\/simona-levi-femina-exmachina-320x202.jpg 320w, https:\/\/xnet-x.net\/wp-content\/uploads\/2025\/12\/simona-levi-femina-exmachina-700x441.jpg 700w\" sizes=\"(max-width: 320px) 100vw, 320px\" \/><\/a><\/div><\/div><div style=\"padding:5px;\" class=\"fusion-grid-column fusion-gallery-column fusion-gallery-column-4 hover-type-none\"><div class=\"fusion-gallery-image\"><a href=\"https:\/\/xnet-x.net\/wp-content\/uploads\/2025\/12\/espacio-conservas-simona-levi.jpg\" rel=\"noreferrer\" data-rel=\"iLightbox[gallery_image_6]\" class=\"fusion-lightbox\" target=\"_self\"><img decoding=\"async\" src=\"https:\/\/xnet-x.net\/wp-content\/uploads\/2025\/12\/espacio-conservas-simona-levi-320x202.jpg\" width=\"320\" height=\"202\" alt=\"\" title=\"espacio-conservas-simona-levi\" aria-label=\"espacio-conservas-simona-levi\" class=\"img-responsive wp-image-1494 fusion-gallery-image-size-fixed\" srcset=\"https:\/\/xnet-x.net\/wp-content\/uploads\/2025\/12\/espacio-conservas-simona-levi-320x202.jpg 320w, https:\/\/xnet-x.net\/wp-content\/uploads\/2025\/12\/espacio-conservas-simona-levi-700x441.jpg 700w\" sizes=\"(max-width: 320px) 100vw, 320px\" \/><\/a><\/div><\/div><div style=\"padding:5px;\" class=\"fusion-grid-column fusion-gallery-column fusion-gallery-column-4 hover-type-none\"><div class=\"fusion-gallery-image\"><a href=\"https:\/\/xnet-x.net\/wp-content\/uploads\/2025\/12\/inmotion-1-e1485958752997.jpg\" rel=\"noreferrer\" data-rel=\"iLightbox[gallery_image_6]\" class=\"fusion-lightbox\" target=\"_self\"><img decoding=\"async\" src=\"https:\/\/xnet-x.net\/wp-content\/uploads\/2025\/12\/inmotion-1-e1485958752997-320x202.jpg\" width=\"320\" height=\"202\" alt=\"\" title=\"inmotion-1-e1485958752997\" aria-label=\"inmotion-1-e1485958752997\" class=\"img-responsive wp-image-1490 fusion-gallery-image-size-fixed\" srcset=\"https:\/\/xnet-x.net\/wp-content\/uploads\/2025\/12\/inmotion-1-e1485958752997-320x202.jpg 320w, https:\/\/xnet-x.net\/wp-content\/uploads\/2025\/12\/inmotion-1-e1485958752997-700x441.jpg 700w\" sizes=\"(max-width: 320px) 100vw, 320px\" \/><\/a><\/div><\/div><\/div><\/div><div class=\"fusion-builder-row fusion-builder-row-inner fusion-row fusion-flex-align-items-flex-start fusion-flex-justify-content-center fusion-flex-content-wrap\" style=\"--awb-flex-grow:0;--awb-flex-grow-medium:0;--awb-flex-grow-small:0;--awb-flex-shrink:0;--awb-flex-shrink-medium:0;--awb-flex-shrink-small:0;width:104% !important;max-width:104% !important;margin-left: calc(-4% \/ 2 );margin-right: calc(-4% \/ 2 );\"><div class=\"fusion-layout-column fusion_builder_column_inner fusion-builder-nested-column-6 fusion_builder_column_inner_1_2 1_2 fusion-flex-column\" style=\"--awb-bg-color:var(--awb-color2);--awb-bg-color-hover:var(--awb-color2);--awb-bg-size:cover;--awb-width-large:50%;--awb-margin-top-large:0px;--awb-spacing-right-large:3.84%;--awb-margin-bottom-large:20px;--awb-spacing-left-large:3.84%;--awb-width-medium:50%;--awb-order-medium:0;--awb-spacing-right-medium:3.84%;--awb-spacing-left-medium:3.84%;--awb-width-small:100%;--awb-order-small:0;--awb-spacing-right-small:1.92%;--awb-spacing-left-small:1.92%;\" data-scroll-devices=\"small-visibility,medium-visibility,large-visibility\"><div class=\"fusion-column-wrapper fusion-column-has-shadow fusion-flex-justify-content-flex-start fusion-content-layout-column\"><div class=\"fusion-text fusion-text-34 fusion-text-no-margin\" style=\"--awb-text-color:var(--awb-color4);--awb-margin-top:10px;--awb-margin-bottom:10px;--awb-text-font-family:&quot;Inter&quot;;--awb-text-font-style:normal;--awb-text-font-weight:700;\"><p style=\"text-align: center;\">Clip de Inn Motion 2007<\/p>\n<\/div><div class=\"fusion-video fusion-youtube\" style=\"--awb-max-width:600px;--awb-max-height:350px;\"><div class=\"video-shortcode\"><div class=\"fluid-width-video-wrapper\" style=\"padding-top:58.33%;\" ><iframe title=\"YouTube video player 7\" src=\"https:\/\/www.youtube.com\/embed\/DambjJMdND4?wmode=transparent&autoplay=0\" width=\"600\" height=\"350\" allowfullscreen allow=\"autoplay; clipboard-write; encrypted-media; gyroscope; picture-in-picture;\"><\/iframe><\/div><\/div><\/div><div class=\"fusion-text fusion-text-35 fusion-text-no-margin\" style=\"--awb-font-size:13px;--awb-text-color:var(--awb-color7);--awb-margin-top:10px;--awb-margin-bottom:10px;--awb-text-font-family:&quot;Inter&quot;;--awb-text-font-style:normal;--awb-text-font-weight:300;\"><p style=\"text-align: center;\"><a title=\"ir a la web de Inn Motion 2007\" href=\"https:\/\/conservas.tk\/festivales\/innmotion\/innmotion-2007\/\" target=\"_blank\" rel=\"noopener noreferrer\">M\u00e1s info sobre Inn Motion 2007<\/a><\/p>\n<\/div><\/div><\/div><div class=\"fusion-layout-column fusion_builder_column_inner fusion-builder-nested-column-7 fusion_builder_column_inner_1_2 1_2 fusion-flex-column\" style=\"--awb-bg-color:var(--awb-color2);--awb-bg-color-hover:var(--awb-color2);--awb-bg-size:cover;--awb-width-large:50%;--awb-margin-top-large:0px;--awb-spacing-right-large:3.84%;--awb-margin-bottom-large:20px;--awb-spacing-left-large:3.84%;--awb-width-medium:50%;--awb-order-medium:0;--awb-spacing-right-medium:3.84%;--awb-spacing-left-medium:3.84%;--awb-width-small:100%;--awb-order-small:0;--awb-spacing-right-small:1.92%;--awb-spacing-left-small:1.92%;\" data-scroll-devices=\"small-visibility,medium-visibility,large-visibility\"><div class=\"fusion-column-wrapper fusion-column-has-shadow fusion-flex-justify-content-flex-start fusion-content-layout-column\"><div class=\"fusion-text fusion-text-36 fusion-text-no-margin\" style=\"--awb-text-color:var(--awb-color4);--awb-margin-top:10px;--awb-margin-bottom:10px;--awb-text-font-family:&quot;Inter&quot;;--awb-text-font-style:normal;--awb-text-font-weight:700;\"><p style=\"text-align: center;\">Clip de Inn Motion 2005<\/p>\n<\/div><div class=\"fusion-video fusion-youtube\" style=\"--awb-max-width:600px;--awb-max-height:350px;\"><div class=\"video-shortcode\"><div class=\"fluid-width-video-wrapper\" style=\"padding-top:58.33%;\" ><iframe title=\"YouTube video player 8\" src=\"https:\/\/www.youtube.com\/embed\/HzMcDGHe024?wmode=transparent&autoplay=0\" width=\"600\" height=\"350\" allowfullscreen allow=\"autoplay; clipboard-write; encrypted-media; gyroscope; picture-in-picture;\"><\/iframe><\/div><\/div><\/div><div class=\"fusion-text fusion-text-37 fusion-text-no-margin\" style=\"--awb-font-size:13px;--awb-text-color:var(--awb-color7);--awb-margin-top:10px;--awb-margin-bottom:10px;--awb-text-font-family:&quot;Inter&quot;;--awb-text-font-style:normal;--awb-text-font-weight:300;\"><div>\n<div style=\"text-align: center;\"><a title=\"ir a la web de Inn Motion 2005\" href=\"https:\/\/conservas.tk\/festivales\/innmotion\/innmotion-2005\/\" target=\"_blank\" rel=\"noopener noreferrer\">M\u00e1s info sobre Inn Motion 2005<\/a><\/div>\n<\/div>\n<\/div><\/div><\/div><div class=\"fusion-layout-column fusion_builder_column_inner fusion-builder-nested-column-8 fusion_builder_column_inner_1_2 1_2 fusion-flex-column\" style=\"--awb-bg-color:var(--awb-color2);--awb-bg-color-hover:var(--awb-color2);--awb-bg-size:cover;--awb-width-large:50%;--awb-margin-top-large:0px;--awb-spacing-right-large:3.84%;--awb-margin-bottom-large:20px;--awb-spacing-left-large:3.84%;--awb-width-medium:50%;--awb-order-medium:0;--awb-spacing-right-medium:3.84%;--awb-spacing-left-medium:3.84%;--awb-width-small:100%;--awb-order-small:0;--awb-spacing-right-small:1.92%;--awb-spacing-left-small:1.92%;\" data-scroll-devices=\"small-visibility,medium-visibility,large-visibility\"><div class=\"fusion-column-wrapper fusion-column-has-shadow fusion-flex-justify-content-flex-start fusion-content-layout-column\"><div class=\"fusion-text fusion-text-38 fusion-text-no-margin\" style=\"--awb-text-color:var(--awb-color4);--awb-margin-top:10px;--awb-margin-bottom:10px;--awb-text-font-family:&quot;Inter&quot;;--awb-text-font-style:normal;--awb-text-font-weight:700;\"><p style=\"text-align: center;\">Clip de Inn Motion 2002<\/p>\n<\/div><div class=\"fusion-video fusion-youtube\" style=\"--awb-max-width:600px;--awb-max-height:350px;\"><div class=\"video-shortcode\"><div class=\"fluid-width-video-wrapper\" style=\"padding-top:58.33%;\" ><iframe title=\"YouTube video player 9\" src=\"https:\/\/www.youtube.com\/embed\/AV46giRf4rg?wmode=transparent&autoplay=0\" width=\"600\" height=\"350\" allowfullscreen allow=\"autoplay; clipboard-write; encrypted-media; gyroscope; picture-in-picture;\"><\/iframe><\/div><\/div><\/div><div class=\"fusion-text fusion-text-39 fusion-text-no-margin\" style=\"--awb-font-size:13px;--awb-text-color:var(--awb-color7);--awb-margin-top:10px;--awb-margin-bottom:10px;--awb-text-font-family:&quot;Inter&quot;;--awb-text-font-style:normal;--awb-text-font-weight:300;\"><div>\n<div style=\"text-align: center;\"><a title=\"ir a la web de Inn Motion 2002\" href=\"https:\/\/conservas.tk\/festivales\/innmotion\/innmotion-2002\/\" target=\"_blank\" rel=\"noopener noreferrer\">M\u00e1s info sobre Inn Motion 2002<\/a><\/div>\n<\/div>\n<\/div><\/div><\/div><div class=\"fusion-layout-column fusion_builder_column_inner fusion-builder-nested-column-9 fusion_builder_column_inner_1_2 1_2 fusion-flex-column\" style=\"--awb-bg-color:var(--awb-color2);--awb-bg-color-hover:var(--awb-color2);--awb-bg-size:cover;--awb-width-large:50%;--awb-margin-top-large:0px;--awb-spacing-right-large:3.84%;--awb-margin-bottom-large:20px;--awb-spacing-left-large:3.84%;--awb-width-medium:50%;--awb-order-medium:0;--awb-spacing-right-medium:3.84%;--awb-spacing-left-medium:3.84%;--awb-width-small:100%;--awb-order-small:0;--awb-spacing-right-small:1.92%;--awb-spacing-left-small:1.92%;\" data-scroll-devices=\"small-visibility,medium-visibility,large-visibility\"><div class=\"fusion-column-wrapper fusion-column-has-shadow fusion-flex-justify-content-flex-start fusion-content-layout-column\"><div class=\"fusion-text fusion-text-40 fusion-text-no-margin\" style=\"--awb-text-color:var(--awb-color4);--awb-margin-top:10px;--awb-margin-bottom:10px;--awb-text-font-family:&quot;Inter&quot;;--awb-text-font-style:normal;--awb-text-font-weight:700;\"><p style=\"text-align: center;\">Clip de Inn Motion 2001<\/p>\n<\/div><div class=\"fusion-video fusion-youtube\" style=\"--awb-max-width:600px;--awb-max-height:350px;\"><div class=\"video-shortcode\"><div class=\"fluid-width-video-wrapper\" style=\"padding-top:58.33%;\" ><iframe title=\"YouTube video player 10\" src=\"https:\/\/www.youtube.com\/embed\/FDwC4AoE5xY?wmode=transparent&autoplay=0\" width=\"600\" height=\"350\" allowfullscreen allow=\"autoplay; clipboard-write; encrypted-media; gyroscope; picture-in-picture;\"><\/iframe><\/div><\/div><\/div><div class=\"fusion-text fusion-text-41 fusion-text-no-margin\" style=\"--awb-font-size:13px;--awb-text-color:var(--awb-color7);--awb-margin-top:10px;--awb-margin-bottom:10px;--awb-text-font-family:&quot;Inter&quot;;--awb-text-font-style:normal;--awb-text-font-weight:300;\"><section>\n<div>\n<div style=\"text-align: center;\"><a title=\"ir a la web de Inn Motion 2001\" href=\"https:\/\/conservas.tk\/festivales\/innmotion\/innmotion-2001\/\" target=\"_blank\" rel=\"noopener noreferrer\">M\u00e1s info sobre Inn Motion 2001<\/a><\/div>\n<\/div>\n<\/section>\n<\/div><\/div><\/div><\/div><\/div><\/div><div class=\"fusion-layout-column fusion_builder_column fusion-builder-column-10 fusion_builder_column_3_4 3_4 fusion-flex-column\" style=\"--awb-bg-size:cover;--awb-width-large:75%;--awb-margin-top-large:30px;--awb-spacing-right-large:2.56%;--awb-margin-bottom-large:0px;--awb-spacing-left-large:2.56%;--awb-width-medium:75%;--awb-order-medium:0;--awb-spacing-right-medium:2.56%;--awb-spacing-left-medium:2.56%;--awb-width-small:100%;--awb-order-small:0;--awb-spacing-right-small:1.92%;--awb-spacing-left-small:1.92%;\" data-scroll-devices=\"small-visibility,medium-visibility,large-visibility\"><div class=\"fusion-column-wrapper fusion-column-has-shadow fusion-flex-justify-content-flex-start fusion-content-layout-column\"><div class=\"fusion-text fusion-text-42 fusion-text-no-margin\" style=\"--awb-line-height:1.3em;--awb-margin-top:0px;--awb-margin-bottom:30px;\"><p>Comen\u00e7a a dirigir l\u2019any 1989 amb la companyia Ecco Rondo (Lucerna, Su\u00efssa).<br \/>\nL\u2019any 1999 funda la Companyia Conserves, amb la qual realitza gires per tota Europa amb diversos muntatges durant 10 anys.<br \/>\nPer a aquesta companyia escriu, dirigeix i, en alguns casos, crea els artefactes esc\u00e8nics i audiovisuals i el disseny de llums de les obres seg\u00fcents:<\/p>\n<p>\u2013 <a href=\"https:\/\/xnet-x.net\/realidades-avanzadas-2\/\" target=\"_blank\" rel=\"noopener noreferrer\"><strong>Realitats Avan\u00e7ades 2<\/strong><\/a> (2018\u20132019)<br \/>\n\u2013 <a href=\"https:\/\/xnet-x.net\/hazte-banquero\/\" target=\"_blank\" rel=\"noopener noreferrer\"><strong>Hazte Banquero \u2013 Targetes Black: Tot el que van voler ocultar-te<\/strong><\/a> (2016\u20132017)<br \/>\n\u2013 <a href=\"https:\/\/conservas.tk\/compania\/realidades-avanzadas\/\" target=\"_blank\" rel=\"noopener noreferrer\"><strong>Realitats Avan\u00e7ades<\/strong><\/a> (2007\u20132009)<br \/>\n\u2013 <a href=\"https:\/\/conservas.tk\/compania\/7dust\/\" target=\"_blank\" rel=\"noopener noreferrer\"><strong>7 Dust, Non Lavoreremo Mai Show<\/strong><\/a> (2002\u20132005)<br \/>\n\u2013 <strong><a href=\"https:\/\/conservas.tk\/compania\/femina-ex-machina\/\" target=\"_blank\" rel=\"noopener noreferrer\">Femina Ex Machina<\/a><\/strong> (1999\u20132003) \u2013 <em>Premi Especial de la Cr\u00edtica \/\/ Premi Aplaudiment FAD<\/em><\/p>\n<\/div><div class=\"awb-gallery-wrapper awb-gallery-wrapper-7 button-span-no\" style=\"--more-btn-alignment:center;margin-bottom:60px;\"><div style=\"margin:-5px;--awb-bordersize:0px;--awb-caption-title-size:12px;--awb-caption-margin-top:10px;--awb-caption-margin-bottom:10px;--awb-caption-title-font-family:&quot;Inter&quot;;--awb-caption-title-font-style:normal;--awb-caption-title-font-weight:300;\" class=\"fusion-gallery fusion-gallery-container fusion-grid-2 fusion-columns-total-2 fusion-gallery-layout-grid fusion-gallery-7\"><div style=\"padding:5px;\" class=\"fusion-grid-column fusion-gallery-column fusion-gallery-column-2 hover-type-none awb-imageframe-style awb-imageframe-style-below awb-imageframe-style-7\"><div class=\"fusion-gallery-image\"><a href=\"https:\/\/xnet-x.net\/wp-content\/uploads\/2025\/12\/realidades-avanzadas2.jpg\" rel=\"noreferrer\" data-rel=\"iLightbox[gallery_image_7]\" class=\"fusion-lightbox\" target=\"_self\"><img decoding=\"async\" src=\"https:\/\/xnet-x.net\/wp-content\/uploads\/2025\/12\/realidades-avanzadas2-460x295.jpg\" width=\"460\" height=\"295\" alt=\"\" title=\"Ra2\" aria-label=\"Ra2\" class=\"img-responsive wp-image-1498 fusion-gallery-image-size-fixed\"  \/><\/a><\/div><div class=\"awb-imageframe-caption-container\" style=\"text-align:left;\"><div class=\"awb-imageframe-caption\"><h2 class=\"awb-imageframe-caption-title\">Ra2<\/h2><\/div><\/div><\/div><div class=\"clearfix\"><\/div><div style=\"padding:5px;\" class=\"fusion-grid-column fusion-gallery-column fusion-gallery-column-2 hover-type-none awb-imageframe-style awb-imageframe-style-below awb-imageframe-style-7\"><div class=\"fusion-gallery-image\"><a href=\"https:\/\/xnet-x.net\/wp-content\/uploads\/2025\/12\/haztebanquero-rato.jpg\" rel=\"noreferrer\" data-rel=\"iLightbox[gallery_image_7]\" class=\"fusion-lightbox\" target=\"_self\"><img decoding=\"async\" src=\"https:\/\/xnet-x.net\/wp-content\/uploads\/2025\/12\/haztebanquero-rato-460x295.jpg\" width=\"460\" height=\"295\" alt=\"\" title=\"Hazte Banquero\" aria-label=\"Hazte Banquero\" class=\"img-responsive wp-image-1496 fusion-gallery-image-size-fixed\"  \/><\/a><\/div><div class=\"awb-imageframe-caption-container\" style=\"text-align:left;\"><div class=\"awb-imageframe-caption\"><h2 class=\"awb-imageframe-caption-title\">Hazte Banquero<\/h2><\/div><\/div><\/div><\/div><\/div><div class=\"fusion-text fusion-text-43 fusion-text-no-margin\" style=\"--awb-line-height:1.3em;--awb-margin-top:0px;--awb-margin-bottom:30px;\"><p>Aquests espectacles s\u2019han representat en teatres i festivals d\u2019arreu d\u2019Europa, com ara:<\/p>\n<p>Transmediale Festival de Berl\u00edn, 4\u00d74 Festival de Praga, Main d\u2019Ouvres de Par\u00eds, City of women Festival de Ljublijana, Exineo, Le Zoo\/Usine de Geneve, Kiasma Museum of Contemporary art de Helsinki, Fabbrica Europa 2000 de Firenze, Festival Internacional De Teatro De Sitges, Festival Internazionale Di Teatro Di Santarcangelo, Festival Des Arts Vivants de Nyon (Switzerland), Mladi Levi de Ljubjana Slovenia, Festival Internacional De Tarrega, Bergen (Cultural Capital 2000), Festival Franco-Iberique Et Latino-Americain De Bayonne, Danae de Milan, Kanonhallen de Copenhagen, Mimos de Perigueux, Escena Abierta de Burgos, International London Mime Festival, Mercat de les Flors de Barcelona, Teatro Escorxador de Lleida, La Fundici\u00f3n de Bilbao, La follia dei linguaggi de Torino, La Rose des Vents Sc\u00e8nes \u00e9trang\u00e8res (France), Malta de Poznan (Poland), Bellone brigittines de Bruxelles, Teatro Libero de Palermo, Madrid Escena Contempor\u00e1nea, Sala Nasa de Santiago de Compostela, Th\u00e9\u00e2tre National de Toulouse, Drugo More de Rijeka (Croazia), Teatro Koreja de Lecce, Noorderzon Festival de Groningen (Nederland), Laboral Escena de Gij\u00f3n, Festival Panorama de Olot, Festival Punto Aparte de Murcia, Festival de Polverigi, Teatre Poliorama de Barcelona, Teatro Rosal\u00eda de Castro de A Coru\u00f1a, Teatro Fernando Fern\u00e1n G\u00f3mez de Madrid, Teatre El Musical de Valencia, Teatre de Salt\u2026<\/p>\n<\/div><div class=\"fusion-image-element \" style=\"--awb-margin-bottom:60px;--awb-caption-title-font-family:var(--h2_typography-font-family);--awb-caption-title-font-weight:var(--h2_typography-font-weight);--awb-caption-title-font-style:var(--h2_typography-font-style);--awb-caption-title-size:var(--h2_typography-font-size);--awb-caption-title-transform:var(--h2_typography-text-transform);--awb-caption-title-line-height:var(--h2_typography-line-height);--awb-caption-title-letter-spacing:var(--h2_typography-letter-spacing);\"><span class=\" fusion-imageframe imageframe-none imageframe-3 hover-type-none\"><img decoding=\"async\" width=\"1000\" height=\"241\" title=\"ra-7dust-femina\" src=\"https:\/\/xnet-x.net\/wp-content\/uploads\/2025\/12\/ra-7dust-femina.png\" alt class=\"img-responsive wp-image-1504\" srcset=\"https:\/\/xnet-x.net\/wp-content\/uploads\/2025\/12\/ra-7dust-femina-200x48.png 200w, https:\/\/xnet-x.net\/wp-content\/uploads\/2025\/12\/ra-7dust-femina-400x96.png 400w, https:\/\/xnet-x.net\/wp-content\/uploads\/2025\/12\/ra-7dust-femina-600x145.png 600w, https:\/\/xnet-x.net\/wp-content\/uploads\/2025\/12\/ra-7dust-femina-800x193.png 800w, https:\/\/xnet-x.net\/wp-content\/uploads\/2025\/12\/ra-7dust-femina.png 1000w\" sizes=\"(max-width: 640px) 100vw, 1000px\" \/><\/span><\/div><div class=\"awb-gallery-wrapper awb-gallery-wrapper-8 button-span-no\" style=\"--more-btn-alignment:center;margin-bottom:60px;\"><div style=\"margin:-5px;--awb-bordersize:0px;--awb-caption-title-size:12px;--awb-caption-margin-top:10px;--awb-caption-margin-bottom:10px;--awb-caption-title-font-family:&quot;Inter&quot;;--awb-caption-title-font-style:normal;--awb-caption-title-font-weight:300;\" class=\"fusion-gallery fusion-gallery-container fusion-grid-2 fusion-columns-total-2 fusion-gallery-layout-grid fusion-gallery-8\"><div style=\"padding:5px;\" class=\"fusion-grid-column fusion-gallery-column fusion-gallery-column-2 hover-type-none awb-imageframe-style awb-imageframe-style-below awb-imageframe-style-8\"><div class=\"fusion-gallery-image\"><a href=\"https:\/\/xnet-x.net\/wp-content\/uploads\/2025\/12\/simona-levi-cola-oxcars2008-.jpg\" rel=\"noreferrer\" data-rel=\"iLightbox[gallery_image_8]\" class=\"fusion-lightbox\" target=\"_self\"><img decoding=\"async\" src=\"https:\/\/xnet-x.net\/wp-content\/uploads\/2025\/12\/simona-levi-cola-oxcars2008--460x295.jpg\" width=\"460\" height=\"295\" alt=\"\" title=\"Oxcars 2008 \u2013 Sala Apolo\" aria-label=\"Oxcars 2008 \u2013 Sala Apolo\" class=\"img-responsive wp-image-1500 fusion-gallery-image-size-fixed\"  \/><\/a><\/div><div class=\"awb-imageframe-caption-container\" style=\"text-align:left;\"><div class=\"awb-imageframe-caption\"><h2 class=\"awb-imageframe-caption-title\">Oxcars 2008 \u2013 Sala Apolo<\/h2><\/div><\/div><\/div><div class=\"clearfix\"><\/div><div style=\"padding:5px;\" class=\"fusion-grid-column fusion-gallery-column fusion-gallery-column-2 hover-type-none awb-imageframe-style awb-imageframe-style-below awb-imageframe-style-8\"><div class=\"fusion-gallery-image\"><a href=\"https:\/\/xnet-x.net\/wp-content\/uploads\/2025\/12\/simona-levi-cola-inmotion2006-.jpg\" rel=\"noreferrer\" data-rel=\"iLightbox[gallery_image_8]\" class=\"fusion-lightbox\" target=\"_self\"><img decoding=\"async\" src=\"https:\/\/xnet-x.net\/wp-content\/uploads\/2025\/12\/simona-levi-cola-inmotion2006--460x295.jpg\" width=\"460\" height=\"295\" alt=\"\" title=\"Inn Motion 2006 \u2013 CCCB\" aria-label=\"Inn Motion 2006 \u2013 CCCB\" class=\"img-responsive wp-image-1502 fusion-gallery-image-size-fixed\"  \/><\/a><\/div><div class=\"awb-imageframe-caption-container\" style=\"text-align:left;\"><div class=\"awb-imageframe-caption\"><h2 class=\"awb-imageframe-caption-title\">Inn Motion 2006 \u2013 CCCB<\/h2><\/div><\/div><\/div><\/div><\/div><div class=\"fusion-text fusion-text-44 fusion-text-no-margin\" style=\"--awb-line-height:1.3em;--awb-margin-top:0px;--awb-margin-bottom:30px;\"><p>\u2026 ALS ANYS 90<\/p>\n<p>Viu cinc anys a Par\u00eds, on treballa, estudia arts esc\u00e8niques i del moviment amb <a href=\"https:\/\/es.wikipedia.org\/wiki\/Jacques_Lecoq\" target=\"_blank\" rel=\"noopener noreferrer\">Jacques Lecoq<\/a>, i participa de l\u2019espai creatiu ocupat Oeil du Cyclone; un any a Lucerna, on treballa com a directora de moviment de diverses obres teatrals i participa de l\u2019espai creatiu ocupat Boa; un any a Manchester, on treballa com a actriu; dos anys a Amsterdam, on treballa com a actriu i crea les seves primeres peces teatrals i audiovisuals, participant de l\u2019espai creatiu ocupat <a href=\"https:\/\/nl.wikipedia.org\/wiki\/Stenen_Silo\" target=\"_blank\" rel=\"noopener noreferrer\">Graan Silo<\/a>, un espai emblem\u00e0tic del qual queda const\u00e0ncia a l\u2019arxiu del <a href=\"https:\/\/hetnieuweinstituut.nl\/en\/museum\" target=\"_blank\" rel=\"noopener\">Museum for Architecture, Design and Digital Culture de Rotterdam<\/a>.<\/p>\n<\/div><div class=\"awb-gallery-wrapper awb-gallery-wrapper-9 button-span-no\" style=\"--more-btn-alignment:center;margin-bottom:60px;\"><div style=\"margin:-5px;--awb-bordersize:0px;--awb-caption-title-size:12px;--awb-caption-margin-top:10px;--awb-caption-margin-bottom:10px;--awb-caption-title-font-family:&quot;Inter&quot;;--awb-caption-title-font-style:normal;--awb-caption-title-font-weight:300;\" class=\"fusion-gallery fusion-gallery-container fusion-grid-3 fusion-columns-total-3 fusion-gallery-layout-grid fusion-gallery-9\"><div style=\"padding:5px;\" class=\"fusion-grid-column fusion-gallery-column fusion-gallery-column-3 hover-type-none\"><div class=\"fusion-gallery-image\"><a href=\"https:\/\/xnet-x.net\/wp-content\/uploads\/2025\/12\/simona-levi-graan-silo.jpg\" rel=\"noreferrer\" data-rel=\"iLightbox[gallery_image_9]\" class=\"fusion-lightbox\" target=\"_self\"><img decoding=\"async\" src=\"https:\/\/xnet-x.net\/wp-content\/uploads\/2025\/12\/simona-levi-graan-silo-460x295.jpg\" width=\"460\" height=\"295\" alt=\"\" title=\"simona-levi-graan-silo\" aria-label=\"simona-levi-graan-silo\" class=\"img-responsive wp-image-1506 fusion-gallery-image-size-fixed\"  \/><\/a><\/div><\/div><div class=\"clearfix\"><\/div><div style=\"padding:5px;\" class=\"fusion-grid-column fusion-gallery-column fusion-gallery-column-3 hover-type-none\"><div class=\"fusion-gallery-image\"><a href=\"https:\/\/xnet-x.net\/wp-content\/uploads\/2025\/12\/lipstick-conservas.jpg\" rel=\"noreferrer\" data-rel=\"iLightbox[gallery_image_9]\" class=\"fusion-lightbox\" target=\"_self\"><img decoding=\"async\" src=\"https:\/\/xnet-x.net\/wp-content\/uploads\/2025\/12\/lipstick-conservas-460x295.jpg\" width=\"460\" height=\"295\" alt=\"\" title=\"lipstick-conservas\" aria-label=\"lipstick-conservas\" class=\"img-responsive wp-image-1508 fusion-gallery-image-size-fixed\"  \/><\/a><\/div><\/div><div style=\"padding:5px;\" class=\"fusion-grid-column fusion-gallery-column fusion-gallery-column-3 hover-type-none\"><div class=\"fusion-gallery-image\"><a href=\"https:\/\/xnet-x.net\/wp-content\/uploads\/2025\/12\/simona-levi-90s-conservas.jpg\" rel=\"noreferrer\" data-rel=\"iLightbox[gallery_image_9]\" class=\"fusion-lightbox\" target=\"_self\"><img decoding=\"async\" src=\"https:\/\/xnet-x.net\/wp-content\/uploads\/2025\/12\/simona-levi-90s-conservas-460x295.jpg\" width=\"460\" height=\"295\" alt=\"\" title=\"simona-levi-90s-conservas\" aria-label=\"simona-levi-90s-conservas\" class=\"img-responsive wp-image-1510 fusion-gallery-image-size-fixed\"  \/><\/a><\/div><\/div><\/div><\/div><\/div><\/div><\/div><\/div><\/div><\/p>\n","protected":false},"excerpt":{"rendered":"","protected":false},"author":1,"featured_media":1460,"parent":0,"menu_order":0,"comment_status":"closed","ping_status":"closed","template":"100-width.php","meta":{"_acf_changed":false,"footnotes":""},"class_list":["post-1798","page","type-page","status-publish","has-post-thumbnail","hentry"],"acf":[],"_links":{"self":[{"href":"https:\/\/xnet-x.net\/ca\/wp-json\/wp\/v2\/pages\/1798","targetHints":{"allow":["GET"]}}],"collection":[{"href":"https:\/\/xnet-x.net\/ca\/wp-json\/wp\/v2\/pages"}],"about":[{"href":"https:\/\/xnet-x.net\/ca\/wp-json\/wp\/v2\/types\/page"}],"author":[{"embeddable":true,"href":"https:\/\/xnet-x.net\/ca\/wp-json\/wp\/v2\/users\/1"}],"replies":[{"embeddable":true,"href":"https:\/\/xnet-x.net\/ca\/wp-json\/wp\/v2\/comments?post=1798"}],"version-history":[{"count":5,"href":"https:\/\/xnet-x.net\/ca\/wp-json\/wp\/v2\/pages\/1798\/revisions"}],"predecessor-version":[{"id":1808,"href":"https:\/\/xnet-x.net\/ca\/wp-json\/wp\/v2\/pages\/1798\/revisions\/1808"}],"wp:featuredmedia":[{"embeddable":true,"href":"https:\/\/xnet-x.net\/ca\/wp-json\/wp\/v2\/media\/1460"}],"wp:attachment":[{"href":"https:\/\/xnet-x.net\/ca\/wp-json\/wp\/v2\/media?parent=1798"}],"curies":[{"name":"wp","href":"https:\/\/api.w.org\/{rel}","templated":true}]}}