{"id":1643,"date":"2025-09-23T10:47:13","date_gmt":"2025-09-23T08:47:13","guid":{"rendered":"https:\/\/xnet.cromamedia.com\/inicio\/"},"modified":"2026-03-05T14:13:35","modified_gmt":"2026-03-05T12:13:35","slug":"inicio","status":"publish","type":"page","link":"https:\/\/xnet-x.net\/ca\/","title":{"rendered":"Inici"},"content":{"rendered":"<p><div class=\"fusion-fullwidth fullwidth-box fusion-builder-row-1 fusion-flex-container has-pattern-background has-mask-background hundred-percent-fullwidth non-hundred-percent-height-scrolling fusion-no-small-visibility\" style=\"--awb-border-radius-top-left:0px;--awb-border-radius-top-right:0px;--awb-border-radius-bottom-right:0px;--awb-border-radius-bottom-left:0px;--awb-padding-right:0px;--awb-padding-left:0px;--awb-flex-wrap:wrap;\" ><div class=\"fusion-builder-row fusion-row fusion-flex-align-items-flex-start fusion-flex-content-wrap\" style=\"width:104% !important;max-width:104% !important;margin-left: calc(-4% \/ 2 );margin-right: calc(-4% \/ 2 );\"><div class=\"fusion-layout-column fusion_builder_column fusion-builder-column-0 fusion_builder_column_1_1 1_1 fusion-flex-column\" style=\"--awb-bg-size:cover;--awb-width-large:100%;--awb-margin-top-large:0px;--awb-spacing-right-large:1.92%;--awb-margin-bottom-large:0px;--awb-spacing-left-large:1.92%;--awb-width-medium:100%;--awb-order-medium:0;--awb-spacing-right-medium:1.92%;--awb-spacing-left-medium:1.92%;--awb-width-small:100%;--awb-order-small:0;--awb-spacing-right-small:1.92%;--awb-spacing-left-small:1.92%;\" data-scroll-devices=\"small-visibility,medium-visibility,large-visibility\"><div class=\"fusion-column-wrapper fusion-column-has-shadow fusion-flex-justify-content-flex-start fusion-content-layout-column\"><div class=\"fusion-video fusion-selfhosted-video\" style=\"max-width:100%;\"><div class=\"video-wrapper\"><video playsinline=\"true\" width=\"100%\" style=\"object-fit: cover;\" autoplay=\"true\" muted=\"true\" loop=\"true\" preload=\"auto\"><source src=\"https:\/\/xnet-x.net\/wp-content\/uploads\/2026\/02\/Xnet_H_CAT.mp4\" type=\"video\/mp4\">Sorry, your browser doesn&#039;t support embedded videos.<\/video><\/div><\/div><\/div><\/div><\/div><\/div><div class=\"fusion-fullwidth fullwidth-box fusion-builder-row-2 fusion-flex-container has-pattern-background has-mask-background hundred-percent-fullwidth non-hundred-percent-height-scrolling fusion-no-medium-visibility fusion-no-large-visibility\" style=\"--awb-border-radius-top-left:0px;--awb-border-radius-top-right:0px;--awb-border-radius-bottom-right:0px;--awb-border-radius-bottom-left:0px;--awb-padding-right:0px;--awb-padding-left:0px;--awb-flex-wrap:wrap;\" ><div class=\"fusion-builder-row fusion-row fusion-flex-align-items-flex-start fusion-flex-content-wrap\" style=\"width:104% !important;max-width:104% !important;margin-left: calc(-4% \/ 2 );margin-right: calc(-4% \/ 2 );\"><div class=\"fusion-layout-column fusion_builder_column fusion-builder-column-1 fusion_builder_column_1_1 1_1 fusion-flex-column\" style=\"--awb-bg-size:cover;--awb-width-large:100%;--awb-margin-top-large:0px;--awb-spacing-right-large:1.92%;--awb-margin-bottom-large:0px;--awb-spacing-left-large:1.92%;--awb-width-medium:100%;--awb-order-medium:0;--awb-spacing-right-medium:1.92%;--awb-spacing-left-medium:1.92%;--awb-width-small:100%;--awb-order-small:0;--awb-spacing-right-small:1.92%;--awb-spacing-left-small:1.92%;\" data-scroll-devices=\"small-visibility,medium-visibility,large-visibility\"><div class=\"fusion-column-wrapper fusion-column-has-shadow fusion-flex-justify-content-flex-start fusion-content-layout-column\"><div class=\"fusion-video fusion-selfhosted-video\" style=\"max-width:100%;\"><div class=\"video-wrapper\"><video playsinline=\"true\" width=\"100%\" style=\"object-fit: cover;\" autoplay=\"true\" muted=\"true\" loop=\"true\" preload=\"auto\"><source src=\"https:\/\/xnet-x.net\/wp-content\/uploads\/2026\/02\/Xnet_Q_CAT.mp4\" type=\"video\/mp4\">Sorry, your browser doesn&#039;t support embedded videos.<\/video><\/div><\/div><\/div><\/div><\/div><\/div><div class=\"fusion-fullwidth fullwidth-box fusion-builder-row-3 fusion-flex-container has-pattern-background has-mask-background nonhundred-percent-fullwidth non-hundred-percent-height-scrolling\" style=\"--awb-border-radius-top-left:0px;--awb-border-radius-top-right:0px;--awb-border-radius-bottom-right:0px;--awb-border-radius-bottom-left:0px;--awb-padding-top:60px;--awb-padding-bottom:60px;--awb-flex-wrap:wrap;\" ><div class=\"fusion-builder-row fusion-row fusion-flex-align-items-flex-start fusion-flex-content-wrap\" style=\"max-width:1248px;margin-left: calc(-4% \/ 2 );margin-right: calc(-4% \/ 2 );\"><div class=\"fusion-layout-column fusion_builder_column fusion-builder-column-2 fusion_builder_column_1_1 1_1 fusion-flex-column\" style=\"--awb-bg-size:cover;--awb-width-large:100%;--awb-margin-top-large:0px;--awb-spacing-right-large:1.92%;--awb-margin-bottom-large:20px;--awb-spacing-left-large:1.92%;--awb-width-medium:100%;--awb-order-medium:0;--awb-spacing-right-medium:1.92%;--awb-spacing-left-medium:1.92%;--awb-width-small:100%;--awb-order-small:0;--awb-spacing-right-small:1.92%;--awb-spacing-left-small:1.92%;\"><div class=\"fusion-column-wrapper fusion-column-has-shadow fusion-flex-justify-content-flex-start fusion-content-layout-column\"><div class=\"fusion-title title fusion-title-1 fusion-sep-none fusion-title-center fusion-title-text fusion-title-size-two xnet-title\" style=\"--awb-margin-top-small:10px;--awb-margin-right-small:0px;--awb-margin-bottom-small:10px;--awb-margin-left-small:0px;--awb-font-size:28px;\"><h2 class=\"fusion-title-heading title-heading-center\" style=\"font-family:&quot;Inter&quot;;font-style:normal;font-weight:700;margin:0;font-size:1em;line-height:1.2em;\">Accions<\/h2><\/div><div class=\"fusion-post-cards fusion-post-cards-1 fusion-grid-archive fusion-grid-columns-4\" style=\"--awb-column-spacing:25px;--awb-dots-align:center;--awb-active-filter-border-size:3px;--awb-filters-height:36px;--awb-row-spacing:60px;\" data-post-type-label=\"entrades\"><ul class=\"fusion-grid fusion-grid-4 fusion-flex-align-items-flex-start fusion-grid-posts-cards fusion-grid-container-infinite\" data-pages=\"3\"><li class=\"fusion-layout-column fusion_builder_column fusion-builder-column-3 fusion-flex-column post-card fusion-grid-column fusion-post-cards-grid-column\" style=\"--awb-bg-blend:overlay;--awb-bg-size:cover;--awb-flex-grow:0;--awb-flex-shrink:0;--awb-flex-grow-medium:0;--awb-flex-shrink-medium:0;--awb-flex-grow-small:0;--awb-flex-shrink-small:0;\" data-scroll-devices=\"small-visibility,medium-visibility,large-visibility\"><div class=\"fusion-column-wrapper fusion-column-has-shadow fusion-flex-justify-content-flex-start fusion-content-layout-column\"><div class=\"fusion-title title fusion-title-2 fusion-sep-none fusion-title-text fusion-title-size-five\" style=\"--awb-text-color:var(--awb-color4);--awb-margin-bottom:0px;--awb-margin-top-small:10px;--awb-margin-right-small:0px;--awb-margin-bottom-small:10px;--awb-margin-left-small:0px;--awb-link-color:var(--awb-color8);--awb-font-size:14px;\"><h5 class=\"fusion-title-heading title-heading-left\" style=\"font-family:&quot;Inter&quot;;font-style:normal;font-weight:300;margin:0;text-transform:uppercase;font-size:1em;\"><a href=\"https:\/\/www.vilaweb.cat\/noticies\/seny-aflora-debat-sobre-xarxes-socials-menors\/\" class=\"awb-custom-text-color awb-custom-text-hover-color\" target=\"_self\">22  abril  2026<\/a><\/h5><\/div><div class=\"fusion-title title fusion-title-3 fusion-sep-none fusion-title-text fusion-title-size-five\" style=\"--awb-text-color:var(--awb-color8);--awb-margin-bottom:10px;--awb-margin-top-small:0px;--awb-margin-right-small:0px;--awb-margin-bottom-small:0px;--awb-margin-left-small:0px;--awb-link-color:var(--awb-color8);--awb-font-size:16px;\"><h5 class=\"fusion-title-heading title-heading-left\" style=\"font-family:&quot;Inter&quot;;font-style:normal;font-weight:600;margin:0;font-size:1em;\"><a href=\"https:\/\/www.vilaweb.cat\/noticies\/seny-aflora-debat-sobre-xarxes-socials-menors\/\" class=\"awb-custom-text-color awb-custom-text-hover-color\" target=\"_self\">Una mica de seny aflora en el debat sobre xarxes socials i menors<\/a><\/h5><\/div><div class=\"fusion-title title fusion-title-4 fusion-sep-none fusion-title-text fusion-title-size-five\" style=\"--awb-text-color:var(--awb-color8);--awb-margin-top:0px;--awb-margin-top-small:10px;--awb-margin-right-small:0px;--awb-margin-bottom-small:10px;--awb-margin-left-small:0px;--awb-link-color:var(--awb-color8);--awb-font-size:14px;\"><h5 class=\"fusion-title-heading title-heading-left\" style=\"font-family:&quot;Inter&quot;;font-style:normal;font-weight:300;margin:0;font-size:1em;line-height:1.3em;\"><a href=\"https:\/\/www.vilaweb.cat\/noticies\/seny-aflora-debat-sobre-xarxes-socials-menors\/\" class=\"awb-custom-text-color awb-custom-text-hover-color\" target=\"_self\"><p class=\"md:text-xl mt-2 text-lg subtitol-noticia\" role=\"heading\" aria-level=\"2\">Impedir l\u2019acc\u00e9s a les xarxes socials als menors ja es pot fer, sense necessitat de matar internet a canonades.<\/p><\/a><\/h5><\/div><div class=\"fusion-separator fusion-full-width-sep\" style=\"align-self: center;margin-left: auto;margin-right: auto;flex-grow:2;margin-bottom:15px;width:100%;\"><div class=\"fusion-separator-border sep-single sep-solid\" style=\"--awb-height:20px;--awb-amount:20px;--awb-sep-color:var(--awb-color8);border-color:var(--awb-color8);border-top-width:1px;\"><\/div><\/div><div class=\"fusion-text fusion-text-1 fusion-text-no-margin\" style=\"--awb-font-size:13px;--awb-line-height:1.2em;--awb-margin-bottom:0px;\"><p><a href=\"https:\/\/xnet-x.net\/ca\/ejes\/neutralitat-de-la-xarxa\/\" title=\"Drets digitals| Privacitat | Dades | IA i Neutralitat de la Xarxa\">Drets digitals| Privacitat | Dades | IA i Neutralitat de la Xarxa<\/a><\/p>\n<\/div><\/div><\/li>\n<li class=\"fusion-layout-column fusion_builder_column fusion-builder-column-4 fusion-flex-column post-card fusion-grid-column fusion-post-cards-grid-column\" style=\"--awb-bg-blend:overlay;--awb-bg-size:cover;--awb-flex-grow:0;--awb-flex-shrink:0;--awb-flex-grow-medium:0;--awb-flex-shrink-medium:0;--awb-flex-grow-small:0;--awb-flex-shrink-small:0;\" data-scroll-devices=\"small-visibility,medium-visibility,large-visibility\"><div class=\"fusion-column-wrapper fusion-column-has-shadow fusion-flex-justify-content-flex-start fusion-content-layout-column\"><div class=\"fusion-image-element \" style=\"--awb-margin-bottom:10px;--awb-caption-title-font-family:var(--h2_typography-font-family);--awb-caption-title-font-weight:var(--h2_typography-font-weight);--awb-caption-title-font-style:var(--h2_typography-font-style);--awb-caption-title-size:var(--h2_typography-font-size);--awb-caption-title-transform:var(--h2_typography-text-transform);--awb-caption-title-line-height:var(--h2_typography-line-height);--awb-caption-title-letter-spacing:var(--h2_typography-letter-spacing);\"><span class=\" fusion-imageframe imageframe-none imageframe-2 hover-type-none\"><a class=\"fusion-no-lightbox\" href=\"https:\/\/www.beuc.eu\/sites\/default\/files\/publications\/BEUC-X-2026-020_Joint_call_for_an_ambitious_Digital_Fairness_Act_to_better_protect_people_online.pdf\" target=\"_self\" aria-label=\"dfa-26\"><img decoding=\"async\" width=\"838\" height=\"420\" src=\"https:\/\/xnet-x.net\/wp-content\/uploads\/2026\/04\/dfa-26-1.png\" alt class=\"img-responsive wp-image-2623\" srcset=\"https:\/\/xnet-x.net\/wp-content\/uploads\/2026\/04\/dfa-26-1-200x100.png 200w, https:\/\/xnet-x.net\/wp-content\/uploads\/2026\/04\/dfa-26-1-400x200.png 400w, https:\/\/xnet-x.net\/wp-content\/uploads\/2026\/04\/dfa-26-1-600x301.png 600w, https:\/\/xnet-x.net\/wp-content\/uploads\/2026\/04\/dfa-26-1-800x401.png 800w, https:\/\/xnet-x.net\/wp-content\/uploads\/2026\/04\/dfa-26-1.png 838w\" sizes=\"(max-width: 640px) 100vw, 838px\" \/><\/a><\/span><\/div><div class=\"fusion-title title fusion-title-5 fusion-sep-none fusion-title-text fusion-title-size-five\" style=\"--awb-text-color:var(--awb-color4);--awb-margin-bottom:0px;--awb-margin-top-small:10px;--awb-margin-right-small:0px;--awb-margin-bottom-small:10px;--awb-margin-left-small:0px;--awb-link-color:var(--awb-color8);--awb-font-size:14px;\"><h5 class=\"fusion-title-heading title-heading-left\" style=\"font-family:&quot;Inter&quot;;font-style:normal;font-weight:300;margin:0;text-transform:uppercase;font-size:1em;\"><a href=\"https:\/\/www.beuc.eu\/sites\/default\/files\/publications\/BEUC-X-2026-020_Joint_call_for_an_ambitious_Digital_Fairness_Act_to_better_protect_people_online.pdf\" class=\"awb-custom-text-color awb-custom-text-hover-color\" target=\"_self\">22  abril  2026<\/a><\/h5><\/div><div class=\"fusion-title title fusion-title-6 fusion-sep-none fusion-title-text fusion-title-size-five\" style=\"--awb-text-color:var(--awb-color8);--awb-margin-bottom:10px;--awb-margin-top-small:0px;--awb-margin-right-small:0px;--awb-margin-bottom-small:0px;--awb-margin-left-small:0px;--awb-link-color:var(--awb-color8);--awb-font-size:16px;\"><h5 class=\"fusion-title-heading title-heading-left\" style=\"font-family:&quot;Inter&quot;;font-style:normal;font-weight:600;margin:0;font-size:1em;\"><a href=\"https:\/\/www.beuc.eu\/sites\/default\/files\/publications\/BEUC-X-2026-020_Joint_call_for_an_ambitious_Digital_Fairness_Act_to_better_protect_people_online.pdf\" class=\"awb-custom-text-color awb-custom-text-hover-color\" target=\"_self\">Hacemos un llamamiento conjunto para una ambiciosa Ley de Equidad Digital que proteja mejor a las personas en l\u00ednea<\/a><\/h5><\/div><div class=\"fusion-title title fusion-title-7 fusion-sep-none fusion-title-text fusion-title-size-five\" style=\"--awb-text-color:var(--awb-color8);--awb-margin-top:0px;--awb-margin-top-small:10px;--awb-margin-right-small:0px;--awb-margin-bottom-small:10px;--awb-margin-left-small:0px;--awb-link-color:var(--awb-color8);--awb-font-size:14px;\"><h5 class=\"fusion-title-heading title-heading-left\" style=\"font-family:&quot;Inter&quot;;font-style:normal;font-weight:300;margin:0;font-size:1em;line-height:1.3em;\"><a href=\"https:\/\/www.beuc.eu\/sites\/default\/files\/publications\/BEUC-X-2026-020_Joint_call_for_an_ambitious_Digital_Fairness_Act_to_better_protect_people_online.pdf\" class=\"awb-custom-text-color awb-custom-text-hover-color\" target=\"_self\"><\/a><\/h5><\/div><div class=\"fusion-separator fusion-full-width-sep\" style=\"align-self: center;margin-left: auto;margin-right: auto;flex-grow:2;margin-bottom:15px;width:100%;\"><div class=\"fusion-separator-border sep-single sep-solid\" style=\"--awb-height:20px;--awb-amount:20px;--awb-sep-color:var(--awb-color8);border-color:var(--awb-color8);border-top-width:1px;\"><\/div><\/div><div class=\"fusion-text fusion-text-2 fusion-text-no-margin\" style=\"--awb-font-size:13px;--awb-line-height:1.2em;--awb-margin-bottom:0px;\"><p><a href=\"https:\/\/xnet-x.net\/ca\/ejes\/neutralitat-de-la-xarxa\/\" title=\"Derechos digitales | Privacidad | Datos | IA | Neutralidad de la Red\">Derechos digitales | Privacidad | Datos | IA | Neutralidad de la Red<\/a><\/p>\n<\/div><\/div><\/li>\n<li class=\"fusion-layout-column fusion_builder_column fusion-builder-column-5 fusion-flex-column post-card fusion-grid-column fusion-post-cards-grid-column\" style=\"--awb-bg-blend:overlay;--awb-bg-size:cover;--awb-flex-grow:0;--awb-flex-shrink:0;--awb-flex-grow-medium:0;--awb-flex-shrink-medium:0;--awb-flex-grow-small:0;--awb-flex-shrink-small:0;\" data-scroll-devices=\"small-visibility,medium-visibility,large-visibility\"><div class=\"fusion-column-wrapper fusion-column-has-shadow fusion-flex-justify-content-flex-start fusion-content-layout-column\"><div class=\"fusion-title title fusion-title-8 fusion-sep-none fusion-title-text fusion-title-size-five\" style=\"--awb-text-color:var(--awb-color4);--awb-margin-bottom:0px;--awb-margin-top-small:10px;--awb-margin-right-small:0px;--awb-margin-bottom-small:10px;--awb-margin-left-small:0px;--awb-link-color:var(--awb-color8);--awb-font-size:14px;\"><h5 class=\"fusion-title-heading title-heading-left\" style=\"font-family:&quot;Inter&quot;;font-style:normal;font-weight:300;margin:0;text-transform:uppercase;font-size:1em;\"><a href=\"https:\/\/www.ara.cat\/opinio\/prohibir-adolescencia_129_5640264.amp.html\" class=\"awb-custom-text-color awb-custom-text-hover-color\" target=\"_self\">7  febrer  2026<\/a><\/h5><\/div><div class=\"fusion-title title fusion-title-9 fusion-sep-none fusion-title-text fusion-title-size-five\" style=\"--awb-text-color:var(--awb-color8);--awb-margin-bottom:10px;--awb-margin-top-small:0px;--awb-margin-right-small:0px;--awb-margin-bottom-small:0px;--awb-margin-left-small:0px;--awb-link-color:var(--awb-color8);--awb-font-size:16px;\"><h5 class=\"fusion-title-heading title-heading-left\" style=\"font-family:&quot;Inter&quot;;font-style:normal;font-weight:600;margin:0;font-size:1em;\"><a href=\"https:\/\/www.ara.cat\/opinio\/prohibir-adolescencia_129_5640264.amp.html\" class=\"awb-custom-text-color awb-custom-text-hover-color\" target=\"_self\">Prohibir l&#8217;adolesc\u00e8ncia?<\/a><\/h5><\/div><div class=\"fusion-title title fusion-title-10 fusion-sep-none fusion-title-text fusion-title-size-five\" style=\"--awb-text-color:var(--awb-color8);--awb-margin-top:0px;--awb-margin-top-small:10px;--awb-margin-right-small:0px;--awb-margin-bottom-small:10px;--awb-margin-left-small:0px;--awb-link-color:var(--awb-color8);--awb-font-size:14px;\"><h5 class=\"fusion-title-heading title-heading-left\" style=\"font-family:&quot;Inter&quot;;font-style:normal;font-weight:300;margin:0;font-size:1em;line-height:1.3em;\"><a href=\"https:\/\/www.ara.cat\/opinio\/prohibir-adolescencia_129_5640264.amp.html\" class=\"awb-custom-text-color awb-custom-text-hover-color\" target=\"_self\"><span class=\"author-a-z86zfobz72zz76zz76z2z82zpz83zz65zfz73z1z73z\">Hem de prohibir l&#8217;adolesc\u00e8ncia o prohibir els negocis t\u00f2xics d\u2019uns senyors t\u00f2xics? No es pot banalitzar el fet d&#8217;erradicar els menors de l\u2019espai p\u00fablic virtual, de la comunicaci\u00f3 i la informaci\u00f3 del nostre temps.<\/span><\/a><\/h5><\/div><div class=\"fusion-separator fusion-full-width-sep\" style=\"align-self: center;margin-left: auto;margin-right: auto;flex-grow:2;margin-bottom:15px;width:100%;\"><div class=\"fusion-separator-border sep-single sep-solid\" style=\"--awb-height:20px;--awb-amount:20px;--awb-sep-color:var(--awb-color8);border-color:var(--awb-color8);border-top-width:1px;\"><\/div><\/div><div class=\"fusion-text fusion-text-3 fusion-text-no-margin\" style=\"--awb-font-size:13px;--awb-line-height:1.2em;--awb-margin-bottom:0px;\"><p><a href=\"https:\/\/xnet-x.net\/ca\/ejes\/neutralitat-de-la-xarxa\/\" title=\"Drets digitals| Privacitat | Dades | IA i Neutralitat de la Xarxa\">Drets digitals| Privacitat | Dades | IA i Neutralitat de la Xarxa<\/a><\/p>\n<\/div><\/div><\/li>\n<li class=\"fusion-layout-column fusion_builder_column fusion-builder-column-6 fusion-flex-column post-card fusion-grid-column fusion-post-cards-grid-column\" style=\"--awb-bg-blend:overlay;--awb-bg-size:cover;--awb-flex-grow:0;--awb-flex-shrink:0;--awb-flex-grow-medium:0;--awb-flex-shrink-medium:0;--awb-flex-grow-small:0;--awb-flex-shrink-small:0;\" data-scroll-devices=\"small-visibility,medium-visibility,large-visibility\"><div class=\"fusion-column-wrapper fusion-column-has-shadow fusion-flex-justify-content-flex-start fusion-content-layout-column\"><div class=\"fusion-image-element \" style=\"--awb-margin-bottom:10px;--awb-caption-title-font-family:var(--h2_typography-font-family);--awb-caption-title-font-weight:var(--h2_typography-font-weight);--awb-caption-title-font-style:var(--h2_typography-font-style);--awb-caption-title-size:var(--h2_typography-font-size);--awb-caption-title-transform:var(--h2_typography-text-transform);--awb-caption-title-line-height:var(--h2_typography-line-height);--awb-caption-title-letter-spacing:var(--h2_typography-letter-spacing);\"><span class=\" fusion-imageframe imageframe-none imageframe-4 hover-type-none\"><a class=\"fusion-no-lightbox\" href=\"https:\/\/ctxt.es\/es\/20260101\/Firmas\/51699\/simona-levi-regularcion-innovacion-proteccion-redes-sociales-desinformacion-derechos-digitales.htm\" target=\"_self\" aria-label=\"negocio-desinformacion\"><img decoding=\"async\" width=\"800\" height=\"533\" src=\"https:\/\/xnet-x.net\/wp-content\/uploads\/2026\/02\/negocio-desinformacion.jpg\" alt class=\"img-responsive wp-image-2163\" srcset=\"https:\/\/xnet-x.net\/wp-content\/uploads\/2026\/02\/negocio-desinformacion-200x133.jpg 200w, https:\/\/xnet-x.net\/wp-content\/uploads\/2026\/02\/negocio-desinformacion-400x267.jpg 400w, https:\/\/xnet-x.net\/wp-content\/uploads\/2026\/02\/negocio-desinformacion-600x400.jpg 600w, https:\/\/xnet-x.net\/wp-content\/uploads\/2026\/02\/negocio-desinformacion.jpg 800w\" sizes=\"(max-width: 640px) 100vw, 800px\" \/><\/a><\/span><\/div><div class=\"fusion-title title fusion-title-11 fusion-sep-none fusion-title-text fusion-title-size-five\" style=\"--awb-text-color:var(--awb-color4);--awb-margin-bottom:0px;--awb-margin-top-small:10px;--awb-margin-right-small:0px;--awb-margin-bottom-small:10px;--awb-margin-left-small:0px;--awb-link-color:var(--awb-color8);--awb-font-size:14px;\"><h5 class=\"fusion-title-heading title-heading-left\" style=\"font-family:&quot;Inter&quot;;font-style:normal;font-weight:300;margin:0;text-transform:uppercase;font-size:1em;\"><a href=\"https:\/\/ctxt.es\/es\/20260101\/Firmas\/51699\/simona-levi-regularcion-innovacion-proteccion-redes-sociales-desinformacion-derechos-digitales.htm\" class=\"awb-custom-text-color awb-custom-text-hover-color\" target=\"_self\">2  febrer  2026<\/a><\/h5><\/div><div class=\"fusion-title title fusion-title-12 fusion-sep-none fusion-title-text fusion-title-size-five\" style=\"--awb-text-color:var(--awb-color8);--awb-margin-bottom:10px;--awb-margin-top-small:0px;--awb-margin-right-small:0px;--awb-margin-bottom-small:0px;--awb-margin-left-small:0px;--awb-link-color:var(--awb-color8);--awb-font-size:16px;\"><h5 class=\"fusion-title-heading title-heading-left\" style=\"font-family:&quot;Inter&quot;;font-style:normal;font-weight:600;margin:0;font-size:1em;\"><a href=\"https:\/\/ctxt.es\/es\/20260101\/Firmas\/51699\/simona-levi-regularcion-innovacion-proteccion-redes-sociales-desinformacion-derechos-digitales.htm\" class=\"awb-custom-text-color awb-custom-text-hover-color\" target=\"_self\">[ES] Regular el negocio de la desinformaci\u00f3n es posible<\/a><\/h5><\/div><div class=\"fusion-title title fusion-title-13 fusion-sep-none fusion-title-text fusion-title-size-five\" style=\"--awb-text-color:var(--awb-color8);--awb-margin-top:0px;--awb-margin-top-small:10px;--awb-margin-right-small:0px;--awb-margin-bottom-small:10px;--awb-margin-left-small:0px;--awb-link-color:var(--awb-color8);--awb-font-size:14px;\"><h5 class=\"fusion-title-heading title-heading-left\" style=\"font-family:&quot;Inter&quot;;font-style:normal;font-weight:300;margin:0;font-size:1em;line-height:1.3em;\"><a href=\"https:\/\/ctxt.es\/es\/20260101\/Firmas\/51699\/simona-levi-regularcion-innovacion-proteccion-redes-sociales-desinformacion-derechos-digitales.htm\" class=\"awb-custom-text-color awb-custom-text-hover-color\" target=\"_self\">Leyes como la recientemente aprobada en California demuestran que proteger derechos digitales no frena la innovaci\u00f3n.<\/a><\/h5><\/div><div class=\"fusion-separator fusion-full-width-sep\" style=\"align-self: center;margin-left: auto;margin-right: auto;flex-grow:2;margin-bottom:15px;width:100%;\"><div class=\"fusion-separator-border sep-single sep-solid\" style=\"--awb-height:20px;--awb-amount:20px;--awb-sep-color:var(--awb-color8);border-color:var(--awb-color8);border-top-width:1px;\"><\/div><\/div><div class=\"fusion-text fusion-text-4 fusion-text-no-margin\" style=\"--awb-font-size:13px;--awb-line-height:1.2em;--awb-margin-bottom:0px;\"><p><a href=\"https:\/\/xnet-x.net\/ca\/ejes\/llibertat-expressio-informacio\/\" title=\"Llibertat d\u2019expressi\u00f3 i informaci\u00f3 vs fake news, propaganda i desinformaci\u00f3\">Llibertat d\u2019expressi\u00f3 i informaci\u00f3 vs fake news, propaganda i desinformaci\u00f3<\/a><\/p>\n<\/div><\/div><\/li>\n<li class=\"fusion-layout-column fusion_builder_column fusion-builder-column-7 fusion-flex-column post-card fusion-grid-column fusion-post-cards-grid-column\" style=\"--awb-bg-blend:overlay;--awb-bg-size:cover;--awb-flex-grow:0;--awb-flex-shrink:0;--awb-flex-grow-medium:0;--awb-flex-shrink-medium:0;--awb-flex-grow-small:0;--awb-flex-shrink-small:0;\" data-scroll-devices=\"small-visibility,medium-visibility,large-visibility\"><div class=\"fusion-column-wrapper fusion-column-has-shadow fusion-flex-justify-content-flex-start fusion-content-layout-column\"><div class=\"fusion-image-element \" style=\"--awb-margin-bottom:10px;--awb-caption-title-font-family:var(--h2_typography-font-family);--awb-caption-title-font-weight:var(--h2_typography-font-weight);--awb-caption-title-font-style:var(--h2_typography-font-style);--awb-caption-title-size:var(--h2_typography-font-size);--awb-caption-title-transform:var(--h2_typography-text-transform);--awb-caption-title-line-height:var(--h2_typography-line-height);--awb-caption-title-letter-spacing:var(--h2_typography-letter-spacing);\"><span class=\" fusion-imageframe imageframe-none imageframe-5 hover-type-none\"><a class=\"fusion-no-lightbox\" href=\"https:\/\/www.ara.cat\/opinio\/fake-news-europa-genolls_129_5619561.html\" target=\"_self\" aria-label=\"articulo-ley-fake-you\"><img decoding=\"async\" width=\"1024\" height=\"343\" src=\"https:\/\/xnet-x.net\/wp-content\/uploads\/2026\/02\/articulo-ley-fake-you.jpg\" alt class=\"img-responsive wp-image-2152\" srcset=\"https:\/\/xnet-x.net\/wp-content\/uploads\/2026\/02\/articulo-ley-fake-you-200x67.jpg 200w, https:\/\/xnet-x.net\/wp-content\/uploads\/2026\/02\/articulo-ley-fake-you-400x134.jpg 400w, https:\/\/xnet-x.net\/wp-content\/uploads\/2026\/02\/articulo-ley-fake-you-600x201.jpg 600w, https:\/\/xnet-x.net\/wp-content\/uploads\/2026\/02\/articulo-ley-fake-you-800x268.jpg 800w, https:\/\/xnet-x.net\/wp-content\/uploads\/2026\/02\/articulo-ley-fake-you.jpg 1024w\" sizes=\"(max-width: 640px) 100vw, 1024px\" \/><\/a><\/span><\/div><div class=\"fusion-title title fusion-title-14 fusion-sep-none fusion-title-text fusion-title-size-five\" style=\"--awb-text-color:var(--awb-color4);--awb-margin-bottom:0px;--awb-margin-top-small:10px;--awb-margin-right-small:0px;--awb-margin-bottom-small:10px;--awb-margin-left-small:0px;--awb-link-color:var(--awb-color8);--awb-font-size:14px;\"><h5 class=\"fusion-title-heading title-heading-left\" style=\"font-family:&quot;Inter&quot;;font-style:normal;font-weight:300;margin:0;text-transform:uppercase;font-size:1em;\"><a href=\"https:\/\/www.ara.cat\/opinio\/fake-news-europa-genolls_129_5619561.html\" class=\"awb-custom-text-color awb-custom-text-hover-color\" target=\"_self\">19  gener  2026<\/a><\/h5><\/div><div class=\"fusion-title title fusion-title-15 fusion-sep-none fusion-title-text fusion-title-size-five\" style=\"--awb-text-color:var(--awb-color8);--awb-margin-bottom:10px;--awb-margin-top-small:0px;--awb-margin-right-small:0px;--awb-margin-bottom-small:0px;--awb-margin-left-small:0px;--awb-link-color:var(--awb-color8);--awb-font-size:16px;\"><h5 class=\"fusion-title-heading title-heading-left\" style=\"font-family:&quot;Inter&quot;;font-style:normal;font-weight:600;margin:0;font-size:1em;\"><a href=\"https:\/\/www.ara.cat\/opinio\/fake-news-europa-genolls_129_5619561.html\" class=\"awb-custom-text-color awb-custom-text-hover-color\" target=\"_self\">La ind\u00fastria de la desinformaci\u00f3 est\u00e0 d&#8217;aniversari<\/a><\/h5><\/div><div class=\"fusion-title title fusion-title-16 fusion-sep-none fusion-title-text fusion-title-size-five\" style=\"--awb-text-color:var(--awb-color8);--awb-margin-top:0px;--awb-margin-top-small:10px;--awb-margin-right-small:0px;--awb-margin-bottom-small:10px;--awb-margin-left-small:0px;--awb-link-color:var(--awb-color8);--awb-font-size:14px;\"><h5 class=\"fusion-title-heading title-heading-left\" style=\"font-family:&quot;Inter&quot;;font-style:normal;font-weight:300;margin:0;font-size:1em;line-height:1.3em;\"><a href=\"https:\/\/www.ara.cat\/opinio\/fake-news-europa-genolls_129_5619561.html\" class=\"awb-custom-text-color awb-custom-text-hover-color\" target=\"_self\">La ind\u00fastria de la desinformaci\u00f3 est\u00e0 d&#8217;aniversari. La mentida pol\u00edtica es consenteix i promou amb l&#8217;exemple<\/a><\/h5><\/div><div class=\"fusion-separator fusion-full-width-sep\" style=\"align-self: center;margin-left: auto;margin-right: auto;flex-grow:2;margin-bottom:15px;width:100%;\"><div class=\"fusion-separator-border sep-single sep-solid\" style=\"--awb-height:20px;--awb-amount:20px;--awb-sep-color:var(--awb-color8);border-color:var(--awb-color8);border-top-width:1px;\"><\/div><\/div><div class=\"fusion-text fusion-text-5 fusion-text-no-margin\" style=\"--awb-font-size:13px;--awb-line-height:1.2em;--awb-margin-bottom:0px;\"><p><a href=\"https:\/\/xnet-x.net\/ca\/ejes\/neutralitat-de-la-xarxa\/\" title=\"Drets digitals| Privacitat | Dades | IA i Neutralitat de la Xarxa\">Drets digitals| Privacitat | Dades | IA i Neutralitat de la Xarxa<\/a>, <a href=\"https:\/\/xnet-x.net\/ca\/ejes\/llibertat-expressio-informacio\/\" title=\"Llibertat d\u2019expressi\u00f3 i informaci\u00f3 vs fake news, propaganda i desinformaci\u00f3\">Llibertat d\u2019expressi\u00f3 i informaci\u00f3 vs fake news, propaganda i desinformaci\u00f3<\/a><\/p>\n<\/div><\/div><\/li>\n<li class=\"fusion-layout-column fusion_builder_column fusion-builder-column-8 fusion-flex-column post-card fusion-grid-column fusion-post-cards-grid-column\" style=\"--awb-bg-blend:overlay;--awb-bg-size:cover;--awb-flex-grow:0;--awb-flex-shrink:0;--awb-flex-grow-medium:0;--awb-flex-shrink-medium:0;--awb-flex-grow-small:0;--awb-flex-shrink-small:0;\" data-scroll-devices=\"small-visibility,medium-visibility,large-visibility\"><div class=\"fusion-column-wrapper fusion-column-has-shadow fusion-flex-justify-content-flex-start fusion-content-layout-column\"><div class=\"fusion-image-element \" style=\"--awb-margin-bottom:10px;--awb-caption-title-font-family:var(--h2_typography-font-family);--awb-caption-title-font-weight:var(--h2_typography-font-weight);--awb-caption-title-font-style:var(--h2_typography-font-style);--awb-caption-title-size:var(--h2_typography-font-size);--awb-caption-title-transform:var(--h2_typography-text-transform);--awb-caption-title-line-height:var(--h2_typography-line-height);--awb-caption-title-letter-spacing:var(--h2_typography-letter-spacing);\"><span class=\" fusion-imageframe imageframe-none imageframe-6 hover-type-none\"><a class=\"fusion-no-lightbox\" href=\"https:\/\/xnet-x.net\/ca\/xnet-contribueix-a-un-projecte-deapc-i-ub-sobre-millora-de-politica-per-a-la-proteccio-de-persones-alertadores-per-a-la-llei-catalana\/\" target=\"_self\" aria-label=\"eapc\"><img decoding=\"async\" width=\"838\" height=\"420\" src=\"https:\/\/xnet-x.net\/wp-content\/uploads\/2025\/12\/eapc.png\" alt class=\"img-responsive wp-image-1558\" srcset=\"https:\/\/xnet-x.net\/wp-content\/uploads\/2025\/12\/eapc-200x100.png 200w, https:\/\/xnet-x.net\/wp-content\/uploads\/2025\/12\/eapc-400x200.png 400w, https:\/\/xnet-x.net\/wp-content\/uploads\/2025\/12\/eapc-600x301.png 600w, https:\/\/xnet-x.net\/wp-content\/uploads\/2025\/12\/eapc-800x401.png 800w, https:\/\/xnet-x.net\/wp-content\/uploads\/2025\/12\/eapc.png 838w\" sizes=\"(max-width: 640px) 100vw, 838px\" \/><\/a><\/span><\/div><div class=\"fusion-title title fusion-title-17 fusion-sep-none fusion-title-text fusion-title-size-five\" style=\"--awb-text-color:var(--awb-color4);--awb-margin-bottom:0px;--awb-margin-top-small:10px;--awb-margin-right-small:0px;--awb-margin-bottom-small:10px;--awb-margin-left-small:0px;--awb-link-color:var(--awb-color8);--awb-font-size:14px;\"><h5 class=\"fusion-title-heading title-heading-left\" style=\"font-family:&quot;Inter&quot;;font-style:normal;font-weight:300;margin:0;text-transform:uppercase;font-size:1em;\"><a href=\"https:\/\/xnet-x.net\/ca\/xnet-contribueix-a-un-projecte-deapc-i-ub-sobre-millora-de-politica-per-a-la-proteccio-de-persones-alertadores-per-a-la-llei-catalana\/\" class=\"awb-custom-text-color awb-custom-text-hover-color\" target=\"_self\">22  desembre  2025<\/a><\/h5><\/div><div class=\"fusion-title title fusion-title-18 fusion-sep-none fusion-title-text fusion-title-size-five\" style=\"--awb-text-color:var(--awb-color8);--awb-margin-bottom:10px;--awb-margin-top-small:0px;--awb-margin-right-small:0px;--awb-margin-bottom-small:0px;--awb-margin-left-small:0px;--awb-link-color:var(--awb-color8);--awb-font-size:16px;\"><h5 class=\"fusion-title-heading title-heading-left\" style=\"font-family:&quot;Inter&quot;;font-style:normal;font-weight:600;margin:0;font-size:1em;\"><a href=\"https:\/\/xnet-x.net\/ca\/xnet-contribueix-a-un-projecte-deapc-i-ub-sobre-millora-de-politica-per-a-la-proteccio-de-persones-alertadores-per-a-la-llei-catalana\/\" class=\"awb-custom-text-color awb-custom-text-hover-color\" target=\"_self\">Xnet contribueix a un projecte d\u2019EAPC i UB sobre millora de pol\u00edtica per a la protecci\u00f3 de persones alertadores (per a la llei catalana)<\/a><\/h5><\/div><div class=\"fusion-title title fusion-title-19 fusion-sep-none fusion-title-text fusion-title-size-five\" style=\"--awb-text-color:var(--awb-color8);--awb-margin-top:0px;--awb-margin-top-small:10px;--awb-margin-right-small:0px;--awb-margin-bottom-small:10px;--awb-margin-left-small:0px;--awb-link-color:var(--awb-color8);--awb-font-size:14px;\"><h5 class=\"fusion-title-heading title-heading-left\" style=\"font-family:&quot;Inter&quot;;font-style:normal;font-weight:300;margin:0;font-size:1em;line-height:1.3em;\"><a href=\"https:\/\/xnet-x.net\/ca\/xnet-contribueix-a-un-projecte-deapc-i-ub-sobre-millora-de-politica-per-a-la-proteccio-de-persones-alertadores-per-a-la-llei-catalana\/\" class=\"awb-custom-text-color awb-custom-text-hover-color\" target=\"_self\">EAPC i la UB ens han demanat de participar en vista de la futura llei de defensa de persones alertadores de Catalunya.<\/a><\/h5><\/div><div class=\"fusion-separator fusion-full-width-sep\" style=\"align-self: center;margin-left: auto;margin-right: auto;flex-grow:2;margin-bottom:15px;width:100%;\"><div class=\"fusion-separator-border sep-single sep-solid\" style=\"--awb-height:20px;--awb-amount:20px;--awb-sep-color:var(--awb-color8);border-color:var(--awb-color8);border-top-width:1px;\"><\/div><\/div><div class=\"fusion-text fusion-text-6 fusion-text-no-margin\" style=\"--awb-font-size:13px;--awb-line-height:1.2em;--awb-margin-bottom:0px;\"><p><a href=\"https:\/\/xnet-x.net\/ca\/ejes\/anticorrupcio\/\" title=\"Informants\/Alertadors\/Whistleblowers | Filtracions i lluita anticorrupci\u00f3\">Informants\/Alertadors\/Whistleblowers | Filtracions i lluita anticorrupci\u00f3<\/a><\/p>\n<\/div><\/div><\/li>\n<li class=\"fusion-layout-column fusion_builder_column fusion-builder-column-9 fusion-flex-column post-card fusion-grid-column fusion-post-cards-grid-column\" style=\"--awb-bg-blend:overlay;--awb-bg-size:cover;--awb-flex-grow:0;--awb-flex-shrink:0;--awb-flex-grow-medium:0;--awb-flex-shrink-medium:0;--awb-flex-grow-small:0;--awb-flex-shrink-small:0;\" data-scroll-devices=\"small-visibility,medium-visibility,large-visibility\"><div class=\"fusion-column-wrapper fusion-column-has-shadow fusion-flex-justify-content-flex-start fusion-content-layout-column\"><div class=\"fusion-image-element \" style=\"--awb-margin-bottom:10px;--awb-caption-title-font-family:var(--h2_typography-font-family);--awb-caption-title-font-weight:var(--h2_typography-font-weight);--awb-caption-title-font-style:var(--h2_typography-font-style);--awb-caption-title-size:var(--h2_typography-font-size);--awb-caption-title-transform:var(--h2_typography-text-transform);--awb-caption-title-line-height:var(--h2_typography-line-height);--awb-caption-title-letter-spacing:var(--h2_typography-letter-spacing);\"><span class=\" fusion-imageframe imageframe-none imageframe-7 hover-type-none\"><a class=\"fusion-no-lightbox\" href=\"https:\/\/files.maldita.es\/maldita\/uploads\/2025\/11\/69170a8abf071.pdf\" target=\"_self\" aria-label=\"Philippines Corruption\"><img decoding=\"async\" width=\"838\" height=\"420\" src=\"https:\/\/xnet-x.net\/wp-content\/uploads\/2025\/12\/principios-basicos-internet.jpg\" alt class=\"img-responsive wp-image-1556\" srcset=\"https:\/\/xnet-x.net\/wp-content\/uploads\/2025\/12\/principios-basicos-internet-200x100.jpg 200w, https:\/\/xnet-x.net\/wp-content\/uploads\/2025\/12\/principios-basicos-internet-400x200.jpg 400w, https:\/\/xnet-x.net\/wp-content\/uploads\/2025\/12\/principios-basicos-internet-600x301.jpg 600w, https:\/\/xnet-x.net\/wp-content\/uploads\/2025\/12\/principios-basicos-internet-800x401.jpg 800w, https:\/\/xnet-x.net\/wp-content\/uploads\/2025\/12\/principios-basicos-internet.jpg 838w\" sizes=\"(max-width: 640px) 100vw, 838px\" \/><\/a><\/span><\/div><div class=\"fusion-title title fusion-title-20 fusion-sep-none fusion-title-text fusion-title-size-five\" style=\"--awb-text-color:var(--awb-color4);--awb-margin-bottom:0px;--awb-margin-top-small:10px;--awb-margin-right-small:0px;--awb-margin-bottom-small:10px;--awb-margin-left-small:0px;--awb-link-color:var(--awb-color8);--awb-font-size:14px;\"><h5 class=\"fusion-title-heading title-heading-left\" style=\"font-family:&quot;Inter&quot;;font-style:normal;font-weight:300;margin:0;text-transform:uppercase;font-size:1em;\"><a href=\"https:\/\/files.maldita.es\/maldita\/uploads\/2025\/11\/69170a8abf071.pdf\" class=\"awb-custom-text-color awb-custom-text-hover-color\" target=\"_self\">17  novembre  2025<\/a><\/h5><\/div><div class=\"fusion-title title fusion-title-21 fusion-sep-none fusion-title-text fusion-title-size-five\" style=\"--awb-text-color:var(--awb-color8);--awb-margin-bottom:10px;--awb-margin-top-small:0px;--awb-margin-right-small:0px;--awb-margin-bottom-small:0px;--awb-margin-left-small:0px;--awb-link-color:var(--awb-color8);--awb-font-size:16px;\"><h5 class=\"fusion-title-heading title-heading-left\" style=\"font-family:&quot;Inter&quot;;font-style:normal;font-weight:600;margin:0;font-size:1em;\"><a href=\"https:\/\/files.maldita.es\/maldita\/uploads\/2025\/11\/69170a8abf071.pdf\" class=\"awb-custom-text-color awb-custom-text-hover-color\" target=\"_self\">[ES] Pedimos #DSAya<\/a><\/h5><\/div><div class=\"fusion-title title fusion-title-22 fusion-sep-none fusion-title-text fusion-title-size-five\" style=\"--awb-text-color:var(--awb-color8);--awb-margin-top:0px;--awb-margin-top-small:10px;--awb-margin-right-small:0px;--awb-margin-bottom-small:10px;--awb-margin-left-small:0px;--awb-link-color:var(--awb-color8);--awb-font-size:14px;\"><h5 class=\"fusion-title-heading title-heading-left\" style=\"font-family:&quot;Inter&quot;;font-style:normal;font-weight:300;margin:0;font-size:1em;line-height:1.3em;\"><a href=\"https:\/\/files.maldita.es\/maldita\/uploads\/2025\/11\/69170a8abf071.pdf\" class=\"awb-custom-text-color awb-custom-text-hover-color\" target=\"_self\">Carta a los grupos parlamentarios del Congreso de los Diputados para pedirles que apoyen un despliegue completo de la DSA.<\/a><\/h5><\/div><div class=\"fusion-separator fusion-full-width-sep\" style=\"align-self: center;margin-left: auto;margin-right: auto;flex-grow:2;margin-bottom:15px;width:100%;\"><div class=\"fusion-separator-border sep-single sep-solid\" style=\"--awb-height:20px;--awb-amount:20px;--awb-sep-color:var(--awb-color8);border-color:var(--awb-color8);border-top-width:1px;\"><\/div><\/div><div class=\"fusion-text fusion-text-7 fusion-text-no-margin\" style=\"--awb-font-size:13px;--awb-line-height:1.2em;--awb-margin-bottom:0px;\"><p><a href=\"https:\/\/xnet-x.net\/ca\/ejes\/cultura-lliure\/\" title=\"Cultura Lliure [v\u00eddeos i +]\">Cultura Lliure [v\u00eddeos i +]<\/a><\/p>\n<\/div><\/div><\/li>\n<li class=\"fusion-layout-column fusion_builder_column fusion-builder-column-10 fusion-flex-column post-card fusion-grid-column fusion-post-cards-grid-column\" style=\"--awb-bg-blend:overlay;--awb-bg-size:cover;--awb-flex-grow:0;--awb-flex-shrink:0;--awb-flex-grow-medium:0;--awb-flex-shrink-medium:0;--awb-flex-grow-small:0;--awb-flex-shrink-small:0;\" data-scroll-devices=\"small-visibility,medium-visibility,large-visibility\"><div class=\"fusion-column-wrapper fusion-column-has-shadow fusion-flex-justify-content-flex-start fusion-content-layout-column\"><div class=\"fusion-image-element \" style=\"--awb-margin-bottom:10px;--awb-caption-title-font-family:var(--h2_typography-font-family);--awb-caption-title-font-weight:var(--h2_typography-font-weight);--awb-caption-title-font-style:var(--h2_typography-font-style);--awb-caption-title-size:var(--h2_typography-font-size);--awb-caption-title-transform:var(--h2_typography-text-transform);--awb-caption-title-line-height:var(--h2_typography-line-height);--awb-caption-title-letter-spacing:var(--h2_typography-letter-spacing);\"><span class=\" fusion-imageframe imageframe-none imageframe-8 hover-type-none\"><a class=\"fusion-no-lightbox\" href=\"https:\/\/xnet-x.net\/ca\/chatcontrol-campana-contra-la-ley-de-monitorizacion-automatizada-de-las-conversaciones-intimas-de-la-ciudadania-europea\/\" target=\"_self\" aria-label=\"Philippines Corruption\"><img decoding=\"async\" width=\"832\" height=\"416\" src=\"https:\/\/xnet-x.net\/wp-content\/uploads\/2025\/12\/stop-chat-control-832x416-1.jpg\" alt class=\"img-responsive wp-image-1522\" srcset=\"https:\/\/xnet-x.net\/wp-content\/uploads\/2025\/12\/stop-chat-control-832x416-1-200x100.jpg 200w, https:\/\/xnet-x.net\/wp-content\/uploads\/2025\/12\/stop-chat-control-832x416-1-400x200.jpg 400w, https:\/\/xnet-x.net\/wp-content\/uploads\/2025\/12\/stop-chat-control-832x416-1-600x300.jpg 600w, https:\/\/xnet-x.net\/wp-content\/uploads\/2025\/12\/stop-chat-control-832x416-1-800x400.jpg 800w, https:\/\/xnet-x.net\/wp-content\/uploads\/2025\/12\/stop-chat-control-832x416-1.jpg 832w\" sizes=\"(max-width: 640px) 100vw, 832px\" \/><\/a><\/span><\/div><div class=\"fusion-title title fusion-title-23 fusion-sep-none fusion-title-text fusion-title-size-five\" style=\"--awb-text-color:var(--awb-color4);--awb-margin-bottom:0px;--awb-margin-top-small:10px;--awb-margin-right-small:0px;--awb-margin-bottom-small:10px;--awb-margin-left-small:0px;--awb-link-color:var(--awb-color8);--awb-font-size:14px;\"><h5 class=\"fusion-title-heading title-heading-left\" style=\"font-family:&quot;Inter&quot;;font-style:normal;font-weight:300;margin:0;text-transform:uppercase;font-size:1em;\"><a href=\"https:\/\/xnet-x.net\/ca\/chatcontrol-campana-contra-la-ley-de-monitorizacion-automatizada-de-las-conversaciones-intimas-de-la-ciudadania-europea\/\" class=\"awb-custom-text-color awb-custom-text-hover-color\" target=\"_self\">14  novembre  2025<\/a><\/h5><\/div><div class=\"fusion-title title fusion-title-24 fusion-sep-none fusion-title-text fusion-title-size-five\" style=\"--awb-text-color:var(--awb-color8);--awb-margin-bottom:10px;--awb-margin-top-small:0px;--awb-margin-right-small:0px;--awb-margin-bottom-small:0px;--awb-margin-left-small:0px;--awb-link-color:var(--awb-color8);--awb-font-size:16px;\"><h5 class=\"fusion-title-heading title-heading-left\" style=\"font-family:&quot;Inter&quot;;font-style:normal;font-weight:600;margin:0;font-size:1em;\"><a href=\"https:\/\/xnet-x.net\/ca\/chatcontrol-campana-contra-la-ley-de-monitorizacion-automatizada-de-las-conversaciones-intimas-de-la-ciudadania-europea\/\" class=\"awb-custom-text-color awb-custom-text-hover-color\" target=\"_self\">[ES] #ChatControl \u2013 Campa\u00f1a contra la ley de monitorizaci\u00f3n automatizada de las conversaciones \u00edntimas de la ciudadan\u00eda europea<\/a><\/h5><\/div><div class=\"fusion-title title fusion-title-25 fusion-sep-none fusion-title-text fusion-title-size-five\" style=\"--awb-text-color:var(--awb-color8);--awb-margin-top:0px;--awb-margin-top-small:10px;--awb-margin-right-small:0px;--awb-margin-bottom-small:10px;--awb-margin-left-small:0px;--awb-link-color:var(--awb-color8);--awb-font-size:14px;\"><h5 class=\"fusion-title-heading title-heading-left\" style=\"font-family:&quot;Inter&quot;;font-style:normal;font-weight:300;margin:0;font-size:1em;line-height:1.3em;\"><a href=\"https:\/\/xnet-x.net\/ca\/chatcontrol-campana-contra-la-ley-de-monitorizacion-automatizada-de-las-conversaciones-intimas-de-la-ciudadania-europea\/\" class=\"awb-custom-text-color awb-custom-text-hover-color\" target=\"_self\"><\/a><\/h5><\/div><div class=\"fusion-separator fusion-full-width-sep\" style=\"align-self: center;margin-left: auto;margin-right: auto;flex-grow:2;margin-bottom:15px;width:100%;\"><div class=\"fusion-separator-border sep-single sep-solid\" style=\"--awb-height:20px;--awb-amount:20px;--awb-sep-color:var(--awb-color8);border-color:var(--awb-color8);border-top-width:1px;\"><\/div><\/div><div class=\"fusion-text fusion-text-8 fusion-text-no-margin\" style=\"--awb-font-size:13px;--awb-line-height:1.2em;--awb-margin-bottom:0px;\"><p><a href=\"https:\/\/xnet-x.net\/ca\/ejes\/cultura-lliure\/\" title=\"Cultura Libre [v\u00eddeos y +]\">Cultura Libre [v\u00eddeos y +]<\/a>, <a href=\"https:\/\/xnet-x.net\/ca\/ejes\/neutralitat-de-la-xarxa\/\" title=\"Derechos digitales | Privacidad | Datos | IA | Neutralidad de la Red\">Derechos digitales | Privacidad | Datos | IA | Neutralidad de la Red<\/a>, <a href=\"https:\/\/xnet-x.net\/ca\/ejes\/lluites-per-les-llibertats-civils\/\" title=\"Luchas por las libertades civiles. Redes nacionales e internacionales\">Luchas por las libertades civiles. Redes nacionales e internacionales<\/a>, <a href=\"https:\/\/xnet-x.net\/en\/ejes\/sin-categoria\/\" title=\"Sin categor\u00eda\">Sin categor\u00eda<\/a><\/p>\n<\/div><\/div><\/li>\n<li class=\"fusion-layout-column fusion_builder_column fusion-builder-column-11 fusion-flex-column post-card fusion-grid-column fusion-post-cards-grid-column\" style=\"--awb-bg-blend:overlay;--awb-bg-size:cover;--awb-flex-grow:0;--awb-flex-shrink:0;--awb-flex-grow-medium:0;--awb-flex-shrink-medium:0;--awb-flex-grow-small:0;--awb-flex-shrink-small:0;\" data-scroll-devices=\"small-visibility,medium-visibility,large-visibility\"><div class=\"fusion-column-wrapper fusion-column-has-shadow fusion-flex-justify-content-flex-start fusion-content-layout-column\"><div class=\"fusion-image-element \" style=\"--awb-margin-bottom:10px;--awb-caption-title-font-family:var(--h2_typography-font-family);--awb-caption-title-font-weight:var(--h2_typography-font-weight);--awb-caption-title-font-style:var(--h2_typography-font-style);--awb-caption-title-size:var(--h2_typography-font-size);--awb-caption-title-transform:var(--h2_typography-text-transform);--awb-caption-title-line-height:var(--h2_typography-line-height);--awb-caption-title-letter-spacing:var(--h2_typography-letter-spacing);\"><span class=\" fusion-imageframe imageframe-none imageframe-9 hover-type-none\"><a class=\"fusion-no-lightbox\" href=\"https:\/\/xnet-x.net\/ca\/reclamamos-a-la-ue-una-digitalizaciondemocratica\/\" target=\"_self\" aria-label=\"Philippines Corruption\"><img decoding=\"async\" width=\"838\" height=\"420\" src=\"https:\/\/xnet-x.net\/wp-content\/uploads\/2025\/12\/ue-dd.jpg\" alt class=\"img-responsive wp-image-1560\" srcset=\"https:\/\/xnet-x.net\/wp-content\/uploads\/2025\/12\/ue-dd-200x100.jpg 200w, https:\/\/xnet-x.net\/wp-content\/uploads\/2025\/12\/ue-dd-400x200.jpg 400w, https:\/\/xnet-x.net\/wp-content\/uploads\/2025\/12\/ue-dd-600x301.jpg 600w, https:\/\/xnet-x.net\/wp-content\/uploads\/2025\/12\/ue-dd-800x401.jpg 800w, https:\/\/xnet-x.net\/wp-content\/uploads\/2025\/12\/ue-dd.jpg 838w\" sizes=\"(max-width: 640px) 100vw, 838px\" \/><\/a><\/span><\/div><div class=\"fusion-title title fusion-title-26 fusion-sep-none fusion-title-text fusion-title-size-five\" style=\"--awb-text-color:var(--awb-color4);--awb-margin-bottom:0px;--awb-margin-top-small:10px;--awb-margin-right-small:0px;--awb-margin-bottom-small:10px;--awb-margin-left-small:0px;--awb-link-color:var(--awb-color8);--awb-font-size:14px;\"><h5 class=\"fusion-title-heading title-heading-left\" style=\"font-family:&quot;Inter&quot;;font-style:normal;font-weight:300;margin:0;text-transform:uppercase;font-size:1em;\"><a href=\"https:\/\/xnet-x.net\/ca\/reclamamos-a-la-ue-una-digitalizaciondemocratica\/\" class=\"awb-custom-text-color awb-custom-text-hover-color\" target=\"_self\">13  novembre  2025<\/a><\/h5><\/div><div class=\"fusion-title title fusion-title-27 fusion-sep-none fusion-title-text fusion-title-size-five\" style=\"--awb-text-color:var(--awb-color8);--awb-margin-bottom:10px;--awb-margin-top-small:0px;--awb-margin-right-small:0px;--awb-margin-bottom-small:0px;--awb-margin-left-small:0px;--awb-link-color:var(--awb-color8);--awb-font-size:16px;\"><h5 class=\"fusion-title-heading title-heading-left\" style=\"font-family:&quot;Inter&quot;;font-style:normal;font-weight:600;margin:0;font-size:1em;\"><a href=\"https:\/\/xnet-x.net\/ca\/reclamamos-a-la-ue-una-digitalizaciondemocratica\/\" class=\"awb-custom-text-color awb-custom-text-hover-color\" target=\"_self\">[ES] Reclamamos a la UE una #Digitalizaci\u00f3nDemocr\u00e1tica<\/a><\/h5><\/div><div class=\"fusion-title title fusion-title-28 fusion-sep-none fusion-title-text fusion-title-size-five\" style=\"--awb-text-color:var(--awb-color8);--awb-margin-top:0px;--awb-margin-top-small:10px;--awb-margin-right-small:0px;--awb-margin-bottom-small:10px;--awb-margin-left-small:0px;--awb-link-color:var(--awb-color8);--awb-font-size:14px;\"><h5 class=\"fusion-title-heading title-heading-left\" style=\"font-family:&quot;Inter&quot;;font-style:normal;font-weight:300;margin:0;font-size:1em;line-height:1.3em;\"><a href=\"https:\/\/xnet-x.net\/ca\/reclamamos-a-la-ue-una-digitalizaciondemocratica\/\" class=\"awb-custom-text-color awb-custom-text-hover-color\" target=\"_self\">Carta abierta: Aprovechar la IA de c\u00f3digo abierto para impulsar la soberan\u00eda digital y aprovechar su potencial para las ambiciones de Europa.<\/a><\/h5><\/div><div class=\"fusion-separator fusion-full-width-sep\" style=\"align-self: center;margin-left: auto;margin-right: auto;flex-grow:2;margin-bottom:15px;width:100%;\"><div class=\"fusion-separator-border sep-single sep-solid\" style=\"--awb-height:20px;--awb-amount:20px;--awb-sep-color:var(--awb-color8);border-color:var(--awb-color8);border-top-width:1px;\"><\/div><\/div><div class=\"fusion-text fusion-text-9 fusion-text-no-margin\" style=\"--awb-font-size:13px;--awb-line-height:1.2em;--awb-margin-bottom:0px;\"><p><a href=\"https:\/\/xnet-x.net\/ca\/ejes\/neutralitat-de-la-xarxa\/\" title=\"Drets digitals| Privacitat | Dades | IA i Neutralitat de la Xarxa\">Drets digitals| Privacitat | Dades | IA i Neutralitat de la Xarxa<\/a>, <a href=\"https:\/\/xnet-x.net\/ca\/ejes\/lluites-per-les-llibertats-civils\/\" title=\"Lluites per les llibertats civils. Xarxes nacionals i internacionals\">Lluites per les llibertats civils. Xarxes nacionals i internacionals<\/a><\/p>\n<\/div><\/div><\/li>\n<li class=\"fusion-layout-column fusion_builder_column fusion-builder-column-12 fusion-flex-column post-card fusion-grid-column fusion-post-cards-grid-column\" style=\"--awb-bg-blend:overlay;--awb-bg-size:cover;--awb-flex-grow:0;--awb-flex-shrink:0;--awb-flex-grow-medium:0;--awb-flex-shrink-medium:0;--awb-flex-grow-small:0;--awb-flex-shrink-small:0;\" data-scroll-devices=\"small-visibility,medium-visibility,large-visibility\"><div class=\"fusion-column-wrapper fusion-column-has-shadow fusion-flex-justify-content-flex-start fusion-content-layout-column\"><div class=\"fusion-image-element \" style=\"--awb-margin-bottom:10px;--awb-caption-title-font-family:var(--h2_typography-font-family);--awb-caption-title-font-weight:var(--h2_typography-font-weight);--awb-caption-title-font-style:var(--h2_typography-font-style);--awb-caption-title-size:var(--h2_typography-font-size);--awb-caption-title-transform:var(--h2_typography-text-transform);--awb-caption-title-line-height:var(--h2_typography-line-height);--awb-caption-title-letter-spacing:var(--h2_typography-letter-spacing);\"><span class=\" fusion-imageframe imageframe-none imageframe-10 hover-type-none\"><a class=\"fusion-no-lightbox\" href=\"https:\/\/ctxt.es\/es\/20251001\/Politica\/50661\/rasha-abdul-rahim-tecnologia-vigilancia-israel-palestina-europa.htm\" target=\"_self\" aria-label=\"rasha\"><img decoding=\"async\" width=\"838\" height=\"420\" src=\"https:\/\/xnet-x.net\/wp-content\/uploads\/2025\/12\/rasha.png\" alt class=\"img-responsive wp-image-1562\" srcset=\"https:\/\/xnet-x.net\/wp-content\/uploads\/2025\/12\/rasha-200x100.png 200w, https:\/\/xnet-x.net\/wp-content\/uploads\/2025\/12\/rasha-400x200.png 400w, https:\/\/xnet-x.net\/wp-content\/uploads\/2025\/12\/rasha-600x301.png 600w, https:\/\/xnet-x.net\/wp-content\/uploads\/2025\/12\/rasha-800x401.png 800w, https:\/\/xnet-x.net\/wp-content\/uploads\/2025\/12\/rasha.png 838w\" sizes=\"(max-width: 640px) 100vw, 838px\" \/><\/a><\/span><\/div><div class=\"fusion-title title fusion-title-29 fusion-sep-none fusion-title-text fusion-title-size-five\" style=\"--awb-text-color:var(--awb-color4);--awb-margin-bottom:0px;--awb-margin-top-small:10px;--awb-margin-right-small:0px;--awb-margin-bottom-small:10px;--awb-margin-left-small:0px;--awb-link-color:var(--awb-color8);--awb-font-size:14px;\"><h5 class=\"fusion-title-heading title-heading-left\" style=\"font-family:&quot;Inter&quot;;font-style:normal;font-weight:300;margin:0;text-transform:uppercase;font-size:1em;\"><a href=\"https:\/\/ctxt.es\/es\/20251001\/Politica\/50661\/rasha-abdul-rahim-tecnologia-vigilancia-israel-palestina-europa.htm\" class=\"awb-custom-text-color awb-custom-text-hover-color\" target=\"_self\">23  octubre  2025<\/a><\/h5><\/div><div class=\"fusion-title title fusion-title-30 fusion-sep-none fusion-title-text fusion-title-size-five\" style=\"--awb-text-color:var(--awb-color8);--awb-margin-bottom:10px;--awb-margin-top-small:0px;--awb-margin-right-small:0px;--awb-margin-bottom-small:0px;--awb-margin-left-small:0px;--awb-link-color:var(--awb-color8);--awb-font-size:16px;\"><h5 class=\"fusion-title-heading title-heading-left\" style=\"font-family:&quot;Inter&quot;;font-style:normal;font-weight:600;margin:0;font-size:1em;\"><a href=\"https:\/\/ctxt.es\/es\/20251001\/Politica\/50661\/rasha-abdul-rahim-tecnologia-vigilancia-israel-palestina-europa.htm\" class=\"awb-custom-text-color awb-custom-text-hover-color\" target=\"_self\">[ES] Se vende producto tecnol\u00f3gico probado en combate sobre la poblaci\u00f3n palestina<\/a><\/h5><\/div><div class=\"fusion-title title fusion-title-31 fusion-sep-none fusion-title-text fusion-title-size-five\" style=\"--awb-text-color:var(--awb-color8);--awb-margin-top:0px;--awb-margin-top-small:10px;--awb-margin-right-small:0px;--awb-margin-bottom-small:10px;--awb-margin-left-small:0px;--awb-link-color:var(--awb-color8);--awb-font-size:14px;\"><h5 class=\"fusion-title-heading title-heading-left\" style=\"font-family:&quot;Inter&quot;;font-style:normal;font-weight:300;margin:0;font-size:1em;line-height:1.3em;\"><a href=\"https:\/\/ctxt.es\/es\/20251001\/Politica\/50661\/rasha-abdul-rahim-tecnologia-vigilancia-israel-palestina-europa.htm\" class=\"awb-custom-text-color awb-custom-text-hover-color\" target=\"_self\">Europa integra en su aparato de seguridad las tecnolog\u00edas de vigilancia masiva que Israel prueba en Palestina.<\/a><\/h5><\/div><div class=\"fusion-separator fusion-full-width-sep\" style=\"align-self: center;margin-left: auto;margin-right: auto;flex-grow:2;margin-bottom:15px;width:100%;\"><div class=\"fusion-separator-border sep-single sep-solid\" style=\"--awb-height:20px;--awb-amount:20px;--awb-sep-color:var(--awb-color8);border-color:var(--awb-color8);border-top-width:1px;\"><\/div><\/div><div class=\"fusion-text fusion-text-10 fusion-text-no-margin\" style=\"--awb-font-size:13px;--awb-line-height:1.2em;--awb-margin-bottom:0px;\"><p><a href=\"https:\/\/xnet-x.net\/ca\/ejes\/neutralitat-de-la-xarxa\/\" title=\"Drets digitals| Privacitat | Dades | IA i Neutralitat de la Xarxa\">Drets digitals| Privacitat | Dades | IA i Neutralitat de la Xarxa<\/a>, <a href=\"https:\/\/xnet-x.net\/ca\/ejes\/llibertat-expressio-informacio\/\" title=\"Llibertat d\u2019expressi\u00f3 i informaci\u00f3 vs fake news, propaganda i desinformaci\u00f3\">Llibertat d\u2019expressi\u00f3 i informaci\u00f3 vs fake news, propaganda i desinformaci\u00f3<\/a><\/p>\n<\/div><\/div><\/li>\n<li class=\"fusion-layout-column fusion_builder_column fusion-builder-column-13 fusion-flex-column post-card fusion-grid-column fusion-post-cards-grid-column\" style=\"--awb-bg-blend:overlay;--awb-bg-size:cover;--awb-flex-grow:0;--awb-flex-shrink:0;--awb-flex-grow-medium:0;--awb-flex-shrink-medium:0;--awb-flex-grow-small:0;--awb-flex-shrink-small:0;\" data-scroll-devices=\"small-visibility,medium-visibility,large-visibility\"><div class=\"fusion-column-wrapper fusion-column-has-shadow fusion-flex-justify-content-flex-start fusion-content-layout-column\"><div class=\"fusion-image-element \" style=\"--awb-margin-bottom:10px;--awb-caption-title-font-family:var(--h2_typography-font-family);--awb-caption-title-font-weight:var(--h2_typography-font-weight);--awb-caption-title-font-style:var(--h2_typography-font-style);--awb-caption-title-size:var(--h2_typography-font-size);--awb-caption-title-transform:var(--h2_typography-text-transform);--awb-caption-title-line-height:var(--h2_typography-line-height);--awb-caption-title-letter-spacing:var(--h2_typography-letter-spacing);\"><span class=\" fusion-imageframe imageframe-none imageframe-11 hover-type-none\"><a class=\"fusion-no-lightbox\" href=\"https:\/\/xnet-x.net\/ca\/digital-fairness-act-dfa-una-navegacion-sin-enganos-a-ver-si-es-verdad\/\" target=\"_self\" aria-label=\"dfa\"><img decoding=\"async\" width=\"838\" height=\"420\" src=\"https:\/\/xnet-x.net\/wp-content\/uploads\/2025\/12\/dfa.png\" alt class=\"img-responsive wp-image-1564\" srcset=\"https:\/\/xnet-x.net\/wp-content\/uploads\/2025\/12\/dfa-200x100.png 200w, https:\/\/xnet-x.net\/wp-content\/uploads\/2025\/12\/dfa-400x200.png 400w, https:\/\/xnet-x.net\/wp-content\/uploads\/2025\/12\/dfa-600x301.png 600w, https:\/\/xnet-x.net\/wp-content\/uploads\/2025\/12\/dfa-800x401.png 800w, https:\/\/xnet-x.net\/wp-content\/uploads\/2025\/12\/dfa.png 838w\" sizes=\"(max-width: 640px) 100vw, 838px\" \/><\/a><\/span><\/div><div class=\"fusion-title title fusion-title-32 fusion-sep-none fusion-title-text fusion-title-size-five\" style=\"--awb-text-color:var(--awb-color4);--awb-margin-bottom:0px;--awb-margin-top-small:10px;--awb-margin-right-small:0px;--awb-margin-bottom-small:10px;--awb-margin-left-small:0px;--awb-link-color:var(--awb-color8);--awb-font-size:14px;\"><h5 class=\"fusion-title-heading title-heading-left\" style=\"font-family:&quot;Inter&quot;;font-style:normal;font-weight:300;margin:0;text-transform:uppercase;font-size:1em;\"><a href=\"https:\/\/xnet-x.net\/ca\/digital-fairness-act-dfa-una-navegacion-sin-enganos-a-ver-si-es-verdad\/\" class=\"awb-custom-text-color awb-custom-text-hover-color\" target=\"_self\">22  octubre  2025<\/a><\/h5><\/div><div class=\"fusion-title title fusion-title-33 fusion-sep-none fusion-title-text fusion-title-size-five\" style=\"--awb-text-color:var(--awb-color8);--awb-margin-bottom:10px;--awb-margin-top-small:0px;--awb-margin-right-small:0px;--awb-margin-bottom-small:0px;--awb-margin-left-small:0px;--awb-link-color:var(--awb-color8);--awb-font-size:16px;\"><h5 class=\"fusion-title-heading title-heading-left\" style=\"font-family:&quot;Inter&quot;;font-style:normal;font-weight:600;margin:0;font-size:1em;\"><a href=\"https:\/\/xnet-x.net\/ca\/digital-fairness-act-dfa-una-navegacion-sin-enganos-a-ver-si-es-verdad\/\" class=\"awb-custom-text-color awb-custom-text-hover-color\" target=\"_self\">[ES] Digital Fairness Act (DFA). Una navegaci\u00f3n sin enga\u00f1os, a ver si es verdad<\/a><\/h5><\/div><div class=\"fusion-title title fusion-title-34 fusion-sep-none fusion-title-text fusion-title-size-five\" style=\"--awb-text-color:var(--awb-color8);--awb-margin-top:0px;--awb-margin-top-small:10px;--awb-margin-right-small:0px;--awb-margin-bottom-small:10px;--awb-margin-left-small:0px;--awb-link-color:var(--awb-color8);--awb-font-size:14px;\"><h5 class=\"fusion-title-heading title-heading-left\" style=\"font-family:&quot;Inter&quot;;font-style:normal;font-weight:300;margin:0;font-size:1em;line-height:1.3em;\"><a href=\"https:\/\/xnet-x.net\/ca\/digital-fairness-act-dfa-una-navegacion-sin-enganos-a-ver-si-es-verdad\/\" class=\"awb-custom-text-color awb-custom-text-hover-color\" target=\"_self\">El Digital Fairness Act (DFA) busca reforzar la protecci\u00f3n de los consumidores frente a pr\u00e1cticas desleales en el entorno digital.<\/a><\/h5><\/div><div class=\"fusion-separator fusion-full-width-sep\" style=\"align-self: center;margin-left: auto;margin-right: auto;flex-grow:2;margin-bottom:15px;width:100%;\"><div class=\"fusion-separator-border sep-single sep-solid\" style=\"--awb-height:20px;--awb-amount:20px;--awb-sep-color:var(--awb-color8);border-color:var(--awb-color8);border-top-width:1px;\"><\/div><\/div><div class=\"fusion-text fusion-text-11 fusion-text-no-margin\" style=\"--awb-font-size:13px;--awb-line-height:1.2em;--awb-margin-bottom:0px;\"><p><a href=\"https:\/\/xnet-x.net\/ca\/ejes\/neutralitat-de-la-xarxa\/\" title=\"Drets digitals| Privacitat | Dades | IA i Neutralitat de la Xarxa\">Drets digitals| Privacitat | Dades | IA i Neutralitat de la Xarxa<\/a><\/p>\n<\/div><\/div><\/li>\n<li class=\"fusion-layout-column fusion_builder_column fusion-builder-column-14 fusion-flex-column post-card fusion-grid-column fusion-post-cards-grid-column\" style=\"--awb-bg-blend:overlay;--awb-bg-size:cover;--awb-flex-grow:0;--awb-flex-shrink:0;--awb-flex-grow-medium:0;--awb-flex-shrink-medium:0;--awb-flex-grow-small:0;--awb-flex-shrink-small:0;\" data-scroll-devices=\"small-visibility,medium-visibility,large-visibility\"><div class=\"fusion-column-wrapper fusion-column-has-shadow fusion-flex-justify-content-flex-start fusion-content-layout-column\"><div class=\"fusion-image-element \" style=\"--awb-margin-bottom:10px;--awb-caption-title-font-family:var(--h2_typography-font-family);--awb-caption-title-font-weight:var(--h2_typography-font-weight);--awb-caption-title-font-style:var(--h2_typography-font-style);--awb-caption-title-size:var(--h2_typography-font-size);--awb-caption-title-transform:var(--h2_typography-text-transform);--awb-caption-title-line-height:var(--h2_typography-line-height);--awb-caption-title-letter-spacing:var(--h2_typography-letter-spacing);\"><span class=\" fusion-imageframe imageframe-none imageframe-12 hover-type-none\"><a class=\"fusion-no-lightbox\" href=\"https:\/\/www.vilaweb.cat\/noticies\/industria-desinformacio-llei-ttpa\/\" target=\"_self\" aria-label=\"ttpa-x\"><img decoding=\"async\" width=\"838\" height=\"420\" src=\"https:\/\/xnet-x.net\/wp-content\/uploads\/2026\/01\/ttpa-x.png\" alt class=\"img-responsive wp-image-1606\" srcset=\"https:\/\/xnet-x.net\/wp-content\/uploads\/2026\/01\/ttpa-x-200x100.png 200w, https:\/\/xnet-x.net\/wp-content\/uploads\/2026\/01\/ttpa-x-400x200.png 400w, https:\/\/xnet-x.net\/wp-content\/uploads\/2026\/01\/ttpa-x-600x301.png 600w, https:\/\/xnet-x.net\/wp-content\/uploads\/2026\/01\/ttpa-x-800x401.png 800w, https:\/\/xnet-x.net\/wp-content\/uploads\/2026\/01\/ttpa-x.png 838w\" sizes=\"(max-width: 640px) 100vw, 838px\" \/><\/a><\/span><\/div><div class=\"fusion-title title fusion-title-35 fusion-sep-none fusion-title-text fusion-title-size-five\" style=\"--awb-text-color:var(--awb-color4);--awb-margin-bottom:0px;--awb-margin-top-small:10px;--awb-margin-right-small:0px;--awb-margin-bottom-small:10px;--awb-margin-left-small:0px;--awb-link-color:var(--awb-color8);--awb-font-size:14px;\"><h5 class=\"fusion-title-heading title-heading-left\" style=\"font-family:&quot;Inter&quot;;font-style:normal;font-weight:300;margin:0;text-transform:uppercase;font-size:1em;\"><a href=\"https:\/\/www.vilaweb.cat\/noticies\/industria-desinformacio-llei-ttpa\/\" class=\"awb-custom-text-color awb-custom-text-hover-color\" target=\"_self\">9  octubre  2025<\/a><\/h5><\/div><div class=\"fusion-title title fusion-title-36 fusion-sep-none fusion-title-text fusion-title-size-five\" style=\"--awb-text-color:var(--awb-color8);--awb-margin-bottom:10px;--awb-margin-top-small:0px;--awb-margin-right-small:0px;--awb-margin-bottom-small:0px;--awb-margin-left-small:0px;--awb-link-color:var(--awb-color8);--awb-font-size:16px;\"><h5 class=\"fusion-title-heading title-heading-left\" style=\"font-family:&quot;Inter&quot;;font-style:normal;font-weight:600;margin:0;font-size:1em;\"><a href=\"https:\/\/www.vilaweb.cat\/noticies\/industria-desinformacio-llei-ttpa\/\" class=\"awb-custom-text-color awb-custom-text-hover-color\" target=\"_self\">La ind\u00fastria de la desinformaci\u00f3 i la llei TTPA<\/a><\/h5><\/div><div class=\"fusion-title title fusion-title-37 fusion-sep-none fusion-title-text fusion-title-size-five\" style=\"--awb-text-color:var(--awb-color8);--awb-margin-top:0px;--awb-margin-top-small:10px;--awb-margin-right-small:0px;--awb-margin-bottom-small:10px;--awb-margin-left-small:0px;--awb-link-color:var(--awb-color8);--awb-font-size:14px;\"><h5 class=\"fusion-title-heading title-heading-left\" style=\"font-family:&quot;Inter&quot;;font-style:normal;font-weight:300;margin:0;font-size:1em;line-height:1.3em;\"><a href=\"https:\/\/www.vilaweb.cat\/noticies\/industria-desinformacio-llei-ttpa\/\" class=\"awb-custom-text-color awb-custom-text-hover-color\" target=\"_self\">TTPA &#8211; Reglament de la Transpar\u00e8ncia i Segmentaci\u00f3 de la Publicitat Pol\u00edtica, t\u00edmid aven\u00e7 sobre la desinformaci\u00f3 partidista.TTPA &#8211; Reglament de la Transpar\u00e8ncia i Segmentaci\u00f3 de la Publicitat Pol\u00edtica, t\u00edmid aven\u00e7 sobre la desinformaci\u00f3 partidista.<\/a><\/h5><\/div><div class=\"fusion-separator fusion-full-width-sep\" style=\"align-self: center;margin-left: auto;margin-right: auto;flex-grow:2;margin-bottom:15px;width:100%;\"><div class=\"fusion-separator-border sep-single sep-solid\" style=\"--awb-height:20px;--awb-amount:20px;--awb-sep-color:var(--awb-color8);border-color:var(--awb-color8);border-top-width:1px;\"><\/div><\/div><div class=\"fusion-text fusion-text-12 fusion-text-no-margin\" style=\"--awb-font-size:13px;--awb-line-height:1.2em;--awb-margin-bottom:0px;\"><p><a href=\"https:\/\/xnet-x.net\/en\/ejes\/sin-categoria\/\" title=\"Sin categor\u00eda\">Sin categor\u00eda<\/a><\/p>\n<\/div><\/div><\/li>\n<\/ul><div class=\"fusion-infinite-scroll-trigger\"><\/div><div class=\"pagination infinite-scroll clearfix\" style=\"display:none;\"><span class=\"current\">1<\/span><a href=\"https:\/\/xnet-x.net\/ca\/wp-json\/wp\/v2\/pages\/1643\/page\/2\/\" class=\"inactive\">2<\/a><a class=\"pagination-next\" rel=\"next\" href=\"https:\/\/xnet-x.net\/ca\/wp-json\/wp\/v2\/pages\/1643\/page\/2\/\"><span class=\"page-text\">Seg\u00fcent<\/span><span class=\"page-next\"><\/span><\/a><\/div><div class=\"fusion-clearfix\"><\/div><\/div><\/div><\/div><\/div><\/div><\/p>\n","protected":false},"excerpt":{"rendered":"","protected":false},"author":1,"featured_media":0,"parent":0,"menu_order":0,"comment_status":"closed","ping_status":"closed","template":"100-width.php","meta":{"_acf_changed":false,"footnotes":""},"class_list":["post-1643","page","type-page","status-publish","hentry"],"acf":[],"_links":{"self":[{"href":"https:\/\/xnet-x.net\/ca\/wp-json\/wp\/v2\/pages\/1643","targetHints":{"allow":["GET"]}}],"collection":[{"href":"https:\/\/xnet-x.net\/ca\/wp-json\/wp\/v2\/pages"}],"about":[{"href":"https:\/\/xnet-x.net\/ca\/wp-json\/wp\/v2\/types\/page"}],"author":[{"embeddable":true,"href":"https:\/\/xnet-x.net\/ca\/wp-json\/wp\/v2\/users\/1"}],"replies":[{"embeddable":true,"href":"https:\/\/xnet-x.net\/ca\/wp-json\/wp\/v2\/comments?post=1643"}],"version-history":[{"count":7,"href":"https:\/\/xnet-x.net\/ca\/wp-json\/wp\/v2\/pages\/1643\/revisions"}],"predecessor-version":[{"id":2277,"href":"https:\/\/xnet-x.net\/ca\/wp-json\/wp\/v2\/pages\/1643\/revisions\/2277"}],"wp:attachment":[{"href":"https:\/\/xnet-x.net\/ca\/wp-json\/wp\/v2\/media?parent=1643"}],"curies":[{"name":"wp","href":"https:\/\/api.w.org\/{rel}","templated":true}]}}